{"id":1837,"date":"2023-12-15T08:05:28","date_gmt":"2023-12-15T07:05:28","guid":{"rendered":"https:\/\/fferrer.com\/politique-de-qualite\/"},"modified":"2025-12-24T09:43:43","modified_gmt":"2025-12-24T08:43:43","slug":"politique-de-qualite","status":"publish","type":"page","link":"https:\/\/fferrer.com\/fr\/politique-de-qualite\/","title":{"rendered":"Politique de qualit\u00e9"},"content":{"rendered":"\t\t<div data-elementor-type=\"wp-page\" data-elementor-id=\"1837\" class=\"elementor elementor-1837 elementor-1822\" data-elementor-post-type=\"page\">\n\t\t\t\t<div class=\"elementor-element elementor-element-6215774 e-flex e-con-boxed e-con e-parent\" data-id=\"6215774\" data-element_type=\"container\" data-e-type=\"container\">\n\t\t\t\t\t<div class=\"e-con-inner\">\n\t\t\t\t<div class=\"elementor-element elementor-element-5b9e40d elementor-widget elementor-widget-text-editor\" data-id=\"5b9e40d\" data-element_type=\"widget\" data-e-type=\"widget\" data-widget_type=\"text-editor.default\">\n\t\t\t\t<div class=\"elementor-widget-container\">\n\t\t\t\t\t\t\t\t\t<div><h4>POLITIQUE QUALIT\u00c9<\/h4><\/div><div><p>La Direction consid\u00e8re que la Gestion de la Qualit\u00e9 est essentielle pour l\u2019avenir de FRIGOR\u00cdFICS FERRER et pour son excellence dans son domaine d\u2019application, \u00e0 savoir la \u00ab Manipulation, vente et distribution de produits surgel\u00e9s et de poisson frais \u00bb. \u00c0 cet effet, la Direction s\u2019engage sur les points suivants :<\/p><div><ul><li data-start=\"3665\" data-end=\"3837\">Orienter tous les efforts de l\u2019activit\u00e9 vers la satisfaction du client et de toutes les parties int\u00e9ress\u00e9es comme base du succ\u00e8s, par le biais de l\u2019am\u00e9lioration continue.<\/li><li data-start=\"3665\" data-end=\"3837\">Continuer \u00e0 \u00eatre leader dans le secteur alimentaire, en innovant et en se d\u00e9veloppant de mani\u00e8re responsable et durable.<\/li><li data-start=\"3665\" data-end=\"3837\">Favoriser une attitude ouverte, positive et participative parmi tous les employ\u00e9s de l\u2019entreprise.<\/li><li data-start=\"3665\" data-end=\"3837\">Doter l\u2019entreprise de toutes les ressources appropri\u00e9es et n\u00e9cessaires, tant humaines que formatives, afin d\u2019atteindre une efficacit\u00e9 maximale dans chacun des domaines d\u2019activit\u00e9, tout en respectant les exigences du produit et du processus.<\/li><li data-start=\"3665\" data-end=\"3837\">Respecter toutes les exigences l\u00e9gales et r\u00e9glementaires en mati\u00e8re de s\u00e9curit\u00e9 alimentaire, de qualit\u00e9 des produits, de l\u00e9galit\u00e9, d\u2019authenticit\u00e9 et autres exigences applicables.<\/li><li data-start=\"3665\" data-end=\"3837\">Garantir la s\u00e9curit\u00e9, la qualit\u00e9 et la l\u00e9galit\u00e9 de nos produits gr\u00e2ce \u00e0 la mise en \u0153uvre de plans de d\u00e9fense alimentaire et de pr\u00e9vention de la fraude, bas\u00e9s sur l\u2019analyse des vuln\u00e9rabilit\u00e9s et l\u2019implantation de mesures de contr\u00f4le efficaces.<\/li><li data-start=\"3665\" data-end=\"3837\">Travailler \u00e0 la mise en \u0153uvre du plan de culture de la s\u00e9curit\u00e9 alimentaire et promouvoir la sensibilisation \u00e0 tous les niveaux de l\u2019organisation.<\/li><li data-start=\"3665\" data-end=\"3837\">\u0152uvrer pour minimiser l\u2019impact environnemental, le gaspillage alimentaire et am\u00e9liorer la durabilit\u00e9, en r\u00e9duisant la production de d\u00e9chets et en misant sur des \u00e9nergies renouvelables et\/ou moins polluantes.<\/li><\/ul><\/div><p><strong>La direction<\/strong>, le 19\/12\/2025<\/p><\/div>\t\t\t\t\t\t\t\t<\/div>\n\t\t\t\t<\/div>\n\t\t\t\t\t<\/div>\n\t\t\t\t<\/div>\n\t\t\t\t<\/div>\n\t\t","protected":false},"excerpt":{"rendered":"<p>POLITIQUE QUALIT\u00c9 La Direction consid\u00e8re que la Gestion de la Qualit\u00e9 est essentielle pour l\u2019avenir de FRIGOR\u00cdFICS FERRER et pour son excellence dans son domaine d\u2019application, \u00e0 savoir la \u00ab Manipulation, vente et distribution de produits surgel\u00e9s et de poisson frais \u00bb. \u00c0 cet effet, la Direction s\u2019engage sur les points suivants : Orienter tous [&hellip;]<\/p>\n","protected":false},"author":2,"featured_media":0,"parent":0,"menu_order":0,"comment_status":"closed","ping_status":"closed","template":"","meta":{"_monsterinsights_skip_tracking":false,"_monsterinsights_sitenote_active":false,"_monsterinsights_sitenote_note":"","_monsterinsights_sitenote_category":0,"footnotes":""},"class_list":["post-1837","page","type-page","status-publish","hentry"],"aioseo_notices":[],"_links":{"self":[{"href":"https:\/\/fferrer.com\/fr\/wp-json\/wp\/v2\/pages\/1837","targetHints":{"allow":["GET"]}}],"collection":[{"href":"https:\/\/fferrer.com\/fr\/wp-json\/wp\/v2\/pages"}],"about":[{"href":"https:\/\/fferrer.com\/fr\/wp-json\/wp\/v2\/types\/page"}],"author":[{"embeddable":true,"href":"https:\/\/fferrer.com\/fr\/wp-json\/wp\/v2\/users\/2"}],"replies":[{"embeddable":true,"href":"https:\/\/fferrer.com\/fr\/wp-json\/wp\/v2\/comments?post=1837"}],"version-history":[{"count":16,"href":"https:\/\/fferrer.com\/fr\/wp-json\/wp\/v2\/pages\/1837\/revisions"}],"predecessor-version":[{"id":7128,"href":"https:\/\/fferrer.com\/fr\/wp-json\/wp\/v2\/pages\/1837\/revisions\/7128"}],"wp:attachment":[{"href":"https:\/\/fferrer.com\/fr\/wp-json\/wp\/v2\/media?parent=1837"}],"curies":[{"name":"wp","href":"https:\/\/api.w.org\/{rel}","templated":true}]}}