{"id":1128,"date":"2023-11-20T13:18:18","date_gmt":"2023-11-20T12:18:18","guid":{"rendered":"https:\/\/fferrer.com\/entreprise\/"},"modified":"2024-03-28T11:30:25","modified_gmt":"2024-03-28T10:30:25","slug":"entreprise","status":"publish","type":"page","link":"https:\/\/fferrer.com\/fr\/","title":{"rendered":"Entreprise"},"content":{"rendered":"\t\t<div data-elementor-type=\"wp-page\" data-elementor-id=\"1128\" class=\"elementor elementor-1128 elementor-20\" data-elementor-post-type=\"page\">\n\t\t\t\t<div class=\"elementor-element elementor-element-35f4901 e-con-full header2 e-flex e-con e-parent\" data-id=\"35f4901\" data-element_type=\"container\" data-e-type=\"container\" data-settings=\"{&quot;background_background&quot;:&quot;slideshow&quot;,&quot;background_slideshow_gallery&quot;:[{&quot;id&quot;:1396,&quot;url&quot;:&quot;https:\\\/\\\/fferrer.com\\\/wp-content\\\/uploads\\\/2023\\\/12\\\/foto_portada-scaled.jpg&quot;}],&quot;background_slideshow_loop&quot;:&quot;yes&quot;,&quot;background_slideshow_slide_duration&quot;:5000,&quot;background_slideshow_slide_transition&quot;:&quot;fade&quot;,&quot;background_slideshow_transition_duration&quot;:500}\">\n\t\t\t\t<div class=\"elementor-element elementor-element-baf6d44 elementor-widget elementor-widget-spacer\" data-id=\"baf6d44\" data-element_type=\"widget\" data-e-type=\"widget\" data-widget_type=\"spacer.default\">\n\t\t\t\t<div class=\"elementor-widget-container\">\n\t\t\t\t\t\t\t<div class=\"elementor-spacer\">\n\t\t\t<div class=\"elementor-spacer-inner\"><\/div>\n\t\t<\/div>\n\t\t\t\t\t\t<\/div>\n\t\t\t\t<\/div>\n\t\t\t\t<div class=\"elementor-element elementor-element-7361c1c elementor-widget elementor-widget-image\" data-id=\"7361c1c\" data-element_type=\"widget\" data-e-type=\"widget\" data-widget_type=\"image.default\">\n\t\t\t\t<div class=\"elementor-widget-container\">\n\t\t\t\t\t\t\t\t\t\t\t\t\t\t\t<img fetchpriority=\"high\" decoding=\"async\" width=\"640\" height=\"453\" src=\"https:\/\/fferrer.com\/wp-content\/uploads\/2024\/01\/daurat_FR-768x544.png\" class=\"attachment-medium_large size-medium_large wp-image-5196\" alt=\"\" srcset=\"https:\/\/fferrer.com\/wp-content\/uploads\/2024\/01\/daurat_FR-768x544.png 768w, https:\/\/fferrer.com\/wp-content\/uploads\/2024\/01\/daurat_FR-300x213.png 300w, https:\/\/fferrer.com\/wp-content\/uploads\/2024\/01\/daurat_FR-1024x726.png 1024w, https:\/\/fferrer.com\/wp-content\/uploads\/2024\/01\/daurat_FR-1536x1089.png 1536w, https:\/\/fferrer.com\/wp-content\/uploads\/2024\/01\/daurat_FR.png 1964w\" sizes=\"(max-width: 640px) 100vw, 640px\" \/>\t\t\t\t\t\t\t\t\t\t\t\t\t\t\t<\/div>\n\t\t\t\t<\/div>\n\t\t\t\t<div class=\"elementor-element elementor-element-045196e elementor-widget__width-auto classeTitolh42 elementor-widget elementor-widget-heading\" data-id=\"045196e\" data-element_type=\"widget\" data-e-type=\"widget\" data-widget_type=\"heading.default\">\n\t\t\t\t<div class=\"elementor-widget-container\">\n\t\t\t\t\t<h2 class=\"elementor-heading-title elementor-size-default\">Nous sommes une entreprise avec plus de 100 ans d\u2019histoire<\/h2>\t\t\t\t<\/div>\n\t\t\t\t<\/div>\n\t\t<div class=\"elementor-element elementor-element-dcc759d e-flex e-con-boxed e-con e-child\" data-id=\"dcc759d\" data-element_type=\"container\" data-e-type=\"container\">\n\t\t\t\t\t<div class=\"e-con-inner\">\n\t\t\t\t<div class=\"elementor-element elementor-element-eabdb17 elementor-align-right elementor-widget__width-auto botonsDefaultCompra elementor-widget elementor-widget-button\" data-id=\"eabdb17\" data-element_type=\"widget\" data-e-type=\"widget\" data-widget_type=\"button.default\">\n\t\t\t\t<div class=\"elementor-widget-container\">\n\t\t\t\t\t\t\t\t\t<div class=\"elementor-button-wrapper\">\n\t\t\t\t\t<a class=\"elementor-button elementor-button-link elementor-size-md\" href=\"https:\/\/fferrer.com\/fr\/contact\/#tescoltem\">\n\t\t\t\t\t\t<span class=\"elementor-button-content-wrapper\">\n\t\t\t\t\t\t\t\t\t<span class=\"elementor-button-text\">Je veux \u00eatre client<\/span>\n\t\t\t\t\t<\/span>\n\t\t\t\t\t<\/a>\n\t\t\t\t<\/div>\n\t\t\t\t\t\t\t\t<\/div>\n\t\t\t\t<\/div>\n\t\t\t\t<div class=\"elementor-element elementor-element-87bc4a5 elementor-align-left elementor-widget__width-auto botonsDefaultCompra elementor-widget elementor-widget-button\" data-id=\"87bc4a5\" data-element_type=\"widget\" data-e-type=\"widget\" data-widget_type=\"button.default\">\n\t\t\t\t<div class=\"elementor-widget-container\">\n\t\t\t\t\t\t\t\t\t<div class=\"elementor-button-wrapper\">\n\t\t\t\t\t<a class=\"elementor-button elementor-button-link elementor-size-md\" href=\"https:\/\/compraonline.fferrer.com\/fr\">\n\t\t\t\t\t\t<span class=\"elementor-button-content-wrapper\">\n\t\t\t\t\t\t\t\t\t<span class=\"elementor-button-text\">Achat en ligne<\/span>\n\t\t\t\t\t<\/span>\n\t\t\t\t\t<\/a>\n\t\t\t\t<\/div>\n\t\t\t\t\t\t\t\t<\/div>\n\t\t\t\t<\/div>\n\t\t\t\t\t<\/div>\n\t\t\t\t<\/div>\n\t\t\t\t<\/div>\n\t\t<div class=\"elementor-element elementor-element-6e7b9b5 e-con-full elementor-hidden-mobile e-flex e-con e-parent\" data-id=\"6e7b9b5\" data-element_type=\"container\" data-e-type=\"container\" id=\"qui-somme-nous\">\n\t\t<div class=\"elementor-element elementor-element-e5f7db9 e-con-full e-flex e-con e-child\" data-id=\"e5f7db9\" data-element_type=\"container\" data-e-type=\"container\">\n\t\t\t\t<div class=\"elementor-element elementor-element-f47d10b elementor-widget elementor-widget-image\" data-id=\"f47d10b\" data-element_type=\"widget\" data-e-type=\"widget\" data-widget_type=\"image.default\">\n\t\t\t\t<div class=\"elementor-widget-container\">\n\t\t\t\t\t\t\t\t\t\t\t\t\t\t\t<img decoding=\"async\" width=\"2560\" height=\"1708\" src=\"https:\/\/fferrer.com\/wp-content\/uploads\/2023\/12\/quisom-scaled.jpg\" class=\"attachment-full size-full wp-image-1355\" alt=\"\" srcset=\"https:\/\/fferrer.com\/wp-content\/uploads\/2023\/12\/quisom-scaled.jpg 2560w, https:\/\/fferrer.com\/wp-content\/uploads\/2023\/12\/quisom-300x200.jpg 300w, https:\/\/fferrer.com\/wp-content\/uploads\/2023\/12\/quisom-1024x683.jpg 1024w, https:\/\/fferrer.com\/wp-content\/uploads\/2023\/12\/quisom-768x512.jpg 768w, https:\/\/fferrer.com\/wp-content\/uploads\/2023\/12\/quisom-1536x1025.jpg 1536w, https:\/\/fferrer.com\/wp-content\/uploads\/2023\/12\/quisom-2048x1366.jpg 2048w\" sizes=\"(max-width: 2560px) 100vw, 2560px\" \/>\t\t\t\t\t\t\t\t\t\t\t\t\t\t\t<\/div>\n\t\t\t\t<\/div>\n\t\t\t\t<\/div>\n\t\t<div class=\"elementor-element elementor-element-4beb7b8 e-con-full e-flex e-con e-child\" data-id=\"4beb7b8\" data-element_type=\"container\" data-e-type=\"container\">\n\t\t\t\t<div class=\"elementor-element elementor-element-96682e5 elementor-widget__width-auto classeTitolh2 elementor-widget elementor-widget-heading\" data-id=\"96682e5\" data-element_type=\"widget\" data-e-type=\"widget\" data-widget_type=\"heading.default\">\n\t\t\t\t<div class=\"elementor-widget-container\">\n\t\t\t\t\t<h2 class=\"elementor-heading-title elementor-size-default\">QUI SOMMES-NOUS ?<\/h2>\t\t\t\t<\/div>\n\t\t\t\t<\/div>\n\t\t\t\t<div class=\"elementor-element elementor-element-e2760fc elementor-widget__width-inherit classeTitolh1 elementor-widget elementor-widget-text-editor\" data-id=\"e2760fc\" data-element_type=\"widget\" data-e-type=\"widget\" data-widget_type=\"text-editor.default\">\n\t\t\t\t<div class=\"elementor-widget-container\">\n\t\t\t\t\t\t\t\t\t<p><span style=\"white-space-collapse: preserve; font-size: 30px;\">Leaders dans la vente et la distribution de poissons frais et surgel\u00e9s pour l\u2019h\u00f4tellerie et la restauration<\/span><\/p>\n\t\t\t\t\t\t\t\t<\/div>\n\t\t\t\t<\/div>\n\t\t\t\t<div class=\"elementor-element elementor-element-dba999b classeTitolCos elementor-widget elementor-widget-text-editor\" data-id=\"dba999b\" data-element_type=\"widget\" data-e-type=\"widget\" data-widget_type=\"text-editor.default\">\n\t\t\t\t<div class=\"elementor-widget-container\">\n\t\t\t\t\t\t\t\t\t<p>Ferrer est aujourd&rsquo;hui une entreprise leader dans la distribution de poisson frais et de produits surgel\u00e9s au niveau national. Avec une tradition familiale et des origines remontant \u00e0 1924, l&rsquo;entreprise dispose d&rsquo;une exp\u00e9rience consolid\u00e9e de plus d&rsquo;un si\u00e8cle ; une histoire de 100 ans qui nous soutient et nous encourage \u00e0 continuer \u00e0 travailler pour \u00eatre \u00e0 la t\u00eate du secteur.<\/p><p>Notre mission est de fournir des solutions aux circuits de restauration et d&rsquo;alimentation, en commercialisant des produits de la mer et des produits surgel\u00e9s fiables, et en offrant un service de distribution professionnel et efficace.<\/p><p>Notre vision est d&rsquo;\u00eatre une entreprise de r\u00e9f\u00e9rence dans le secteur des produits surgel\u00e9s et du poisson.<\/p><p>Plus de 450 personnes qualifi\u00e9es travaillent chaque jour pour satisfaire nos plus de 19 000 clients sur l&rsquo;ensemble du territoire. Alimentation et service fiables, proximit\u00e9 et attention personnalis\u00e9e : notre engagement.<\/p><p>Le capital humain de l&rsquo;entreprise est notre principal atout et nous veillons \u00e0 ce qu&rsquo;il le reste. Pour ce faire, nous nous effor\u00e7ons de suivre les <a href=\"https:\/\/fferrer.com\/wp-content\/uploads\/2024\/03\/valors_web_FRA-scaled.jpg\">valeurs de l&rsquo;entreprise<\/a> et les fondements du <a href=\"https:\/\/fferrer.com\/wp-content\/uploads\/2024\/03\/2020-Bases-Codigo-etico-web.pdf\">code d&rsquo;\u00e9thique<\/a>, en respectant toujours l&rsquo;<a href=\"https:\/\/fferrer.com\/wp-content\/uploads\/2024\/03\/Plan_Accion_PlanIgualdad_FERRER_2020_CS.pdf\">\u00e9galit\u00e9 des chances<\/a> et la non-discrimination.<\/p>\t\t\t\t\t\t\t\t<\/div>\n\t\t\t\t<\/div>\n\t\t\t\t<\/div>\n\t\t\t\t<\/div>\n\t\t<div class=\"elementor-element elementor-element-251d8b6 e-con-full elementor-hidden-desktop elementor-hidden-tablet e-flex e-con e-parent\" data-id=\"251d8b6\" data-element_type=\"container\" data-e-type=\"container\" id=\"qui-somme-nous\">\n\t\t<div class=\"elementor-element elementor-element-72e1373 e-con-full elementor-hidden-tablet e-flex e-con e-child\" data-id=\"72e1373\" data-element_type=\"container\" data-e-type=\"container\">\n\t\t\t\t<div class=\"elementor-element elementor-element-449b882 elementor-widget elementor-widget-image\" data-id=\"449b882\" data-element_type=\"widget\" data-e-type=\"widget\" data-widget_type=\"image.default\">\n\t\t\t\t<div class=\"elementor-widget-container\">\n\t\t\t\t\t\t\t\t\t\t\t\t\t\t\t<img decoding=\"async\" src=\"https:\/\/fferrer.com\/wp-content\/uploads\/2023\/11\/DSC0602-1.png\" title=\"\" alt=\"\" loading=\"lazy\" \/>\t\t\t\t\t\t\t\t\t\t\t\t\t\t\t<\/div>\n\t\t\t\t<\/div>\n\t\t\t\t<\/div>\n\t\t<div class=\"elementor-element elementor-element-216bc22 e-con-full e-flex e-con e-child\" data-id=\"216bc22\" data-element_type=\"container\" data-e-type=\"container\">\n\t\t\t\t<div class=\"elementor-element elementor-element-ebf6c71 elementor-widget__width-auto classeTitolh2 elementor-widget elementor-widget-heading\" data-id=\"ebf6c71\" data-element_type=\"widget\" data-e-type=\"widget\" data-widget_type=\"heading.default\">\n\t\t\t\t<div class=\"elementor-widget-container\">\n\t\t\t\t\t<h2 class=\"elementor-heading-title elementor-size-default\">QUI SOMMES-NOUS ?<\/h2>\t\t\t\t<\/div>\n\t\t\t\t<\/div>\n\t\t\t\t<div class=\"elementor-element elementor-element-a92cb0c elementor-widget__width-inherit classeTitolh1 elementor-widget elementor-widget-text-editor\" data-id=\"a92cb0c\" data-element_type=\"widget\" data-e-type=\"widget\" data-widget_type=\"text-editor.default\">\n\t\t\t\t<div class=\"elementor-widget-container\">\n\t\t\t\t\t\t\t\t\t<p><span style=\"white-space-collapse: preserve; font-size: 30px;\">Leaders dans la vente et la distribution de poissons frais et surgel\u00e9s pour l\u2019h\u00f4tellerie et la restauration<\/span><\/p>\n\t\t\t\t\t\t\t\t<\/div>\n\t\t\t\t<\/div>\n\t\t\t\t<div class=\"elementor-element elementor-element-33bfc8e classeTitolCos elementor-widget elementor-widget-text-editor\" data-id=\"33bfc8e\" data-element_type=\"widget\" data-e-type=\"widget\" data-widget_type=\"text-editor.default\">\n\t\t\t\t<div class=\"elementor-widget-container\">\n\t\t\t\t\t\t\t\t\t<p>Ferrer est aujourd&rsquo;hui une entreprise leader dans la distribution de poisson frais et de produits surgel\u00e9s au niveau national. Avec une tradition familiale et des origines remontant \u00e0 1924, l&rsquo;entreprise dispose d&rsquo;une exp\u00e9rience consolid\u00e9e de plus d&rsquo;un si\u00e8cle ; une histoire de 100 ans qui nous soutient et nous encourage \u00e0 continuer \u00e0 travailler pour \u00eatre \u00e0 la t\u00eate du secteur.<\/p><p>Notre mission est de fournir des solutions aux circuits de restauration et d&rsquo;alimentation, en commercialisant des produits de la mer et des produits surgel\u00e9s fiables, et en offrant un service de distribution professionnel et efficace.<\/p><p>Notre vision est d&rsquo;\u00eatre une entreprise de r\u00e9f\u00e9rence dans le secteur des produits surgel\u00e9s et du poisson.<\/p><p>Plus de 450 personnes qualifi\u00e9es travaillent chaque jour pour satisfaire nos plus de 19 000 clients sur l&rsquo;ensemble du territoire. Alimentation et service fiables, proximit\u00e9 et attention personnalis\u00e9e : notre engagement.<\/p><p>Le capital humain de l&rsquo;entreprise est notre principal atout et nous veillons \u00e0 ce qu&rsquo;il le reste. Pour ce faire, nous nous effor\u00e7ons de suivre les <a href=\"https:\/\/fferrer.com\/wp-content\/uploads\/2024\/03\/valors_web_FRA-scaled.jpg\">valeurs de l&rsquo;entreprise<\/a> et les fondements du <a href=\"https:\/\/fferrer.com\/wp-content\/uploads\/2024\/03\/2020-Bases-Codigo-etico-web.pdf\">code d&rsquo;\u00e9thique<\/a>, en respectant toujours l&rsquo;<a href=\"https:\/\/fferrer.com\/wp-content\/uploads\/2024\/03\/Plan_Accion_PlanIgualdad_FERRER_2020_CS.pdf\">\u00e9galit\u00e9 des chances<\/a> et la non-discrimination.<\/p>\t\t\t\t\t\t\t\t<\/div>\n\t\t\t\t<\/div>\n\t\t\t\t<\/div>\n\t\t\t\t<\/div>\n\t\t<div class=\"elementor-element elementor-element-70e7e27 e-con-full e-flex e-con e-parent\" data-id=\"70e7e27\" data-element_type=\"container\" data-e-type=\"container\" id=\"qu-est-ce-que-l-on-fait\">\n\t\t<div class=\"elementor-element elementor-element-ee85117 e-con-full e-flex e-con e-child\" data-id=\"ee85117\" data-element_type=\"container\" data-e-type=\"container\">\n\t\t\t\t<div class=\"elementor-element elementor-element-75014a7 elementor-widget__width-auto classeTitolh2 elementor-widget elementor-widget-heading\" data-id=\"75014a7\" data-element_type=\"widget\" data-e-type=\"widget\" data-widget_type=\"heading.default\">\n\t\t\t\t<div class=\"elementor-widget-container\">\n\t\t\t\t\t<h2 class=\"elementor-heading-title elementor-size-default\">QUE FAISONS NOUS?<\/h2>\t\t\t\t<\/div>\n\t\t\t\t<\/div>\n\t\t\t\t<div class=\"elementor-element elementor-element-90034fa classeTitolh1 elementor-widget elementor-widget-text-editor\" data-id=\"90034fa\" data-element_type=\"widget\" data-e-type=\"widget\" data-widget_type=\"text-editor.default\">\n\t\t\t\t<div class=\"elementor-widget-container\">\n\t\t\t\t\t\t\t\t\t<p><span style=\"white-space-collapse: preserve; font-size: 30px;\">Le meilleur de la mer<\/span><\/p>\t\t\t\t\t\t\t\t<\/div>\n\t\t\t\t<\/div>\n\t\t\t\t<div class=\"elementor-element elementor-element-f1e3065 classeTitolCos elementor-widget elementor-widget-text-editor\" data-id=\"f1e3065\" data-element_type=\"widget\" data-e-type=\"widget\" data-widget_type=\"text-editor.default\">\n\t\t\t\t<div class=\"elementor-widget-container\">\n\t\t\t\t\t\t\t\t\t<p>Nous nous approvisionnons quotidiennement aupr\u00e8s de dizaines de zones de p\u00eache et de march\u00e9s aux poissons du monde entier afin de fournir \u00e0 nos clients des produits frais, de qualit\u00e9 sup\u00e9rieure et au meilleur prix. Pour les produits surgel\u00e9s \u00e9galement, nous achetons la mati\u00e8re premi\u00e8re directement \u00e0 la source, dans les zones les plus proches comme les plus \u00e9loign\u00e9es de la plan\u00e8te, afin d&rsquo;offrir une large gamme de produits et d&rsquo;origines.<\/p>\t\t\t\t\t\t\t\t<\/div>\n\t\t\t\t<\/div>\n\t\t\t\t<div class=\"elementor-element elementor-element-616877c classeTitolh1 elementor-widget elementor-widget-text-editor\" data-id=\"616877c\" data-element_type=\"widget\" data-e-type=\"widget\" data-widget_type=\"text-editor.default\">\n\t\t\t\t<div class=\"elementor-widget-container\">\n\t\t\t\t\t\t\t\t\t<p><span style=\"white-space-collapse: preserve; font-size: 30px;\">Notre propre production et usine<\/span><\/p>\t\t\t\t\t\t\t\t<\/div>\n\t\t\t\t<\/div>\n\t\t\t\t<div class=\"elementor-element elementor-element-019e693 classeTitolCos elementor-widget elementor-widget-text-editor\" data-id=\"019e693\" data-element_type=\"widget\" data-e-type=\"widget\" data-widget_type=\"text-editor.default\">\n\t\t\t\t<div class=\"elementor-widget-container\">\n\t\t\t\t\t\t\t\t\t<p>Une fois la mati\u00e8re premi\u00e8re re\u00e7ue, nous la transformons et l&rsquo;\u00e9laborons dans nos salles de transformation de produits frais \u00e0 *Mercabarna et *Mercamadrid. Pour les produits surgel\u00e9s, nous les emballons dans une multitude de formats dans notre usine de produits surgel\u00e9s, en fonction des besoins de nos clients : bulk, sanitised, packaged et vacuum packed pour la restauration ou skinpack, bag, isopack, vacuum ou thermosealed pour retail et supermarch\u00e9s.<\/p>\t\t\t\t\t\t\t\t<\/div>\n\t\t\t\t<\/div>\n\t\t\t\t<div class=\"elementor-element elementor-element-2988b52 classeTitolh1 elementor-widget elementor-widget-text-editor\" data-id=\"2988b52\" data-element_type=\"widget\" data-e-type=\"widget\" data-widget_type=\"text-editor.default\">\n\t\t\t\t<div class=\"elementor-widget-container\">\n\t\t\t\t\t\t\t\t\t<p><span style=\"white-space-collapse: preserve; font-size: 30px;\">Capacit\u00e9 de stockage<\/span><\/p>\t\t\t\t\t\t\t\t<\/div>\n\t\t\t\t<\/div>\n\t\t\t\t<div class=\"elementor-element elementor-element-f3ea49c classeTitolCos elementor-widget elementor-widget-text-editor\" data-id=\"f3ea49c\" data-element_type=\"widget\" data-e-type=\"widget\" data-widget_type=\"text-editor.default\">\n\t\t\t\t<div class=\"elementor-widget-container\">\n\t\t\t\t\t\t\t\t\t<p>Nous disposons de 53 000 m\u00b3 d&rsquo;entrep\u00f4ts frigorifiques, ce qui nous permet de stocker environ 3 000 r\u00e9f\u00e9rences dans un espace de 10 000 palettes. Pour une gestion optimale des stocks, nous disposons \u00e9galement des derni\u00e8res technologies et d&rsquo;outils informatis\u00e9s (par exemple : radiofr\u00e9quence ou voice picking).<\/p>\t\t\t\t\t\t\t\t<\/div>\n\t\t\t\t<\/div>\n\t\t\t\t<div class=\"elementor-element elementor-element-a5ee2fe classeTitolh1 elementor-widget elementor-widget-text-editor\" data-id=\"a5ee2fe\" data-element_type=\"widget\" data-e-type=\"widget\" data-widget_type=\"text-editor.default\">\n\t\t\t\t<div class=\"elementor-widget-container\">\n\t\t\t\t\t\t\t\t\t<p>Distribution quotidienne et service \u00e0 la client\u00e8le<\/p>\t\t\t\t\t\t\t\t<\/div>\n\t\t\t\t<\/div>\n\t\t\t\t<div class=\"elementor-element elementor-element-17397c9 classeTitolCos elementor-widget elementor-widget-text-editor\" data-id=\"17397c9\" data-element_type=\"widget\" data-e-type=\"widget\" data-widget_type=\"text-editor.default\">\n\t\t\t\t<div class=\"elementor-widget-container\">\n\t\t\t\t\t\t\t\t\t<p>En outre, nos plus de 80 vendeurs ambulants ou par t\u00e9l\u00e9phone et plus de 90 professionnels disposant de v\u00e9hicules de distribution bien pr\u00e9par\u00e9s, livrent quotidiennement nos plus de 19 000 clients dans l&rsquo;ensemble du groupe, un travail millim\u00e9tr\u00e9, mais avec une vocation de service et de confiance qui nous diff\u00e9rencie. Par l&rsquo;interm\u00e9diaire de distributeurs externes, nous exportons \u00e9galement de gros volumes dans le monde entier (Europe, Asie, Am\u00e9rique latine, etc.).<\/p>\t\t\t\t\t\t\t\t<\/div>\n\t\t\t\t<\/div>\n\t\t\t\t<\/div>\n\t\t<div class=\"elementor-element elementor-element-5fc397f e-con-full e-flex e-con e-child\" data-id=\"5fc397f\" data-element_type=\"container\" data-e-type=\"container\">\n\t\t\t\t<div class=\"elementor-element elementor-element-2ab155f elementor-widget__width-initial elementor-arrows-position-inside elementor-widget elementor-widget-image-carousel\" data-id=\"2ab155f\" data-element_type=\"widget\" data-e-type=\"widget\" data-settings=\"{&quot;slides_to_show&quot;:&quot;1&quot;,&quot;navigation&quot;:&quot;arrows&quot;,&quot;pause_on_hover&quot;:&quot;no&quot;,&quot;autoplay_speed&quot;:3000,&quot;speed&quot;:1000,&quot;autoplay&quot;:&quot;yes&quot;,&quot;pause_on_interaction&quot;:&quot;yes&quot;,&quot;infinite&quot;:&quot;yes&quot;,&quot;effect&quot;:&quot;slide&quot;}\" data-widget_type=\"image-carousel.default\">\n\t\t\t\t<div class=\"elementor-widget-container\">\n\t\t\t\t\t\t\t<div class=\"elementor-image-carousel-wrapper swiper\" role=\"region\" aria-roledescription=\"carousel\" aria-label=\"Carrousel d\u2019images\" dir=\"ltr\">\n\t\t\t<div class=\"elementor-image-carousel swiper-wrapper\" aria-live=\"off\">\n\t\t\t\t\t\t\t\t<div class=\"swiper-slide\" role=\"group\" aria-roledescription=\"slide\" aria-label=\"1 sur 4\"><figure class=\"swiper-slide-inner\"><img decoding=\"async\" class=\"swiper-slide-image\" src=\"https:\/\/fferrer.com\/wp-content\/uploads\/2023\/12\/quefem_1-scaled.jpg\" alt=\"quefem_1\" \/><\/figure><\/div><div class=\"swiper-slide\" role=\"group\" aria-roledescription=\"slide\" aria-label=\"2 sur 4\"><figure class=\"swiper-slide-inner\"><img decoding=\"async\" class=\"swiper-slide-image\" src=\"https:\/\/fferrer.com\/wp-content\/uploads\/2023\/12\/comodin_1-scaled.jpg\" alt=\"comodin_1\" \/><\/figure><\/div><div class=\"swiper-slide\" role=\"group\" aria-roledescription=\"slide\" aria-label=\"3 sur 4\"><figure class=\"swiper-slide-inner\"><img decoding=\"async\" class=\"swiper-slide-image\" src=\"https:\/\/fferrer.com\/wp-content\/uploads\/2023\/12\/comodin-scaled-e1704452070154.jpg\" alt=\"comodin\" \/><\/figure><\/div><div class=\"swiper-slide\" role=\"group\" aria-roledescription=\"slide\" aria-label=\"4 sur 4\"><figure class=\"swiper-slide-inner\"><img decoding=\"async\" class=\"swiper-slide-image\" src=\"https:\/\/fferrer.com\/wp-content\/uploads\/2023\/12\/qui_som-scaled-e1704452018612.jpg\" alt=\"qui_som\" \/><\/figure><\/div>\t\t\t<\/div>\n\t\t\t\t\t\t\t\t\t\t\t\t<div class=\"elementor-swiper-button elementor-swiper-button-prev\" role=\"button\" tabindex=\"0\">\n\t\t\t\t\t\t<i aria-hidden=\"true\" class=\"eicon-chevron-left\"><\/i>\t\t\t\t\t<\/div>\n\t\t\t\t\t<div class=\"elementor-swiper-button elementor-swiper-button-next\" role=\"button\" tabindex=\"0\">\n\t\t\t\t\t\t<i aria-hidden=\"true\" class=\"eicon-chevron-right\"><\/i>\t\t\t\t\t<\/div>\n\t\t\t\t\n\t\t\t\t\t\t\t\t\t<\/div>\n\t\t\t\t\t\t<\/div>\n\t\t\t\t<\/div>\n\t\t\t\t<\/div>\n\t\t\t\t<\/div>\n\t\t<div class=\"elementor-element elementor-element-f21d30b e-con-full e-flex e-con e-parent\" data-id=\"f21d30b\" data-element_type=\"container\" data-e-type=\"container\" id=\"historie\" data-settings=\"{&quot;background_background&quot;:&quot;classic&quot;}\">\n\t\t\t\t<div class=\"elementor-element elementor-element-ffd7d1f elementor-widget__width-inherit classeTitolh3 elementor-widget elementor-widget-heading\" data-id=\"ffd7d1f\" data-element_type=\"widget\" data-e-type=\"widget\" data-widget_type=\"heading.default\">\n\t\t\t\t<div class=\"elementor-widget-container\">\n\t\t\t\t\t<h2 class=\"elementor-heading-title elementor-size-default\">NOTRE HISTOIRE<\/h2>\t\t\t\t<\/div>\n\t\t\t\t<\/div>\n\t\t\t\t<\/div>\n\t\t<div class=\"elementor-element elementor-element-cbf47e0 e-con-full e-flex e-con e-parent\" data-id=\"cbf47e0\" data-element_type=\"container\" data-e-type=\"container\" data-settings=\"{&quot;background_background&quot;:&quot;classic&quot;}\">\n\t\t\t\t<div class=\"elementor-element elementor-element-677c189 elementor-widget__width-initial elementor-widget elementor-widget-text-editor\" data-id=\"677c189\" data-element_type=\"widget\" data-e-type=\"widget\" data-widget_type=\"text-editor.default\">\n\t\t\t\t<div class=\"elementor-widget-container\">\n\t\t\t\t\t\t\t\t\t<h4><span class=\"TextRun SCXW260256239 BCX9\" lang=\"CA-ES\" xml:lang=\"CA-ES\" data-contrast=\"auto\"><span class=\"NormalTextRun SCXW260256239 BCX9\">La <\/span><span class=\"NormalTextRun SpellingErrorV2Themed SCXW260256239 BCX9\">passion<\/span><span class=\"NormalTextRun SCXW260256239 BCX9\"> et la <\/span><span class=\"NormalTextRun SpellingErrorV2Themed SCXW260256239 BCX9\">pers\u00e9v\u00e9rance<\/span><span class=\"NormalTextRun SCXW260256239 BCX9\"> des <\/span><span class=\"NormalTextRun SpellingErrorV2Themed SCXW260256239 BCX9\">anc\u00eatres<\/span><span class=\"NormalTextRun SCXW260256239 BCX9\"> de la <\/span><span class=\"NormalTextRun SpellingErrorV2Themed SCXW260256239 BCX9\">famille<\/span><span class=\"NormalTextRun SCXW260256239 BCX9\">, <\/span><span class=\"NormalTextRun SpellingErrorV2Themed SCXW260256239 BCX9\">ainsi<\/span><span class=\"NormalTextRun SCXW260256239 BCX9\"> que les <\/span><span class=\"NormalTextRun SpellingErrorV2Themed SCXW260256239 BCX9\">diff\u00e9rentes<\/span> <span class=\"NormalTextRun SpellingErrorV2Themed SCXW260256239 BCX9\">g\u00e9n\u00e9rations<\/span><span class=\"NormalTextRun SCXW260256239 BCX9\"> de <\/span><span class=\"NormalTextRun SpellingErrorV2Themed SCXW260256239 BCX9\">travailleurs<\/span><span class=\"NormalTextRun SCXW260256239 BCX9\"> et de <\/span><span class=\"NormalTextRun SpellingErrorV2Themed SCXW260256239 BCX9\">professionnels<\/span><span class=\"NormalTextRun SCXW260256239 BCX9\"> qui <\/span><span class=\"NormalTextRun SpellingErrorV2Themed SCXW260256239 BCX9\">ont<\/span> <span class=\"NormalTextRun SpellingErrorV2Themed SCXW260256239 BCX9\">fait<\/span> <span class=\"NormalTextRun SpellingErrorV2Themed SCXW260256239 BCX9\">partie<\/span><span class=\"NormalTextRun SCXW260256239 BCX9\"> de Ferrer, <\/span><span class=\"NormalTextRun SpellingErrorV2Themed SCXW260256239 BCX9\">ont<\/span> <span class=\"NormalTextRun SpellingErrorV2Themed SCXW260256239 BCX9\">permis<\/span><span class=\"NormalTextRun SCXW260256239 BCX9\"> \u00e0 <\/span><span class=\"NormalTextRun SpellingErrorV2Themed SCXW260256239 BCX9\">l&rsquo;entreprise<\/span> <span class=\"NormalTextRun SpellingErrorV2Themed SCXW260256239 BCX9\">d&rsquo;\u00e9voluer<\/span><span class=\"NormalTextRun SCXW260256239 BCX9\"> de <\/span><span class=\"NormalTextRun SpellingErrorV2Themed SCXW260256239 BCX9\">l&rsquo;\u00e9tal<\/span><span class=\"NormalTextRun SCXW260256239 BCX9\"> de <\/span><span class=\"NormalTextRun SpellingErrorV2Themed SCXW260256239 BCX9\">poissons<\/span> <span class=\"NormalTextRun SpellingErrorV2Themed SCXW260256239 BCX9\">sur<\/span><span class=\"NormalTextRun SCXW260256239 BCX9\"> la <\/span><span class=\"NormalTextRun SpellingErrorV2Themed SCXW260256239 BCX9\">place<\/span><span class=\"NormalTextRun SCXW260256239 BCX9\"> de Vic (<\/span><span class=\"NormalTextRun SpellingErrorV2Themed SCXW260256239 BCX9\">ann\u00e9es<\/span><span class=\"NormalTextRun SCXW260256239 BCX9\"> 1920), \u00e0 un <\/span><span class=\"NormalTextRun SpellingErrorV2Themed SCXW260256239 BCX9\">entrep\u00f4t<\/span> <span class=\"NormalTextRun SpellingErrorV2Themed SCXW260256239 BCX9\">pionnier<\/span><span class=\"NormalTextRun SCXW260256239 BCX9\"> de <\/span><span class=\"NormalTextRun SpellingErrorV2Themed SCXW260256239 BCX9\">produits<\/span> <span class=\"NormalTextRun SpellingErrorV2Themed SCXW260256239 BCX9\">surgel\u00e9s<\/span><span class=\"NormalTextRun SCXW260256239 BCX9\"> (<\/span><span class=\"NormalTextRun SpellingErrorV2Themed SCXW260256239 BCX9\">ann\u00e9es<\/span><span class=\"NormalTextRun SCXW260256239 BCX9\"> 1950-60), \u00e0 <\/span><span class=\"NormalTextRun SpellingErrorV2Themed SCXW260256239 BCX9\">l&rsquo;ouverture<\/span> <span class=\"NormalTextRun SpellingErrorV2Themed SCXW260256239 BCX9\">progressive<\/span><span class=\"NormalTextRun SCXW260256239 BCX9\"> de <\/span><span class=\"NormalTextRun SpellingErrorV2Themed SCXW260256239 BCX9\">plusieurs<\/span> <span class=\"NormalTextRun SpellingErrorV2Themed SCXW260256239 BCX9\">succursales<\/span><span class=\"NormalTextRun SCXW260256239 BCX9\"> (<\/span><span class=\"NormalTextRun SpellingErrorV2Themed SCXW260256239 BCX9\">ann\u00e9es<\/span><span class=\"NormalTextRun SCXW260256239 BCX9\"> 1970-90) et <\/span><span class=\"NormalTextRun SpellingErrorV2Themed SCXW260256239 BCX9\">jusqu&rsquo;\u00e0<\/span> <span class=\"NormalTextRun SpellingErrorV2Themed SCXW260256239 BCX9\">l&rsquo;entreprise<\/span><span class=\"NormalTextRun SCXW260256239 BCX9\"> que nous <\/span><span class=\"NormalTextRun SpellingErrorV2Themed SCXW260256239 BCX9\">sommes<\/span> <span class=\"NormalTextRun SpellingErrorV2Themed SCXW260256239 BCX9\">aujourd&rsquo;hui<\/span><span class=\"NormalTextRun SCXW260256239 BCX9\">, <\/span><span class=\"NormalTextRun SpellingErrorV2Themed SCXW260256239 BCX9\">avec<\/span><span class=\"NormalTextRun SCXW260256239 BCX9\"> un <\/span><span class=\"NormalTextRun SpellingErrorV2Themed SCXW260256239 BCX9\">grand<\/span> <span class=\"NormalTextRun SpellingErrorV2Themed SCXW260256239 BCX9\">pouvoir<\/span> <span class=\"NormalTextRun SpellingErrorV2Themed SCXW260256239 BCX9\">d&rsquo;importation<\/span><span class=\"NormalTextRun SCXW260256239 BCX9\"> et <\/span><span class=\"NormalTextRun SpellingErrorV2Themed SCXW260256239 BCX9\">d&rsquo;exportation<\/span> <span class=\"NormalTextRun SpellingErrorV2Themed SCXW260256239 BCX9\">dans<\/span> <span class=\"NormalTextRun SpellingErrorV2Themed SCXW260256239 BCX9\">le<\/span> <span class=\"NormalTextRun SpellingErrorV2Themed SCXW260256239 BCX9\">monde<\/span> <span class=\"NormalTextRun SpellingErrorV2Themed SCXW260256239 BCX9\">entier<\/span><span class=\"NormalTextRun SCXW260256239 BCX9\">.<\/span><\/span><span class=\"EOP SCXW260256239 BCX9\" data-ccp-props=\"{&quot;201341983&quot;:0,&quot;335559739&quot;:160,&quot;335559740&quot;:259}\">\u00a0<\/span><\/h4>\t\t\t\t\t\t\t\t<\/div>\n\t\t\t\t<\/div>\n\t\t\t\t<div class=\"elementor-element elementor-element-d28a81f elementor-widget elementor-widget-la_nostra_historia_quo\" data-id=\"d28a81f\" data-element_type=\"widget\" data-e-type=\"widget\" data-widget_type=\"la_nostra_historia_quo.default\">\n\t\t\t\t<div class=\"elementor-widget-container\">\n\t\t\t\t\t        <style>\n            #timeline-nav {\n                list-style: none;\n                display: flex;\n                justify-content: space-around;\n                padding: 0;\n            }\n            #timeline-nav li {\n                cursor: pointer;\n                padding: 10px;\n                position: relative;\n                text-align: center;\n                color: white;\n                padding-top: 50px;\n            }\n            .period-content {\n                display: none;\n            }\n            .period-content.active {\n                display: block;\n            }\n\n            .blockHistoria{\n                background: #747474;\n                padding: 50px;\n            }\n            .textHistoria{\n                color:rgba(255, 255, 255, 1);\n            }\n            #timeline-nav {\n                list-style: none;\n                display: flex;\n                justify-content: space-between;\n                margin: 0;\n                padding: 0;\n                position: relative;\n                padding: 60px 100px;\n            }\n            #timeline-nav::after {\n                content: '';\n                position: absolute;\n                left: 0;\n                right: 0;\n                top: 40%;\n                height: 2px;\n                background-color: #777;\n                z-index: 1;\n            }\n\n            #timeline-nav li::before {\n                content: '';\n                position: absolute;\n                top: 25%;\n                left: 50%;\n                transform: translate(-50%, -50%);\n                width: 15px;\n                height: 15px;\n                border-radius: 50%;\n                background-color: rgba(245, 76, 66, 1);\n                z-index: 2;\n            }\n\n            #timeline-nav li.active  {\n                color: rgba(245, 76, 66, 1);\n            }\n            #timeline-nav li.active::before  {\n                background-color: rgba(245, 76, 66, 1);\n            }\n\n            .botoDreta,\n            .botoDretaPC, \n            .botoEsquerraPC{\n                width: 60px;\n            }\n            .botoDretaPC, \n            .botoEsquerraPC{\n            margin-right: 20px;\n            display: inline-flex;\n            }\n            .botoEsquerra{\n                position: absolute;\n                top: 50%;\n                left: 30px;\n            }\n            .botoEsquerra{\n                position: absolute;\n                top: 50%;\n                left: 30px;\n            }\n            #timeline-nav li:not(.active)::before {\n                display: none;\n            }\n            .fletxaP {\n                font-size: 100px;\n                color: red;\n                line-height: 0px;\n            }\n\n            @media screen and (max-width: 900px) {\n                #timeline-nav {\n                    padding: 60px 0px;\n                }\n                #timeline-nav::after {\n                    top: 10%;\n                }\n                #timeline-nav li {\n                    padding: 10px 0;\n                    transform: rotate(270deg);\n                    transform-origin: center;\n                }\n                #timeline-nav li::before {\n                    top: 48%;\n                    left: -35%;\n                }\n                .blockHistoria {\n                    padding: 80px 0px;\n                }\n                .fletxaP{\n                    font-size: 60px;\n                }\n            }\n            @media (max-width: 768px) {\n                .wpml-languages-list {\n                    text-align: center;\n                    margin-top: 10px;\n                }\n                .botoEsquerra{\n                    display:none;\n                    top: auto;\n                    left: 30%;\n                }\n                .botoDreta{\n                    display:none;\n                    position: absolute;\n                    right: 30%;\n                }\n                .blockHistoria {\n                    padding: 0px;\n                }\n                #timeline-nav {\n                    padding-top: 20px;\n                    list-style: none;\n                    display: flex;\n                    flex-wrap: wrap;\n                    justify-content: left;\n                    \/* padding: 30px 50px; *\/\n                    \/* width: 100%; *\/\n                }\n                #timeline-nav li.active::before,\n                #timeline-nav::after{\n                    display: none;\n                }\n                #timeline-nav li {\n                    padding: 0px;\n                    transform: none;\n                    height: 25px;\n                    width: 100%;\n                    text-align: left;\n                    border-left: 2px solid #a7a7a7;\n                    padding-left: 10px;\n                }\n                .history-container{\n                    display: flex;\n                }\n                .decade-column {\n                    margin-right: 20px;\n                }\n                .logoVector{\n                    display:none;\n                }\n\t\t    }\n            .botoDretaPC {\n                position: absolute;\n                right: 0px;\n                top: 50%;\n            }\n            .botoEsquerraPC {\n                position: absolute;\n                top: 50%;\n                left: 30px;\n            }\n        <\/style>\n        <script>\n            $ = jQuery;\n            $(document).ready(function() {\n                var periods = $('#timeline-nav li').map(function() {\n                    return $(this).data('period');\n                }).get(); \/\/ Get an array of all periods\n\n                function showPeriodContent(period) {\n                    \/\/ Update active state on the timeline\n                    $('#timeline-nav li').removeClass('active').filter(function() {\n                        return $(this).data('period') === period;\n                    }).addClass('active');\n\n                    \/\/ Show the content corresponding to the period\n                    $('.period-content').hide().removeClass('active')\n                    .filter('[data-period=\"' + period + '\"]').show().addClass('active');\n                }\n\n                $('#timeline-nav li').click(function() {\n                    var period = $(this).data('period');\n                    showPeriodContent(period);\n                });\n\n                $('.fletxaP').click(function() {\n                    \/\/ Find the current active period\n                    var currentPeriodIndex = periods.indexOf($('#timeline-nav li.active').data('period'));\n                    if ($(this).is('#prev-btn')) {\n                    \/\/ Show previous period\n                    var prevPeriodIndex = (currentPeriodIndex > 0) ? currentPeriodIndex - 1 : periods.length - 1;\n                    showPeriodContent(periods[prevPeriodIndex]);\n                    } else {\n                    \/\/ Show next period\n                    var nextPeriodIndex = (currentPeriodIndex < periods.length - 1) ? currentPeriodIndex + 1 : 0;\n                    showPeriodContent(periods[nextPeriodIndex]);\n                    }\n                });\n\n                \/\/ Initialize the first period as active\n                if (periods.length > 0) {\n                    showPeriodContent(periods[0]);\n                }\n            });\n            \/\/ Funci\u00f3 auxiliar per gestionar l'arrossegar\n            function handleSwipe(direction) {\n                var currentPeriodIndex = periods.indexOf($('#timeline-nav li.active').data('period'));\n                if (direction === 'left') {\n                    \/\/ Mostrar seg\u00fcent per\u00edode\n                    var nextPeriodIndex = (currentPeriodIndex < periods.length - 1) ? currentPeriodIndex + 1 : 0;\n                    showPeriodContent(periods[nextPeriodIndex]);\n                } else if (direction === 'right') {\n                    \/\/ Mostrar per\u00edode anterior\n                    var prevPeriodIndex = (currentPeriodIndex > 0) ? currentPeriodIndex - 1 : periods.length - 1;\n                    showPeriodContent(periods[prevPeriodIndex]);\n                }\n            }\n\n            \/\/ Afegir esdeveniments d'arrossegar a l'\u00e0rea de contingut\n            var touchstartX = 0;\n            var touchendX = 0;\n\n            $('.period-content').on('touchstart', function(event) {\n                debugger;\n                touchstartX = event.changedTouches[0].screenX;\n            });\n\n            $('.period-content').on('touchend', function(event) {\n                debugger;\n                touchendX = event.changedTouches[0].screenX;\n                if (touchendX < touchstartX) {\n                    handleSwipe('left');\n                }\n                if (touchendX > touchstartX) {\n                    handleSwipe('right');\n                }\n            });\n        <\/script>\n\n        <div class=\"blockHistoria\"> <nav><ul id=\"timeline-nav\" class=\"d-none d-md-flex\"><li class=\"active\" data-period=\"1924\" style=\"text-decoration:underline;\">1924<\/li><li class=\"\" data-period=\"ann\u00e9es &#039;20\" >ann\u00e9es &#039;20<\/li><li class=\"\" data-period=\"ann\u00e9es &#039;30\" >ann\u00e9es &#039;30<\/li><li class=\"\" data-period=\"ann\u00e9es &#039;40\" >ann\u00e9es &#039;40<\/li><li class=\"\" data-period=\"ann\u00e9es&#039; 50\" >ann\u00e9es&#039; 50<\/li><li class=\"\" data-period=\"ann\u00e9es &#039;60\" >ann\u00e9es &#039;60<\/li><li class=\"\" data-period=\"ann\u00e9es &#039;80\" >ann\u00e9es &#039;80<\/li><li class=\"\" data-period=\"ann\u00e9es &#039;90\" >ann\u00e9es &#039;90<\/li><li class=\"\" data-period=\"ann\u00e9es 2000&#039;s\" >ann\u00e9es 2000&#039;s<\/li><li class=\"\" data-period=\"ann\u00e9es 2010&#039;s\" >ann\u00e9es 2010&#039;s<\/li><li class=\"\" data-period=\"ann\u00e9es 2020&#039;s\" >ann\u00e9es 2020&#039;s<\/li><li class=\"\" data-period=\"2024\" style=\"text-decoration:underline;\">2024<\/li><\/ul><\/nav><div class=\"row\"><div class=\"col-2\"><\/div><div class=\"col-8\"><div class=\"history-container d-flex d-md-none\"><ul id=\"timeline-nav\" class=\"decade-column\"><li class=\"active\" data-period=\"1924\" >1924 <\/li><li class=\"\" data-period=\"ann\u00e9es &#039;20\" >ann\u00e9es &#039;20 <\/li><li class=\"\" data-period=\"ann\u00e9es &#039;30\" >ann\u00e9es &#039;30 <\/li><li class=\"\" data-period=\"ann\u00e9es &#039;40\" >ann\u00e9es &#039;40 <\/li><li class=\"\" data-period=\"ann\u00e9es&#039; 50\" >ann\u00e9es&#039; 50 <\/li><li class=\"\" data-period=\"ann\u00e9es &#039;60\" >ann\u00e9es &#039;60 <\/li><\/ul><ul id=\"timeline-nav\" class=\"decade-column\"><li class=\"\" data-period=\"ann\u00e9es &#039;80\" >ann\u00e9es &#039;80 <\/li><li class=\"\" data-period=\"ann\u00e9es &#039;90\" >ann\u00e9es &#039;90 <\/li><li class=\"\" data-period=\"ann\u00e9es 2000&#039;s\" >ann\u00e9es 2000&#039;s <\/li><li class=\"\" data-period=\"ann\u00e9es 2010&#039;s\" >ann\u00e9es 2010&#039;s <\/li><li class=\"\" data-period=\"ann\u00e9es 2020&#039;s\" >ann\u00e9es 2020&#039;s <\/li><li class=\"\" data-period=\"2024\" >2024 <\/li> <\/ul><\/div><\/div><div class=\"col-2\"><\/div><\/div><div id=\"content-area\" class=\"bloc_historia classeHistoria\"><div class=\"period-content active\" data-period=\"1924\"><div class=\"p-0 p-md-4\">\n                    <div class=\"row d-none d-md-flex\">\n                        <div class=\"col-3\"><\/div>\n                        <div class=\"col-6\">\n                            <div class=\"row text-center\">\n                                <div class=\"col-12\">\n                                    <h5 class=\"classeTitolh5\" style=\"text-align:center!important;\">1924<\/h5>\n                                    <p class=\"textHistoria\">Juli\u00e0 Ferrer et Manela Farga Pons fondateurs de l&#039;entreprise.<\/p>\n                                <\/div>\n                            <\/div>\n                            <div class=\"row text-center\">\n                                <div class=\"col-12\" style=\"position:relative\">\n                                    <div class=\"botoEsquerraPC\">\n                                        <p class=\"fletxaP\" id=\"prev-btn\"><img decoding=\"async\" src=\"\/wp-content\/themes\/fferrer\/img\/fletxa_historia_esq.png\"><\/p>\n                                    <\/div>\n                                    <div class=\"botoDretaPC\">\n                                        <p class=\"fletxaP\" id=\"next-btn\"><img decoding=\"async\" src=\"\/wp-content\/themes\/fferrer\/img\/fletxa_historia.png\"><\/p>\n                                    <\/div>\n                                    <img decoding=\"async\" width=\"100%\" src=\"https:\/\/fferrer.com\/wp-content\/uploads\/2023\/12\/00_1924_-Julia-i-manela_Ferrer-02-scaled.jpg\" class=\"img-fluid\" alt=\"1924\">\n                                <\/div>\n                            <\/div>\n                        <\/div>\n                        <div class=\"col-3\"><\/div>\n                    <\/div>\n                    <div class=\"row d-flex d-md-none\">\n                        <div class=\"col-0 col-md-1\"><\/div>\n                        <div class=\"col-12 col-md-10\" style=\"position: relative;\">\n                            <img decoding=\"async\" width=\"100%\" src=\"https:\/\/fferrer.com\/wp-content\/uploads\/2023\/12\/00_1924_-Julia-i-manela_Ferrer-02-scaled.jpg\" class=\"img-fluid\" alt=\"1924\">\n                            <div class=\"botoEsquerra\">\n                                <p class=\"fletxaP\" id=\"prev-btn\"><img decoding=\"async\" src=\"\/wp-content\/themes\/fferrer\/img\/fletxa_historia_esq.png\"><\/p>\n                            <\/div>\n                            <div class=\"botoDreta\">\n                                <p class=\"fletxaP\" id=\"next-btn\"><img decoding=\"async\" src=\"\/wp-content\/themes\/fferrer\/img\/fletxa_historia.png\"><\/p>\n                            <\/div>\n                        <\/div>\n                        <div class=\"col-0 col-md-1\"><\/div>\n                    <\/div>\n                    <div class=\"row d-flex d-md-none pt-3\">\n                        <div class=\"col-1\"><\/div>\n                        <div class=\"col-10\">\n                            <h5 class=\"classeTitolh5\">1924<\/h5>\n                            <p class=\"textHistoria\">Juli\u00e0 Ferrer et Manela Farga Pons fondateurs de l&#039;entreprise.<\/p>\n                        <\/div>\n                        <div class=\"col-1\"><\/div>\n                    <\/div>\n                <\/div><\/div><div class=\"period-content\" data-period=\"ann\u00e9es &#039;20\" style=\"display:none\"><div class=\"p-0 p-md-4\">\n                    <div class=\"row d-none d-md-flex\">\n                        <div class=\"col-3\"><\/div>\n                        <div class=\"col-6\">\n                            <div class=\"row text-center\">\n                                <div class=\"col-12\">\n                                    <h5 class=\"classeTitolh5\" style=\"text-align:center!important;\">Ann\u00e9es 20<\/h5>\n                                    <p class=\"textHistoria\">L&#039;entreprise a \u00e9t\u00e9 lanc\u00e9e par Juli\u00e0 et Manela (grands-parents de l&#039;actuel g\u00e9rant) qui achetaient le poisson \u00e0 Barcelone et le recevaient \u00e0 la gare de Vic, et le chargeaient avec des brouettes jusqu&#039;\u00e0 l&#039;arr\u00eat.<\/p>\n                                <\/div>\n                            <\/div>\n                            <div class=\"row text-center\">\n                                <div class=\"col-12\" style=\"position:relative\">\n                                    <div class=\"botoEsquerraPC\">\n                                        <p class=\"fletxaP\" id=\"prev-btn\"><img decoding=\"async\" src=\"\/wp-content\/themes\/fferrer\/img\/fletxa_historia_esq.png\"><\/p>\n                                    <\/div>\n                                    <div class=\"botoDretaPC\">\n                                        <p class=\"fletxaP\" id=\"next-btn\"><img decoding=\"async\" src=\"\/wp-content\/themes\/fferrer\/img\/fletxa_historia.png\"><\/p>\n                                    <\/div>\n                                    <img decoding=\"async\" width=\"100%\" src=\"https:\/\/fferrer.com\/wp-content\/uploads\/2024\/01\/01_20.avi-JULIA-062-A.jpg\" class=\"img-fluid\" alt=\"ann\u00e9es &#039;20\">\n                                <\/div>\n                            <\/div>\n                        <\/div>\n                        <div class=\"col-3\"><\/div>\n                    <\/div>\n                    <div class=\"row d-flex d-md-none\">\n                        <div class=\"col-0 col-md-1\"><\/div>\n                        <div class=\"col-12 col-md-10\" style=\"position: relative;\">\n                            <img decoding=\"async\" width=\"100%\" src=\"https:\/\/fferrer.com\/wp-content\/uploads\/2024\/01\/01_20.avi-JULIA-062-A.jpg\" class=\"img-fluid\" alt=\"ann\u00e9es &#039;20\">\n                            <div class=\"botoEsquerra\">\n                                <p class=\"fletxaP\" id=\"prev-btn\"><img decoding=\"async\" src=\"\/wp-content\/themes\/fferrer\/img\/fletxa_historia_esq.png\"><\/p>\n                            <\/div>\n                            <div class=\"botoDreta\">\n                                <p class=\"fletxaP\" id=\"next-btn\"><img decoding=\"async\" src=\"\/wp-content\/themes\/fferrer\/img\/fletxa_historia.png\"><\/p>\n                            <\/div>\n                        <\/div>\n                        <div class=\"col-0 col-md-1\"><\/div>\n                    <\/div>\n                    <div class=\"row d-flex d-md-none pt-3\">\n                        <div class=\"col-1\"><\/div>\n                        <div class=\"col-10\">\n                            <h5 class=\"classeTitolh5\">Ann\u00e9es 20<\/h5>\n                            <p class=\"textHistoria\">L&#039;entreprise a \u00e9t\u00e9 lanc\u00e9e par Juli\u00e0 et Manela (grands-parents de l&#039;actuel g\u00e9rant) qui achetaient le poisson \u00e0 Barcelone et le recevaient \u00e0 la gare de Vic, et le chargeaient avec des brouettes jusqu&#039;\u00e0 l&#039;arr\u00eat.<\/p>\n                        <\/div>\n                        <div class=\"col-1\"><\/div>\n                    <\/div>\n                <\/div><\/div><div class=\"period-content\" data-period=\"ann\u00e9es &#039;30\" style=\"display:none\"><div class=\"p-0 p-md-4\">\n                    <div class=\"row d-none d-md-flex\">\n                        <div class=\"col-3\"><\/div>\n                        <div class=\"col-6\">\n                            <div class=\"row text-center\">\n                                <div class=\"col-12\">\n                                    <h5 class=\"classeTitolh5\" style=\"text-align:center!important;\">Ann\u00e9es 30<\/h5>\n                                    <p class=\"textHistoria\">Avec le bon fonctionnement de l&#039;affaire, l&#039;arr\u00eat initial de la Carrer de la Ramada a \u00e9t\u00e9 compl\u00e9t\u00e9 par les march\u00e9s hebdomadaires de la Pla\u00e7a del Pes (avant le poisson) et, plus tard, par l&#039;ouverture du magasin.<\/p>\n                                <\/div>\n                            <\/div>\n                            <div class=\"row text-center\">\n                                <div class=\"col-12\" style=\"position:relative\">\n                                    <div class=\"botoEsquerraPC\">\n                                        <p class=\"fletxaP\" id=\"prev-btn\"><img decoding=\"async\" src=\"\/wp-content\/themes\/fferrer\/img\/fletxa_historia_esq.png\"><\/p>\n                                    <\/div>\n                                    <div class=\"botoDretaPC\">\n                                        <p class=\"fletxaP\" id=\"next-btn\"><img decoding=\"async\" src=\"\/wp-content\/themes\/fferrer\/img\/fletxa_historia.png\"><\/p>\n                                    <\/div>\n                                    <img decoding=\"async\" width=\"100%\" src=\"https:\/\/fferrer.com\/wp-content\/uploads\/2024\/01\/02_E2D0944.jpg\" class=\"img-fluid\" alt=\"ann\u00e9es &#039;30\">\n                                <\/div>\n                            <\/div>\n                        <\/div>\n                        <div class=\"col-3\"><\/div>\n                    <\/div>\n                    <div class=\"row d-flex d-md-none\">\n                        <div class=\"col-0 col-md-1\"><\/div>\n                        <div class=\"col-12 col-md-10\" style=\"position: relative;\">\n                            <img decoding=\"async\" width=\"100%\" src=\"https:\/\/fferrer.com\/wp-content\/uploads\/2024\/01\/02_E2D0944.jpg\" class=\"img-fluid\" alt=\"ann\u00e9es &#039;30\">\n                            <div class=\"botoEsquerra\">\n                                <p class=\"fletxaP\" id=\"prev-btn\"><img decoding=\"async\" src=\"\/wp-content\/themes\/fferrer\/img\/fletxa_historia_esq.png\"><\/p>\n                            <\/div>\n                            <div class=\"botoDreta\">\n                                <p class=\"fletxaP\" id=\"next-btn\"><img decoding=\"async\" src=\"\/wp-content\/themes\/fferrer\/img\/fletxa_historia.png\"><\/p>\n                            <\/div>\n                        <\/div>\n                        <div class=\"col-0 col-md-1\"><\/div>\n                    <\/div>\n                    <div class=\"row d-flex d-md-none pt-3\">\n                        <div class=\"col-1\"><\/div>\n                        <div class=\"col-10\">\n                            <h5 class=\"classeTitolh5\">Ann\u00e9es 30<\/h5>\n                            <p class=\"textHistoria\">Avec le bon fonctionnement de l&#039;affaire, l&#039;arr\u00eat initial de la Carrer de la Ramada a \u00e9t\u00e9 compl\u00e9t\u00e9 par les march\u00e9s hebdomadaires de la Pla\u00e7a del Pes (avant le poisson) et, plus tard, par l&#039;ouverture du magasin.<\/p>\n                        <\/div>\n                        <div class=\"col-1\"><\/div>\n                    <\/div>\n                <\/div><\/div><div class=\"period-content\" data-period=\"ann\u00e9es &#039;40\" style=\"display:none\"><div class=\"p-0 p-md-4\">\n                    <div class=\"row d-none d-md-flex\">\n                        <div class=\"col-3\"><\/div>\n                        <div class=\"col-6\">\n                            <div class=\"row text-center\">\n                                <div class=\"col-12\">\n                                    <h5 class=\"classeTitolh5\" style=\"text-align:center!important;\">Ann\u00e9es 40<\/h5>\n                                    <p class=\"textHistoria\">La poissonnerie &quot;Can Manela&quot;, situ\u00e9e dans la rue centrale des *Argenters de Vic, devient un commerce de r\u00e9f\u00e9rence dans la ville, apr\u00e8s que la famille l&#039;ait maintenue ouverte pendant pr\u00e8s de 70 ans.<\/p>\n                                <\/div>\n                            <\/div>\n                            <div class=\"row text-center\">\n                                <div class=\"col-12\" style=\"position:relative\">\n                                    <div class=\"botoEsquerraPC\">\n                                        <p class=\"fletxaP\" id=\"prev-btn\"><img decoding=\"async\" src=\"\/wp-content\/themes\/fferrer\/img\/fletxa_historia_esq.png\"><\/p>\n                                    <\/div>\n                                    <div class=\"botoDretaPC\">\n                                        <p class=\"fletxaP\" id=\"next-btn\"><img decoding=\"async\" src=\"\/wp-content\/themes\/fferrer\/img\/fletxa_historia.png\"><\/p>\n                                    <\/div>\n                                    <img decoding=\"async\" width=\"100%\" src=\"https:\/\/fferrer.com\/wp-content\/uploads\/2024\/01\/03_Cala-Manela-.jpg\" class=\"img-fluid\" alt=\"ann\u00e9es &#039;40\">\n                                <\/div>\n                            <\/div>\n                        <\/div>\n                        <div class=\"col-3\"><\/div>\n                    <\/div>\n                    <div class=\"row d-flex d-md-none\">\n                        <div class=\"col-0 col-md-1\"><\/div>\n                        <div class=\"col-12 col-md-10\" style=\"position: relative;\">\n                            <img decoding=\"async\" width=\"100%\" src=\"https:\/\/fferrer.com\/wp-content\/uploads\/2024\/01\/03_Cala-Manela-.jpg\" class=\"img-fluid\" alt=\"ann\u00e9es &#039;40\">\n                            <div class=\"botoEsquerra\">\n                                <p class=\"fletxaP\" id=\"prev-btn\"><img decoding=\"async\" src=\"\/wp-content\/themes\/fferrer\/img\/fletxa_historia_esq.png\"><\/p>\n                            <\/div>\n                            <div class=\"botoDreta\">\n                                <p class=\"fletxaP\" id=\"next-btn\"><img decoding=\"async\" src=\"\/wp-content\/themes\/fferrer\/img\/fletxa_historia.png\"><\/p>\n                            <\/div>\n                        <\/div>\n                        <div class=\"col-0 col-md-1\"><\/div>\n                    <\/div>\n                    <div class=\"row d-flex d-md-none pt-3\">\n                        <div class=\"col-1\"><\/div>\n                        <div class=\"col-10\">\n                            <h5 class=\"classeTitolh5\">Ann\u00e9es 40<\/h5>\n                            <p class=\"textHistoria\">La poissonnerie &quot;Can Manela&quot;, situ\u00e9e dans la rue centrale des *Argenters de Vic, devient un commerce de r\u00e9f\u00e9rence dans la ville, apr\u00e8s que la famille l&#039;ait maintenue ouverte pendant pr\u00e8s de 70 ans.<\/p>\n                        <\/div>\n                        <div class=\"col-1\"><\/div>\n                    <\/div>\n                <\/div><\/div><div class=\"period-content\" data-period=\"ann\u00e9es&#039; 50\" style=\"display:none\"><div class=\"p-0 p-md-4\">\n                    <div class=\"row d-none d-md-flex\">\n                        <div class=\"col-3\"><\/div>\n                        <div class=\"col-6\">\n                            <div class=\"row text-center\">\n                                <div class=\"col-12\">\n                                    <h5 class=\"classeTitolh5\" style=\"text-align:center!important;\">Ann\u00e9es 50<\/h5>\n                                    <p class=\"textHistoria\">Quand F\u00e8lix Ferrer (fils de Julia et Manela) dirigeait d\u00e9j\u00e0 l&#039;entreprise, il a ouvert un petit entrep\u00f4t avec un grand r\u00e9frig\u00e9rateur pour produits surgel\u00e9s (stockage de la glace) et, \u00e0 partir de l\u00e0, il a mis en place l&#039;un des premiers circuits de vente et de service de produits surgel\u00e9s, un pionnier dans la r\u00e9gion d&#039;Osona.<\/p>\n                                <\/div>\n                            <\/div>\n                            <div class=\"row text-center\">\n                                <div class=\"col-12\" style=\"position:relative\">\n                                    <div class=\"botoEsquerraPC\">\n                                        <p class=\"fletxaP\" id=\"prev-btn\"><img decoding=\"async\" src=\"\/wp-content\/themes\/fferrer\/img\/fletxa_historia_esq.png\"><\/p>\n                                    <\/div>\n                                    <div class=\"botoDretaPC\">\n                                        <p class=\"fletxaP\" id=\"next-btn\"><img decoding=\"async\" src=\"\/wp-content\/themes\/fferrer\/img\/fletxa_historia.png\"><\/p>\n                                    <\/div>\n                                    <img decoding=\"async\" width=\"100%\" src=\"https:\/\/fferrer.com\/wp-content\/uploads\/2024\/01\/04_furgo-vintage.jpg\" class=\"img-fluid\" alt=\"ann\u00e9es&#039; 50\">\n                                <\/div>\n                            <\/div>\n                        <\/div>\n                        <div class=\"col-3\"><\/div>\n                    <\/div>\n                    <div class=\"row d-flex d-md-none\">\n                        <div class=\"col-0 col-md-1\"><\/div>\n                        <div class=\"col-12 col-md-10\" style=\"position: relative;\">\n                            <img decoding=\"async\" width=\"100%\" src=\"https:\/\/fferrer.com\/wp-content\/uploads\/2024\/01\/04_furgo-vintage.jpg\" class=\"img-fluid\" alt=\"ann\u00e9es&#039; 50\">\n                            <div class=\"botoEsquerra\">\n                                <p class=\"fletxaP\" id=\"prev-btn\"><img decoding=\"async\" src=\"\/wp-content\/themes\/fferrer\/img\/fletxa_historia_esq.png\"><\/p>\n                            <\/div>\n                            <div class=\"botoDreta\">\n                                <p class=\"fletxaP\" id=\"next-btn\"><img decoding=\"async\" src=\"\/wp-content\/themes\/fferrer\/img\/fletxa_historia.png\"><\/p>\n                            <\/div>\n                        <\/div>\n                        <div class=\"col-0 col-md-1\"><\/div>\n                    <\/div>\n                    <div class=\"row d-flex d-md-none pt-3\">\n                        <div class=\"col-1\"><\/div>\n                        <div class=\"col-10\">\n                            <h5 class=\"classeTitolh5\">Ann\u00e9es 50<\/h5>\n                            <p class=\"textHistoria\">Quand F\u00e8lix Ferrer (fils de Julia et Manela) dirigeait d\u00e9j\u00e0 l&#039;entreprise, il a ouvert un petit entrep\u00f4t avec un grand r\u00e9frig\u00e9rateur pour produits surgel\u00e9s (stockage de la glace) et, \u00e0 partir de l\u00e0, il a mis en place l&#039;un des premiers circuits de vente et de service de produits surgel\u00e9s, un pionnier dans la r\u00e9gion d&#039;Osona.<\/p>\n                        <\/div>\n                        <div class=\"col-1\"><\/div>\n                    <\/div>\n                <\/div><\/div><div class=\"period-content\" data-period=\"ann\u00e9es &#039;60\" style=\"display:none\"><div class=\"p-0 p-md-4\">\n                    <div class=\"row d-none d-md-flex\">\n                        <div class=\"col-3\"><\/div>\n                        <div class=\"col-6\">\n                            <div class=\"row text-center\">\n                                <div class=\"col-12\">\n                                    <h5 class=\"classeTitolh5\" style=\"text-align:center!important;\">Ann\u00e9es 60<\/h5>\n                                    <p class=\"textHistoria\">Le grand changement se produit lorsque, voyant l&#039;acceptation du commerce du poisson frais et surgel\u00e9, il se lance dans un pari courageux : ouvrir un grand entrep\u00f4t d&#039;une capacit\u00e9 suffisante pour commencer \u00e0 stocker et \u00e0 commercialiser le produit en grandes quantit\u00e9s.<\/p>\n                                <\/div>\n                            <\/div>\n                            <div class=\"row text-center\">\n                                <div class=\"col-12\" style=\"position:relative\">\n                                    <div class=\"botoEsquerraPC\">\n                                        <p class=\"fletxaP\" id=\"prev-btn\"><img decoding=\"async\" src=\"\/wp-content\/themes\/fferrer\/img\/fletxa_historia_esq.png\"><\/p>\n                                    <\/div>\n                                    <div class=\"botoDretaPC\">\n                                        <p class=\"fletxaP\" id=\"next-btn\"><img decoding=\"async\" src=\"\/wp-content\/themes\/fferrer\/img\/fletxa_historia.png\"><\/p>\n                                    <\/div>\n                                    <img decoding=\"async\" width=\"100%\" src=\"https:\/\/fferrer.com\/wp-content\/uploads\/2024\/01\/05_Vic-magatzem-antic_E2D0976.jpg\" class=\"img-fluid\" alt=\"ann\u00e9es &#039;60\">\n                                <\/div>\n                            <\/div>\n                        <\/div>\n                        <div class=\"col-3\"><\/div>\n                    <\/div>\n                    <div class=\"row d-flex d-md-none\">\n                        <div class=\"col-0 col-md-1\"><\/div>\n                        <div class=\"col-12 col-md-10\" style=\"position: relative;\">\n                            <img decoding=\"async\" width=\"100%\" src=\"https:\/\/fferrer.com\/wp-content\/uploads\/2024\/01\/05_Vic-magatzem-antic_E2D0976.jpg\" class=\"img-fluid\" alt=\"ann\u00e9es &#039;60\">\n                            <div class=\"botoEsquerra\">\n                                <p class=\"fletxaP\" id=\"prev-btn\"><img decoding=\"async\" src=\"\/wp-content\/themes\/fferrer\/img\/fletxa_historia_esq.png\"><\/p>\n                            <\/div>\n                            <div class=\"botoDreta\">\n                                <p class=\"fletxaP\" id=\"next-btn\"><img decoding=\"async\" src=\"\/wp-content\/themes\/fferrer\/img\/fletxa_historia.png\"><\/p>\n                            <\/div>\n                        <\/div>\n                        <div class=\"col-0 col-md-1\"><\/div>\n                    <\/div>\n                    <div class=\"row d-flex d-md-none pt-3\">\n                        <div class=\"col-1\"><\/div>\n                        <div class=\"col-10\">\n                            <h5 class=\"classeTitolh5\">Ann\u00e9es 60<\/h5>\n                            <p class=\"textHistoria\">Le grand changement se produit lorsque, voyant l&#039;acceptation du commerce du poisson frais et surgel\u00e9, il se lance dans un pari courageux : ouvrir un grand entrep\u00f4t d&#039;une capacit\u00e9 suffisante pour commencer \u00e0 stocker et \u00e0 commercialiser le produit en grandes quantit\u00e9s.<\/p>\n                        <\/div>\n                        <div class=\"col-1\"><\/div>\n                    <\/div>\n                <\/div><\/div><div class=\"period-content\" data-period=\"ann\u00e9es &#039;80\" style=\"display:none\"><div class=\"p-0 p-md-4\">\n                    <div class=\"row d-none d-md-flex\">\n                        <div class=\"col-3\"><\/div>\n                        <div class=\"col-6\">\n                            <div class=\"row text-center\">\n                                <div class=\"col-12\">\n                                    <h5 class=\"classeTitolh5\" style=\"text-align:center!important;\">Ann\u00e9es 80<\/h5>\n                                    <p class=\"textHistoria\">Premi\u00e8re concession de Frigo pour la distribution exclusive \u00e0 Osona et Ripoll\u00e8s avec la soci\u00e9t\u00e9 &quot;Ferfri&quot;, et quelques ann\u00e9es plus tard Manresa et Berga ont \u00e9t\u00e9 ajout\u00e9s, ce qui a conduit \u00e0 l&#039;installation dans un entrep\u00f4t dans la r\u00e9gion, qui a \u00e9t\u00e9 la premi\u00e8re d\u00e9l\u00e9gation Ferrer en dehors de Vic.<\/p>\n                                <\/div>\n                            <\/div>\n                            <div class=\"row text-center\">\n                                <div class=\"col-12\" style=\"position:relative\">\n                                    <div class=\"botoEsquerraPC\">\n                                        <p class=\"fletxaP\" id=\"prev-btn\"><img decoding=\"async\" src=\"\/wp-content\/themes\/fferrer\/img\/fletxa_historia_esq.png\"><\/p>\n                                    <\/div>\n                                    <div class=\"botoDretaPC\">\n                                        <p class=\"fletxaP\" id=\"next-btn\"><img decoding=\"async\" src=\"\/wp-content\/themes\/fferrer\/img\/fletxa_historia.png\"><\/p>\n                                    <\/div>\n                                    <img decoding=\"async\" width=\"100%\" src=\"https:\/\/fferrer.com\/wp-content\/uploads\/2024\/01\/06_Ferfri-Frigo--scaled.jpg\" class=\"img-fluid\" alt=\"ann\u00e9es &#039;80\">\n                                <\/div>\n                            <\/div>\n                        <\/div>\n                        <div class=\"col-3\"><\/div>\n                    <\/div>\n                    <div class=\"row d-flex d-md-none\">\n                        <div class=\"col-0 col-md-1\"><\/div>\n                        <div class=\"col-12 col-md-10\" style=\"position: relative;\">\n                            <img decoding=\"async\" width=\"100%\" src=\"https:\/\/fferrer.com\/wp-content\/uploads\/2024\/01\/06_Ferfri-Frigo--scaled.jpg\" class=\"img-fluid\" alt=\"ann\u00e9es &#039;80\">\n                            <div class=\"botoEsquerra\">\n                                <p class=\"fletxaP\" id=\"prev-btn\"><img decoding=\"async\" src=\"\/wp-content\/themes\/fferrer\/img\/fletxa_historia_esq.png\"><\/p>\n                            <\/div>\n                            <div class=\"botoDreta\">\n                                <p class=\"fletxaP\" id=\"next-btn\"><img decoding=\"async\" src=\"\/wp-content\/themes\/fferrer\/img\/fletxa_historia.png\"><\/p>\n                            <\/div>\n                        <\/div>\n                        <div class=\"col-0 col-md-1\"><\/div>\n                    <\/div>\n                    <div class=\"row d-flex d-md-none pt-3\">\n                        <div class=\"col-1\"><\/div>\n                        <div class=\"col-10\">\n                            <h5 class=\"classeTitolh5\">Ann\u00e9es 80<\/h5>\n                            <p class=\"textHistoria\">Premi\u00e8re concession de Frigo pour la distribution exclusive \u00e0 Osona et Ripoll\u00e8s avec la soci\u00e9t\u00e9 &quot;Ferfri&quot;, et quelques ann\u00e9es plus tard Manresa et Berga ont \u00e9t\u00e9 ajout\u00e9s, ce qui a conduit \u00e0 l&#039;installation dans un entrep\u00f4t dans la r\u00e9gion, qui a \u00e9t\u00e9 la premi\u00e8re d\u00e9l\u00e9gation Ferrer en dehors de Vic.<\/p>\n                        <\/div>\n                        <div class=\"col-1\"><\/div>\n                    <\/div>\n                <\/div><\/div><div class=\"period-content\" data-period=\"ann\u00e9es &#039;90\" style=\"display:none\"><div class=\"p-0 p-md-4\">\n                    <div class=\"row d-none d-md-flex\">\n                        <div class=\"col-3\"><\/div>\n                        <div class=\"col-6\">\n                            <div class=\"row text-center\">\n                                <div class=\"col-12\">\n                                    <h5 class=\"classeTitolh5\" style=\"text-align:center!important;\">Ann\u00e9es 90<\/h5>\n                                    <p class=\"textHistoria\">Des d\u00e9l\u00e9gations successives ont \u00e9t\u00e9 incorpor\u00e9es \u00e0 l&#039;entreprise dans le but de couvrir les besoins de chaque zone de mani\u00e8re flexible, rapide et proche : Figueres, Terrassa, Tarragona, Andorra, Girona et Lleida.<\/p>\n                                <\/div>\n                            <\/div>\n                            <div class=\"row text-center\">\n                                <div class=\"col-12\" style=\"position:relative\">\n                                    <div class=\"botoEsquerraPC\">\n                                        <p class=\"fletxaP\" id=\"prev-btn\"><img decoding=\"async\" src=\"\/wp-content\/themes\/fferrer\/img\/fletxa_historia_esq.png\"><\/p>\n                                    <\/div>\n                                    <div class=\"botoDretaPC\">\n                                        <p class=\"fletxaP\" id=\"next-btn\"><img decoding=\"async\" src=\"\/wp-content\/themes\/fferrer\/img\/fletxa_historia.png\"><\/p>\n                                    <\/div>\n                                    <img decoding=\"async\" width=\"100%\" src=\"https:\/\/fferrer.com\/wp-content\/uploads\/2024\/01\/07_Ferrer-15-scaled.jpg\" class=\"img-fluid\" alt=\"ann\u00e9es &#039;90\">\n                                <\/div>\n                            <\/div>\n                        <\/div>\n                        <div class=\"col-3\"><\/div>\n                    <\/div>\n                    <div class=\"row d-flex d-md-none\">\n                        <div class=\"col-0 col-md-1\"><\/div>\n                        <div class=\"col-12 col-md-10\" style=\"position: relative;\">\n                            <img decoding=\"async\" width=\"100%\" src=\"https:\/\/fferrer.com\/wp-content\/uploads\/2024\/01\/07_Ferrer-15-scaled.jpg\" class=\"img-fluid\" alt=\"ann\u00e9es &#039;90\">\n                            <div class=\"botoEsquerra\">\n                                <p class=\"fletxaP\" id=\"prev-btn\"><img decoding=\"async\" src=\"\/wp-content\/themes\/fferrer\/img\/fletxa_historia_esq.png\"><\/p>\n                            <\/div>\n                            <div class=\"botoDreta\">\n                                <p class=\"fletxaP\" id=\"next-btn\"><img decoding=\"async\" src=\"\/wp-content\/themes\/fferrer\/img\/fletxa_historia.png\"><\/p>\n                            <\/div>\n                        <\/div>\n                        <div class=\"col-0 col-md-1\"><\/div>\n                    <\/div>\n                    <div class=\"row d-flex d-md-none pt-3\">\n                        <div class=\"col-1\"><\/div>\n                        <div class=\"col-10\">\n                            <h5 class=\"classeTitolh5\">Ann\u00e9es 90<\/h5>\n                            <p class=\"textHistoria\">Des d\u00e9l\u00e9gations successives ont \u00e9t\u00e9 incorpor\u00e9es \u00e0 l&#039;entreprise dans le but de couvrir les besoins de chaque zone de mani\u00e8re flexible, rapide et proche : Figueres, Terrassa, Tarragona, Andorra, Girona et Lleida.<\/p>\n                        <\/div>\n                        <div class=\"col-1\"><\/div>\n                    <\/div>\n                <\/div><\/div><div class=\"period-content\" data-period=\"ann\u00e9es 2000&#039;s\" style=\"display:none\"><div class=\"p-0 p-md-4\">\n                    <div class=\"row d-none d-md-flex\">\n                        <div class=\"col-3\"><\/div>\n                        <div class=\"col-6\">\n                            <div class=\"row text-center\">\n                                <div class=\"col-12\">\n                                    <h5 class=\"classeTitolh5\" style=\"text-align:center!important;\">Ann\u00e9es 2000&#039;s<\/h5>\n                                    <p class=\"textHistoria\">Agrandissement des bureaux centraux de Vic, qui sont devenus les installations actuelles avec plus de 10 000 m\u00b2 d&#039;espace et 2 500 m\u00b3 de chambres frigorifiques. Nous avons ajout\u00e9 des quais de d\u00e9chargement, des chambres froides et des bureaux.<\/p>\n                                <\/div>\n                            <\/div>\n                            <div class=\"row text-center\">\n                                <div class=\"col-12\" style=\"position:relative\">\n                                    <div class=\"botoEsquerraPC\">\n                                        <p class=\"fletxaP\" id=\"prev-btn\"><img decoding=\"async\" src=\"\/wp-content\/themes\/fferrer\/img\/fletxa_historia_esq.png\"><\/p>\n                                    <\/div>\n                                    <div class=\"botoDretaPC\">\n                                        <p class=\"fletxaP\" id=\"next-btn\"><img decoding=\"async\" src=\"\/wp-content\/themes\/fferrer\/img\/fletxa_historia.png\"><\/p>\n                                    <\/div>\n                                    <img decoding=\"async\" width=\"100%\" src=\"https:\/\/fferrer.com\/wp-content\/uploads\/2024\/01\/08_20210705_172635-1-scaled.jpg\" class=\"img-fluid\" alt=\"ann\u00e9es 2000&#039;s\">\n                                <\/div>\n                            <\/div>\n                        <\/div>\n                        <div class=\"col-3\"><\/div>\n                    <\/div>\n                    <div class=\"row d-flex d-md-none\">\n                        <div class=\"col-0 col-md-1\"><\/div>\n                        <div class=\"col-12 col-md-10\" style=\"position: relative;\">\n                            <img decoding=\"async\" width=\"100%\" src=\"https:\/\/fferrer.com\/wp-content\/uploads\/2024\/01\/08_20210705_172635-1-scaled.jpg\" class=\"img-fluid\" alt=\"ann\u00e9es 2000&#039;s\">\n                            <div class=\"botoEsquerra\">\n                                <p class=\"fletxaP\" id=\"prev-btn\"><img decoding=\"async\" src=\"\/wp-content\/themes\/fferrer\/img\/fletxa_historia_esq.png\"><\/p>\n                            <\/div>\n                            <div class=\"botoDreta\">\n                                <p class=\"fletxaP\" id=\"next-btn\"><img decoding=\"async\" src=\"\/wp-content\/themes\/fferrer\/img\/fletxa_historia.png\"><\/p>\n                            <\/div>\n                        <\/div>\n                        <div class=\"col-0 col-md-1\"><\/div>\n                    <\/div>\n                    <div class=\"row d-flex d-md-none pt-3\">\n                        <div class=\"col-1\"><\/div>\n                        <div class=\"col-10\">\n                            <h5 class=\"classeTitolh5\">Ann\u00e9es 2000&#039;s<\/h5>\n                            <p class=\"textHistoria\">Agrandissement des bureaux centraux de Vic, qui sont devenus les installations actuelles avec plus de 10 000 m\u00b2 d&#039;espace et 2 500 m\u00b3 de chambres frigorifiques. Nous avons ajout\u00e9 des quais de d\u00e9chargement, des chambres froides et des bureaux.<\/p>\n                        <\/div>\n                        <div class=\"col-1\"><\/div>\n                    <\/div>\n                <\/div><\/div><div class=\"period-content\" data-period=\"ann\u00e9es 2010&#039;s\" style=\"display:none\"><div class=\"p-0 p-md-4\">\n                    <div class=\"row d-none d-md-flex\">\n                        <div class=\"col-3\"><\/div>\n                        <div class=\"col-6\">\n                            <div class=\"row text-center\">\n                                <div class=\"col-12\">\n                                    <h5 class=\"classeTitolh5\" style=\"text-align:center!important;\">Ann\u00e9es 2010&#039;s<\/h5>\n                                    <p class=\"textHistoria\">Acquisition d&#039;un grand entrep\u00f4t de *Mercabarna en face du march\u00e9 aux poissons de Barcelone, d&#039;o\u00f9 sont actuellement centralis\u00e9s l&#039;achat, la gestion et le traitement de tous les poissons et fruits de mer frais, qui parviennent quotidiennement au reste des d\u00e9l\u00e9gations.<\/p>\n                                <\/div>\n                            <\/div>\n                            <div class=\"row text-center\">\n                                <div class=\"col-12\" style=\"position:relative\">\n                                    <div class=\"botoEsquerraPC\">\n                                        <p class=\"fletxaP\" id=\"prev-btn\"><img decoding=\"async\" src=\"\/wp-content\/themes\/fferrer\/img\/fletxa_historia_esq.png\"><\/p>\n                                    <\/div>\n                                    <div class=\"botoDretaPC\">\n                                        <p class=\"fletxaP\" id=\"next-btn\"><img decoding=\"async\" src=\"\/wp-content\/themes\/fferrer\/img\/fletxa_historia.png\"><\/p>\n                                    <\/div>\n                                    <img decoding=\"async\" width=\"100%\" src=\"https:\/\/fferrer.com\/wp-content\/uploads\/2024\/01\/09_Mercabarna-FERRER_CIMG3368-scaled.jpg\" class=\"img-fluid\" alt=\"ann\u00e9es 2010&#039;s\">\n                                <\/div>\n                            <\/div>\n                        <\/div>\n                        <div class=\"col-3\"><\/div>\n                    <\/div>\n                    <div class=\"row d-flex d-md-none\">\n                        <div class=\"col-0 col-md-1\"><\/div>\n                        <div class=\"col-12 col-md-10\" style=\"position: relative;\">\n                            <img decoding=\"async\" width=\"100%\" src=\"https:\/\/fferrer.com\/wp-content\/uploads\/2024\/01\/09_Mercabarna-FERRER_CIMG3368-scaled.jpg\" class=\"img-fluid\" alt=\"ann\u00e9es 2010&#039;s\">\n                            <div class=\"botoEsquerra\">\n                                <p class=\"fletxaP\" id=\"prev-btn\"><img decoding=\"async\" src=\"\/wp-content\/themes\/fferrer\/img\/fletxa_historia_esq.png\"><\/p>\n                            <\/div>\n                            <div class=\"botoDreta\">\n                                <p class=\"fletxaP\" id=\"next-btn\"><img decoding=\"async\" src=\"\/wp-content\/themes\/fferrer\/img\/fletxa_historia.png\"><\/p>\n                            <\/div>\n                        <\/div>\n                        <div class=\"col-0 col-md-1\"><\/div>\n                    <\/div>\n                    <div class=\"row d-flex d-md-none pt-3\">\n                        <div class=\"col-1\"><\/div>\n                        <div class=\"col-10\">\n                            <h5 class=\"classeTitolh5\">Ann\u00e9es 2010&#039;s<\/h5>\n                            <p class=\"textHistoria\">Acquisition d&#039;un grand entrep\u00f4t de *Mercabarna en face du march\u00e9 aux poissons de Barcelone, d&#039;o\u00f9 sont actuellement centralis\u00e9s l&#039;achat, la gestion et le traitement de tous les poissons et fruits de mer frais, qui parviennent quotidiennement au reste des d\u00e9l\u00e9gations.<\/p>\n                        <\/div>\n                        <div class=\"col-1\"><\/div>\n                    <\/div>\n                <\/div><\/div><div class=\"period-content\" data-period=\"ann\u00e9es 2020&#039;s\" style=\"display:none\"><div class=\"p-0 p-md-4\">\n                    <div class=\"row d-none d-md-flex\">\n                        <div class=\"col-3\"><\/div>\n                        <div class=\"col-6\">\n                            <div class=\"row text-center\">\n                                <div class=\"col-12\">\n                                    <h5 class=\"classeTitolh5\" style=\"text-align:center!important;\">Ann\u00e9es 2020&#039;s<\/h5>\n                                    <p class=\"textHistoria\">Consolidation de la croissance de Ferrer en dehors de la Catalogne, d&#039;abord avec un entrep\u00f4t \u00e0 Valence, puis \u00e0 Madrid (*Mercamadrid, et *Frozen, 2021), ce qui nous permet d&#039;avoir une position privil\u00e9gi\u00e9e sur le march\u00e9 du poisson de la capitale et un grand entrep\u00f4t de cong\u00e9lation et de distribution dans la p\u00e9riph\u00e9rie.<\/p>\n                                <\/div>\n                            <\/div>\n                            <div class=\"row text-center\">\n                                <div class=\"col-12\" style=\"position:relative\">\n                                    <div class=\"botoEsquerraPC\">\n                                        <p class=\"fletxaP\" id=\"prev-btn\"><img decoding=\"async\" src=\"\/wp-content\/themes\/fferrer\/img\/fletxa_historia_esq.png\"><\/p>\n                                    <\/div>\n                                    <div class=\"botoDretaPC\">\n                                        <p class=\"fletxaP\" id=\"next-btn\"><img decoding=\"async\" src=\"\/wp-content\/themes\/fferrer\/img\/fletxa_historia.png\"><\/p>\n                                    <\/div>\n                                    <img decoding=\"async\" width=\"100%\" src=\"https:\/\/fferrer.com\/wp-content\/uploads\/2024\/01\/10-nau-Frozen-Foods_-retall-psd-scaled.jpg\" class=\"img-fluid\" alt=\"ann\u00e9es 2020&#039;s\">\n                                <\/div>\n                            <\/div>\n                        <\/div>\n                        <div class=\"col-3\"><\/div>\n                    <\/div>\n                    <div class=\"row d-flex d-md-none\">\n                        <div class=\"col-0 col-md-1\"><\/div>\n                        <div class=\"col-12 col-md-10\" style=\"position: relative;\">\n                            <img decoding=\"async\" width=\"100%\" src=\"https:\/\/fferrer.com\/wp-content\/uploads\/2024\/01\/10-nau-Frozen-Foods_-retall-psd-scaled.jpg\" class=\"img-fluid\" alt=\"ann\u00e9es 2020&#039;s\">\n                            <div class=\"botoEsquerra\">\n                                <p class=\"fletxaP\" id=\"prev-btn\"><img decoding=\"async\" src=\"\/wp-content\/themes\/fferrer\/img\/fletxa_historia_esq.png\"><\/p>\n                            <\/div>\n                            <div class=\"botoDreta\">\n                                <p class=\"fletxaP\" id=\"next-btn\"><img decoding=\"async\" src=\"\/wp-content\/themes\/fferrer\/img\/fletxa_historia.png\"><\/p>\n                            <\/div>\n                        <\/div>\n                        <div class=\"col-0 col-md-1\"><\/div>\n                    <\/div>\n                    <div class=\"row d-flex d-md-none pt-3\">\n                        <div class=\"col-1\"><\/div>\n                        <div class=\"col-10\">\n                            <h5 class=\"classeTitolh5\">Ann\u00e9es 2020&#039;s<\/h5>\n                            <p class=\"textHistoria\">Consolidation de la croissance de Ferrer en dehors de la Catalogne, d&#039;abord avec un entrep\u00f4t \u00e0 Valence, puis \u00e0 Madrid (*Mercamadrid, et *Frozen, 2021), ce qui nous permet d&#039;avoir une position privil\u00e9gi\u00e9e sur le march\u00e9 du poisson de la capitale et un grand entrep\u00f4t de cong\u00e9lation et de distribution dans la p\u00e9riph\u00e9rie.<\/p>\n                        <\/div>\n                        <div class=\"col-1\"><\/div>\n                    <\/div>\n                <\/div><\/div><div class=\"period-content\" data-period=\"2024\" style=\"display:none\"><div class=\"p-0 p-md-4\">\n                    <div class=\"row d-none d-md-flex\">\n                        <div class=\"col-3\"><\/div>\n                        <div class=\"col-6\">\n                            <div class=\"row text-center\">\n                                <div class=\"col-12\">\n                                    <h5 class=\"classeTitolh5\" style=\"text-align:center!important;\">2024<\/h5>\n                                    <p class=\"textHistoria\">Nous c\u00e9l\u00e9brons notre centenaire, 100 ans qui nous remplissent de fiert\u00e9, de responsabilit\u00e9 et d&#039;enthousiasme pour l&#039;avenir.<\/p>\n                                <\/div>\n                            <\/div>\n                            <div class=\"row text-center\">\n                                <div class=\"col-12\" style=\"position:relative\">\n                                    <div class=\"botoEsquerraPC\">\n                                        <p class=\"fletxaP\" id=\"prev-btn\"><img decoding=\"async\" src=\"\/wp-content\/themes\/fferrer\/img\/fletxa_historia_esq.png\"><\/p>\n                                    <\/div>\n                                    <div class=\"botoDretaPC\">\n                                        <p class=\"fletxaP\" id=\"next-btn\"><img decoding=\"async\" src=\"\/wp-content\/themes\/fferrer\/img\/fletxa_historia.png\"><\/p>\n                                    <\/div>\n                                    <img decoding=\"async\" width=\"100%\" src=\"https:\/\/fferrer.com\/wp-content\/uploads\/2024\/01\/daurat_CAST.png\" class=\"img-fluid\" alt=\"2024\">\n                                <\/div>\n                            <\/div>\n                        <\/div>\n                        <div class=\"col-3\"><\/div>\n                    <\/div>\n                    <div class=\"row d-flex d-md-none\">\n                        <div class=\"col-0 col-md-1\"><\/div>\n                        <div class=\"col-12 col-md-10\" style=\"position: relative;\">\n                            <img decoding=\"async\" width=\"100%\" src=\"https:\/\/fferrer.com\/wp-content\/uploads\/2024\/01\/daurat_CAST.png\" class=\"img-fluid\" alt=\"2024\">\n                            <div class=\"botoEsquerra\">\n                                <p class=\"fletxaP\" id=\"prev-btn\"><img decoding=\"async\" src=\"\/wp-content\/themes\/fferrer\/img\/fletxa_historia_esq.png\"><\/p>\n                            <\/div>\n                            <div class=\"botoDreta\">\n                                <p class=\"fletxaP\" id=\"next-btn\"><img decoding=\"async\" src=\"\/wp-content\/themes\/fferrer\/img\/fletxa_historia.png\"><\/p>\n                            <\/div>\n                        <\/div>\n                        <div class=\"col-0 col-md-1\"><\/div>\n                    <\/div>\n                    <div class=\"row d-flex d-md-none pt-3\">\n                        <div class=\"col-1\"><\/div>\n                        <div class=\"col-10\">\n                            <h5 class=\"classeTitolh5\">2024<\/h5>\n                            <p class=\"textHistoria\">Nous c\u00e9l\u00e9brons notre centenaire, 100 ans qui nous remplissent de fiert\u00e9, de responsabilit\u00e9 et d&#039;enthousiasme pour l&#039;avenir.<\/p>\n                        <\/div>\n                        <div class=\"col-1\"><\/div>\n                    <\/div>\n                <\/div><\/div><\/div><\/div>\t\t\t\t<\/div>\n\t\t\t\t<\/div>\n\t\t\t\t<\/div>\n\t\t<div class=\"elementor-element elementor-element-099beb0 e-con-full elementor-hidden-mobile e-flex e-con e-parent\" data-id=\"099beb0\" data-element_type=\"container\" data-e-type=\"container\" id=\"responsabilite-societale-des-entreprises-et-qualite\">\n\t\t<div class=\"elementor-element elementor-element-93a154a e-con-full e-flex e-con e-child\" data-id=\"93a154a\" data-element_type=\"container\" data-e-type=\"container\">\n\t\t\t\t<div class=\"elementor-element elementor-element-f2db52d elementor-widget elementor-widget-image\" data-id=\"f2db52d\" data-element_type=\"widget\" data-e-type=\"widget\" data-widget_type=\"image.default\">\n\t\t\t\t<div class=\"elementor-widget-container\">\n\t\t\t\t\t\t\t\t\t\t\t\t\t\t\t<img decoding=\"async\" width=\"2100\" height=\"1400\" src=\"https:\/\/fferrer.com\/wp-content\/uploads\/2024\/01\/mar_rsc.jpg\" class=\"attachment-full size-full wp-image-4122\" alt=\"\" srcset=\"https:\/\/fferrer.com\/wp-content\/uploads\/2024\/01\/mar_rsc.jpg 2100w, https:\/\/fferrer.com\/wp-content\/uploads\/2024\/01\/mar_rsc-300x200.jpg 300w, https:\/\/fferrer.com\/wp-content\/uploads\/2024\/01\/mar_rsc-1024x683.jpg 1024w, https:\/\/fferrer.com\/wp-content\/uploads\/2024\/01\/mar_rsc-768x512.jpg 768w, https:\/\/fferrer.com\/wp-content\/uploads\/2024\/01\/mar_rsc-1536x1024.jpg 1536w, https:\/\/fferrer.com\/wp-content\/uploads\/2024\/01\/mar_rsc-2048x1365.jpg 2048w\" sizes=\"(max-width: 2100px) 100vw, 2100px\" \/>\t\t\t\t\t\t\t\t\t\t\t\t\t\t\t<\/div>\n\t\t\t\t<\/div>\n\t\t\t\t<div class=\"elementor-element elementor-element-5b99369 elementor-absolute elementor-widget elementor-widget-image\" data-id=\"5b99369\" data-element_type=\"widget\" data-e-type=\"widget\" data-settings=\"{&quot;_position&quot;:&quot;absolute&quot;,&quot;sticky&quot;:&quot;top&quot;,&quot;sticky_on&quot;:[&quot;desktop&quot;,&quot;tablet&quot;,&quot;mobile&quot;],&quot;sticky_offset&quot;:0,&quot;sticky_effects_offset&quot;:0,&quot;sticky_anchor_link_offset&quot;:0}\" data-widget_type=\"image.default\">\n\t\t\t\t<div class=\"elementor-widget-container\">\n\t\t\t\t\t\t\t\t\t\t\t\t\t\t\t\t<a href=\"https:\/\/www.msc.org\" target=\"_blank\" rel=\"nofollow\">\n\t\t\t\t\t\t\t<img loading=\"lazy\" decoding=\"async\" width=\"74\" height=\"99\" src=\"https:\/\/fferrer.com\/wp-content\/uploads\/2023\/11\/logo-msc-1.png\" class=\"attachment-medium size-medium wp-image-423\" alt=\"\" \/>\t\t\t\t\t\t\t\t<\/a>\n\t\t\t\t\t\t\t\t\t\t\t\t\t\t\t<\/div>\n\t\t\t\t<\/div>\n\t\t\t\t<div class=\"elementor-element elementor-element-7e6024d elementor-absolute elementor-widget elementor-widget-image\" data-id=\"7e6024d\" data-element_type=\"widget\" data-e-type=\"widget\" data-settings=\"{&quot;_position&quot;:&quot;absolute&quot;,&quot;sticky&quot;:&quot;top&quot;,&quot;sticky_on&quot;:[&quot;desktop&quot;,&quot;tablet&quot;,&quot;mobile&quot;],&quot;sticky_offset&quot;:0,&quot;sticky_effects_offset&quot;:0,&quot;sticky_anchor_link_offset&quot;:0}\" data-widget_type=\"image.default\">\n\t\t\t\t<div class=\"elementor-widget-container\">\n\t\t\t\t\t\t\t\t\t\t\t\t\t\t\t\t<a href=\"https:\/\/asc-aqua.org\/\" target=\"_blank\" rel=\"nofollow\">\n\t\t\t\t\t\t\t<img loading=\"lazy\" decoding=\"async\" width=\"61\" height=\"99\" src=\"https:\/\/fferrer.com\/wp-content\/uploads\/2024\/01\/logo_asc-194x300-1.png\" class=\"attachment-medium size-medium wp-image-4431\" alt=\"\" \/>\t\t\t\t\t\t\t\t<\/a>\n\t\t\t\t\t\t\t\t\t\t\t\t\t\t\t<\/div>\n\t\t\t\t<\/div>\n\t\t\t\t<\/div>\n\t\t<div class=\"elementor-element elementor-element-d1fcf16 e-con-full e-flex e-con e-child\" data-id=\"d1fcf16\" data-element_type=\"container\" data-e-type=\"container\">\n\t\t\t\t<div class=\"elementor-element elementor-element-3ff5ce3 elementor-widget__width-auto classeTitolh2 elementor-widget elementor-widget-heading\" data-id=\"3ff5ce3\" data-element_type=\"widget\" data-e-type=\"widget\" data-widget_type=\"heading.default\">\n\t\t\t\t<div class=\"elementor-widget-container\">\n\t\t\t\t\t<h2 class=\"elementor-heading-title elementor-size-default\">RSE ET QUALIT\u00c9<\/h2>\t\t\t\t<\/div>\n\t\t\t\t<\/div>\n\t\t\t\t<div class=\"elementor-element elementor-element-85a55ed elementor-widget__width-inherit classeTitolh1 elementor-widget elementor-widget-text-editor\" data-id=\"85a55ed\" data-element_type=\"widget\" data-e-type=\"widget\" data-widget_type=\"text-editor.default\">\n\t\t\t\t<div class=\"elementor-widget-container\">\n\t\t\t\t\t\t\t\t\t<p>Alimentation de confiance : nous prenons soin du produit d\u00e8s le d\u00e9but<\/p>\n\t\t\t\t\t\t\t\t<\/div>\n\t\t\t\t<\/div>\n\t\t\t\t<div class=\"elementor-element elementor-element-0f80f56 classeTitolCos elementor-widget elementor-widget-text-editor\" data-id=\"0f80f56\" data-element_type=\"widget\" data-e-type=\"widget\" data-widget_type=\"text-editor.default\">\n\t\t\t\t<div class=\"elementor-widget-container\">\n\t\t\t\t\t\t\t\t\t<p>Frigor\u00edfics Ferrer s&rsquo;engage \u00e0 garantir la qualit\u00e9, la s\u00e9curit\u00e9, l&rsquo;authenticit\u00e9 et la l\u00e9galit\u00e9 de tous ses produits, ainsi qu&rsquo;\u00e0 s&rsquo;am\u00e9liorer en permanence. C&rsquo;est pourquoi l&rsquo;entreprise est certifi\u00e9e par la norme volontaire <a href=\"https:\/\/www.ifs-certification.com\/es\/food-standard\">IFS FOOD<\/a>, l&rsquo;une des normes les plus strictes en mati\u00e8re de s\u00e9curit\u00e9 alimentaire, ce qui constitue un d\u00e9fi pour l&rsquo;am\u00e9lioration quotidienne de tous ces aspects.<\/p><p>La durabilit\u00e9 est importante pour nous, c&rsquo;est pourquoi nous sommes certifi\u00e9s en tant que cha\u00eene de contr\u00f4le par les labels internationaux MSC (enlla\u00e7 al certificat MSC) et ASC (enlla\u00e7 al certificat ASC) qui prot\u00e8gent, surveillent et identifient tout au long de la cha\u00eene les t\u00e2ches bien accomplies au niveau de la durabilit\u00e9 du produit sauvage et de la ferme piscicole.\u00a0<\/p><p>Consultez notre politique de qualit\u00e9 <a href=\"https:\/\/fferrer.com\/fr\/politique-de-qualite\/\">ici<\/a><\/p>\t\t\t\t\t\t\t\t<\/div>\n\t\t\t\t<\/div>\n\t\t\t\t<\/div>\n\t\t\t\t<\/div>\n\t\t<div class=\"elementor-element elementor-element-7730945 e-con-full elementor-hidden-desktop elementor-hidden-tablet e-flex e-con e-parent\" data-id=\"7730945\" data-element_type=\"container\" data-e-type=\"container\" id=\"responsabilite-societale-des-entreprises-et-qualite\">\n\t\t<div class=\"elementor-element elementor-element-e214e99 e-con-full e-flex e-con e-child\" data-id=\"e214e99\" data-element_type=\"container\" data-e-type=\"container\">\n\t\t\t\t<div class=\"elementor-element elementor-element-9e7cb21 elementor-widget elementor-widget-image\" data-id=\"9e7cb21\" data-element_type=\"widget\" data-e-type=\"widget\" data-widget_type=\"image.default\">\n\t\t\t\t<div class=\"elementor-widget-container\">\n\t\t\t\t\t\t\t\t\t\t\t\t\t\t\t<img loading=\"lazy\" decoding=\"async\" width=\"640\" height=\"427\" src=\"https:\/\/fferrer.com\/wp-content\/uploads\/2024\/01\/mar_rsc-1024x683.jpg\" class=\"attachment-large size-large wp-image-4122\" alt=\"\" srcset=\"https:\/\/fferrer.com\/wp-content\/uploads\/2024\/01\/mar_rsc-1024x683.jpg 1024w, https:\/\/fferrer.com\/wp-content\/uploads\/2024\/01\/mar_rsc-300x200.jpg 300w, https:\/\/fferrer.com\/wp-content\/uploads\/2024\/01\/mar_rsc-768x512.jpg 768w, https:\/\/fferrer.com\/wp-content\/uploads\/2024\/01\/mar_rsc-1536x1024.jpg 1536w, https:\/\/fferrer.com\/wp-content\/uploads\/2024\/01\/mar_rsc-2048x1365.jpg 2048w\" sizes=\"(max-width: 640px) 100vw, 640px\" \/>\t\t\t\t\t\t\t\t\t\t\t\t\t\t\t<\/div>\n\t\t\t\t<\/div>\n\t\t\t\t<\/div>\n\t\t<div class=\"elementor-element elementor-element-cb0a316 e-con-full e-flex e-con e-child\" data-id=\"cb0a316\" data-element_type=\"container\" data-e-type=\"container\">\n\t\t\t\t<div class=\"elementor-element elementor-element-3893351 elementor-widget__width-auto classeTitolh2 elementor-widget elementor-widget-heading\" data-id=\"3893351\" data-element_type=\"widget\" data-e-type=\"widget\" data-widget_type=\"heading.default\">\n\t\t\t\t<div class=\"elementor-widget-container\">\n\t\t\t\t\t<h2 class=\"elementor-heading-title elementor-size-default\">RSE ET QUALIT\u00c9<\/h2>\t\t\t\t<\/div>\n\t\t\t\t<\/div>\n\t\t\t\t<div class=\"elementor-element elementor-element-005e290 elementor-widget__width-inherit classeTitolh1 elementor-widget elementor-widget-text-editor\" data-id=\"005e290\" data-element_type=\"widget\" data-e-type=\"widget\" data-widget_type=\"text-editor.default\">\n\t\t\t\t<div class=\"elementor-widget-container\">\n\t\t\t\t\t\t\t\t\t<p><span style=\"white-space-collapse: preserve; font-size: 30px;\">Alimentation de confiance : nous prenons soin du produit d\u00e8s le d\u00e9but<\/span><\/p>\n\t\t\t\t\t\t\t\t<\/div>\n\t\t\t\t<\/div>\n\t\t\t\t<div class=\"elementor-element elementor-element-b0b3691 classeTitolCos elementor-widget elementor-widget-text-editor\" data-id=\"b0b3691\" data-element_type=\"widget\" data-e-type=\"widget\" data-widget_type=\"text-editor.default\">\n\t\t\t\t<div class=\"elementor-widget-container\">\n\t\t\t\t\t\t\t\t\t<p>Frigor\u00edfics Ferrer s&rsquo;engage \u00e0 garantir la qualit\u00e9, la s\u00e9curit\u00e9, l&rsquo;authenticit\u00e9 et la l\u00e9galit\u00e9 de tous ses produits, ainsi qu&rsquo;\u00e0 s&rsquo;am\u00e9liorer en permanence. C&rsquo;est pourquoi l&rsquo;entreprise est certifi\u00e9e par la norme volontaire <a href=\"https:\/\/www.ifs-certification.com\/es\/food-standard\">IFS FOOD<\/a>, l&rsquo;une des normes les plus strictes en mati\u00e8re de s\u00e9curit\u00e9 alimentaire, ce qui constitue un d\u00e9fi pour l&rsquo;am\u00e9lioration quotidienne de tous ces aspects.<\/p><p>La durabilit\u00e9 est importante pour nous, c&rsquo;est pourquoi nous sommes certifi\u00e9s en tant que cha\u00eene de contr\u00f4le par les labels internationaux MSC (enlla\u00e7 al certificat MSC) et ASC (enlla\u00e7 al certificat ASC) qui prot\u00e8gent, surveillent et identifient tout au long de la cha\u00eene les t\u00e2ches bien accomplies au niveau de la durabilit\u00e9 du produit sauvage et de la ferme piscicole.\u00a0<\/p><p>Consultez notre politique de qualit\u00e9 <a href=\"https:\/\/fferrer.com\/fr\/politique-de-qualite\/\">ici<\/a><\/p>\t\t\t\t\t\t\t\t<\/div>\n\t\t\t\t<\/div>\n\t\t\t\t<\/div>\n\t\t\t\t<\/div>\n\t\t\t\t<\/div>\n\t\t","protected":false},"excerpt":{"rendered":"<p>Nous sommes une entreprise avec plus de 100 ans d\u2019histoire Je veux \u00eatre client Achat en ligne QUI SOMMES-NOUS ? Leaders dans la vente et la distribution de poissons frais et surgel\u00e9s pour l\u2019h\u00f4tellerie et la restauration Ferrer est aujourd&rsquo;hui une entreprise leader dans la distribution de poisson frais et de produits surgel\u00e9s au niveau [&hellip;]<\/p>\n","protected":false},"author":2,"featured_media":0,"parent":0,"menu_order":0,"comment_status":"closed","ping_status":"closed","template":"","meta":{"_monsterinsights_skip_tracking":false,"_monsterinsights_sitenote_active":false,"_monsterinsights_sitenote_note":"","_monsterinsights_sitenote_category":0,"footnotes":""},"class_list":["post-1128","page","type-page","status-publish","hentry"],"aioseo_notices":[],"_links":{"self":[{"href":"https:\/\/fferrer.com\/fr\/wp-json\/wp\/v2\/pages\/1128","targetHints":{"allow":["GET"]}}],"collection":[{"href":"https:\/\/fferrer.com\/fr\/wp-json\/wp\/v2\/pages"}],"about":[{"href":"https:\/\/fferrer.com\/fr\/wp-json\/wp\/v2\/types\/page"}],"author":[{"embeddable":true,"href":"https:\/\/fferrer.com\/fr\/wp-json\/wp\/v2\/users\/2"}],"replies":[{"embeddable":true,"href":"https:\/\/fferrer.com\/fr\/wp-json\/wp\/v2\/comments?post=1128"}],"version-history":[{"count":195,"href":"https:\/\/fferrer.com\/fr\/wp-json\/wp\/v2\/pages\/1128\/revisions"}],"predecessor-version":[{"id":5688,"href":"https:\/\/fferrer.com\/fr\/wp-json\/wp\/v2\/pages\/1128\/revisions\/5688"}],"wp:attachment":[{"href":"https:\/\/fferrer.com\/fr\/wp-json\/wp\/v2\/media?parent=1128"}],"curies":[{"name":"wp","href":"https:\/\/api.w.org\/{rel}","templated":true}]}}