{"id":1107,"date":"2023-11-17T12:58:20","date_gmt":"2023-11-17T11:58:20","guid":{"rendered":"https:\/\/fferrer.com\/nouvelles\/"},"modified":"2024-06-20T13:47:58","modified_gmt":"2024-06-20T11:47:58","slug":"journal","status":"publish","type":"page","link":"https:\/\/fferrer.com\/fr\/journal\/","title":{"rendered":"Journal"},"content":{"rendered":"\t\t<div data-elementor-type=\"wp-page\" data-elementor-id=\"1107\" class=\"elementor elementor-1107 elementor-33\" data-elementor-post-type=\"page\">\n\t\t\t\t<div class=\"elementor-element elementor-element-0a78594 e-con-full header2 e-flex e-con e-parent\" data-id=\"0a78594\" data-element_type=\"container\" data-e-type=\"container\" data-settings=\"{&quot;background_background&quot;:&quot;slideshow&quot;,&quot;background_slideshow_gallery&quot;:[{&quot;id&quot;:1443,&quot;url&quot;:&quot;https:\\\/\\\/fferrer.com\\\/wp-content\\\/uploads\\\/2023\\\/12\\\/cloisses_bin-scaled.jpg&quot;}],&quot;background_slideshow_loop&quot;:&quot;yes&quot;,&quot;background_slideshow_slide_duration&quot;:5000,&quot;background_slideshow_slide_transition&quot;:&quot;fade&quot;,&quot;background_slideshow_transition_duration&quot;:500}\">\n\t\t\t\t<div class=\"elementor-element elementor-element-0c01179 elementor-widget__width-initial classeTitolh4 elementor-absolute elementor-widget elementor-widget-heading\" data-id=\"0c01179\" data-element_type=\"widget\" data-e-type=\"widget\" data-settings=\"{&quot;_position&quot;:&quot;absolute&quot;}\" data-widget_type=\"heading.default\">\n\t\t\t\t<div class=\"elementor-widget-container\">\n\t\t\t\t\t<h2 class=\"elementor-heading-title elementor-size-default\">Nous adorons donner du contenu \u00e0 nos clients !<\/h2>\t\t\t\t<\/div>\n\t\t\t\t<\/div>\n\t\t\t\t<\/div>\n\t\t<div class=\"elementor-element elementor-element-1ffd72a e-flex e-con-boxed e-con e-parent\" data-id=\"1ffd72a\" data-element_type=\"container\" data-e-type=\"container\" id=\"les-articles\">\n\t\t\t\t\t<div class=\"e-con-inner\">\n\t\t\t\t<div class=\"elementor-element elementor-element-7689b13 elementor-widget__width-auto classeTitolh2 elementor-widget elementor-widget-heading\" data-id=\"7689b13\" data-element_type=\"widget\" data-e-type=\"widget\" data-widget_type=\"heading.default\">\n\t\t\t\t<div class=\"elementor-widget-container\">\n\t\t\t\t\t<h2 class=\"elementor-heading-title elementor-size-default\">LES ARTICLES<\/h2>\t\t\t\t<\/div>\n\t\t\t\t<\/div>\n\t\t\t\t\t<\/div>\n\t\t\t\t<\/div>\n\t\t<div class=\"elementor-element elementor-element-d20db5b e-flex e-con-boxed e-con e-parent\" data-id=\"d20db5b\" data-element_type=\"container\" data-e-type=\"container\">\n\t\t\t\t\t<div class=\"e-con-inner\">\n\t\t\t\t<div class=\"elementor-element elementor-element-087a5d5 elementor-grid-4 elementor-posts--align-left elementor-grid-tablet-2 elementor-grid-mobile-1 elementor-posts--thumbnail-top load-more-align-center elementor-widget elementor-widget-posts\" data-id=\"087a5d5\" data-element_type=\"widget\" data-e-type=\"widget\" data-settings=\"{&quot;classic_columns&quot;:&quot;4&quot;,&quot;classic_row_gap&quot;:{&quot;unit&quot;:&quot;px&quot;,&quot;size&quot;:78,&quot;sizes&quot;:[]},&quot;pagination_type&quot;:&quot;load_more_on_click&quot;,&quot;classic_columns_tablet&quot;:&quot;2&quot;,&quot;classic_columns_mobile&quot;:&quot;1&quot;,&quot;classic_row_gap_tablet&quot;:{&quot;unit&quot;:&quot;px&quot;,&quot;size&quot;:&quot;&quot;,&quot;sizes&quot;:[]},&quot;classic_row_gap_mobile&quot;:{&quot;unit&quot;:&quot;px&quot;,&quot;size&quot;:&quot;&quot;,&quot;sizes&quot;:[]},&quot;load_more_spinner&quot;:{&quot;value&quot;:&quot;fas fa-spinner&quot;,&quot;library&quot;:&quot;fa-solid&quot;}}\" data-widget_type=\"posts.classic\">\n\t\t\t\t<div class=\"elementor-widget-container\">\n\t\t\t\t\t\t\t<div class=\"elementor-posts-container elementor-posts elementor-posts--skin-classic elementor-grid\" role=\"list\">\n\t\t\t\t<article class=\"elementor-post elementor-grid-item post-7248 post type-post status-publish format-standard has-post-thumbnail hentry category-non-classifiee\" role=\"listitem\">\n\t\t\t\t<a class=\"elementor-post__thumbnail__link\" href=\"https:\/\/fferrer.com\/fr\/2026\/03\/09\/%f0%9f%a5%84nouveau-xuixo-de-can-castello\/\" tabindex=\"-1\" >\n\t\t\t<div class=\"elementor-post__thumbnail\"><img fetchpriority=\"high\" decoding=\"async\" width=\"640\" height=\"427\" src=\"https:\/\/fferrer.com\/wp-content\/uploads\/2026\/03\/xuixo-crema-foto-3-1024x683.jpg\" class=\"attachment-large size-large wp-image-7241\" alt=\"\" srcset=\"https:\/\/fferrer.com\/wp-content\/uploads\/2026\/03\/xuixo-crema-foto-3-1024x683.jpg 1024w, https:\/\/fferrer.com\/wp-content\/uploads\/2026\/03\/xuixo-crema-foto-3-300x200.jpg 300w, https:\/\/fferrer.com\/wp-content\/uploads\/2026\/03\/xuixo-crema-foto-3-768x512.jpg 768w, https:\/\/fferrer.com\/wp-content\/uploads\/2026\/03\/xuixo-crema-foto-3.jpg 1224w\" sizes=\"(max-width: 640px) 100vw, 640px\" \/><\/div>\n\t\t<\/a>\n\t\t\t\t<div class=\"elementor-post__text\">\n\t\t\t\t<h2 class=\"elementor-post__title\">\n\t\t\t<a href=\"https:\/\/fferrer.com\/fr\/2026\/03\/09\/%f0%9f%a5%84nouveau-xuixo-de-can-castello\/\" >\n\t\t\t\t\ud83e\udd44Nouveau \u00ab\u00a0xuixo\u00a0\u00bb de Can Castell\u00f3\t\t\t<\/a>\n\t\t<\/h2>\n\t\t\t\t<div class=\"elementor-post__excerpt\">\n\t\t\t<p>Rempli de cr\u00e8me, un d\u00e9lice : Id\u00e9al pour les grillades, les barbecues, les r\u00f4tis, les p\u00e2tisseries&#8230; Pr\u00e9sentation : Vous pouvez accompagner les chuchos de glace,<\/p>\n\t\t<\/div>\n\t\t\t\t\t<div class=\"elementor-post__read-more-wrapper\">\n\t\t\n\t\t<a class=\"elementor-post__read-more\" href=\"https:\/\/fferrer.com\/fr\/2026\/03\/09\/%f0%9f%a5%84nouveau-xuixo-de-can-castello\/\" aria-label=\"En savoir plus sur \ud83e\udd44Nouveau \u00ab\u00a0xuixo\u00a0\u00bb de Can Castell\u00f3\" tabindex=\"-1\" >\n\t\t\tLire la suite\t\t<\/a>\n\n\t\t\t\t\t<\/div>\n\t\t\t\t<\/div>\n\t\t\t\t<\/article>\n\t\t\t\t<article class=\"elementor-post elementor-grid-item post-7175 post type-post status-publish format-standard has-post-thumbnail hentry category-non-classifiee\" role=\"listitem\">\n\t\t\t\t<a class=\"elementor-post__thumbnail__link\" href=\"https:\/\/fferrer.com\/fr\/2026\/01\/19\/%f0%9f%a5%93le-dijous-llarder-est-une-fete-traditionnelle-qui-ouvre-les-journees-du-carnaval\/\" tabindex=\"-1\" >\n\t\t\t<div class=\"elementor-post__thumbnail\"><img decoding=\"async\" width=\"640\" height=\"640\" src=\"https:\/\/fferrer.com\/wp-content\/uploads\/2026\/01\/aarumi_Professional_studio_photography_still_life_zenithal_po_5386cc33-1000-46ec-b3b7-5f9652c0f084_3.png\" class=\"attachment-large size-large wp-image-7171\" alt=\"\" srcset=\"https:\/\/fferrer.com\/wp-content\/uploads\/2026\/01\/aarumi_Professional_studio_photography_still_life_zenithal_po_5386cc33-1000-46ec-b3b7-5f9652c0f084_3.png 1024w, https:\/\/fferrer.com\/wp-content\/uploads\/2026\/01\/aarumi_Professional_studio_photography_still_life_zenithal_po_5386cc33-1000-46ec-b3b7-5f9652c0f084_3-300x300.png 300w, https:\/\/fferrer.com\/wp-content\/uploads\/2026\/01\/aarumi_Professional_studio_photography_still_life_zenithal_po_5386cc33-1000-46ec-b3b7-5f9652c0f084_3-150x150.png 150w, https:\/\/fferrer.com\/wp-content\/uploads\/2026\/01\/aarumi_Professional_studio_photography_still_life_zenithal_po_5386cc33-1000-46ec-b3b7-5f9652c0f084_3-768x768.png 768w\" sizes=\"(max-width: 640px) 100vw, 640px\" \/><\/div>\n\t\t<\/a>\n\t\t\t\t<div class=\"elementor-post__text\">\n\t\t\t\t<h2 class=\"elementor-post__title\">\n\t\t\t<a href=\"https:\/\/fferrer.com\/fr\/2026\/01\/19\/%f0%9f%a5%93le-dijous-llarder-est-une-fete-traditionnelle-qui-ouvre-les-journees-du-carnaval\/\" >\n\t\t\t\t\ud83e\udd53Le \u00ab\u00a0Dijous Llarder\u00a0\u00bb est une f\u00eate traditionnelle qui ouvre les journ\u00e9es du Carnaval.\t\t\t<\/a>\n\t\t<\/h2>\n\t\t\t\t<div class=\"elementor-post__excerpt\">\n\t\t\t<p>Ce jour marque la fin de la p\u00e9riode d&rsquo;abstinence des aliments gras, avant le Car\u00eame. C&rsquo;est l&rsquo;occasion de r\u00e9unir famille et amis autour de plats<\/p>\n\t\t<\/div>\n\t\t\t\t\t<div class=\"elementor-post__read-more-wrapper\">\n\t\t\n\t\t<a class=\"elementor-post__read-more\" href=\"https:\/\/fferrer.com\/fr\/2026\/01\/19\/%f0%9f%a5%93le-dijous-llarder-est-une-fete-traditionnelle-qui-ouvre-les-journees-du-carnaval\/\" aria-label=\"En savoir plus sur \ud83e\udd53Le \u00ab\u00a0Dijous Llarder\u00a0\u00bb est une f\u00eate traditionnelle qui ouvre les journ\u00e9es du Carnaval.\" tabindex=\"-1\" >\n\t\t\tLire la suite\t\t<\/a>\n\n\t\t\t\t\t<\/div>\n\t\t\t\t<\/div>\n\t\t\t\t<\/article>\n\t\t\t\t<article class=\"elementor-post elementor-grid-item post-7165 post type-post status-publish format-standard has-post-thumbnail hentry category-non-classifiee\" role=\"listitem\">\n\t\t\t\t<a class=\"elementor-post__thumbnail__link\" href=\"https:\/\/fferrer.com\/fr\/2026\/01\/16\/%f0%9f%90%99-falouka-la-garantie-de-notre-marque\/\" tabindex=\"-1\" >\n\t\t\t<div class=\"elementor-post__thumbnail\"><img decoding=\"async\" width=\"640\" height=\"640\" src=\"https:\/\/fferrer.com\/wp-content\/uploads\/2026\/01\/aarumi_Professional_studio_photography_still_life_zenithal_po_99166635-b871-4ec0-b5e4-d0cd731a9742_3-1.png\" class=\"attachment-large size-large wp-image-7182\" alt=\"\" srcset=\"https:\/\/fferrer.com\/wp-content\/uploads\/2026\/01\/aarumi_Professional_studio_photography_still_life_zenithal_po_99166635-b871-4ec0-b5e4-d0cd731a9742_3-1.png 1024w, https:\/\/fferrer.com\/wp-content\/uploads\/2026\/01\/aarumi_Professional_studio_photography_still_life_zenithal_po_99166635-b871-4ec0-b5e4-d0cd731a9742_3-1-300x300.png 300w, https:\/\/fferrer.com\/wp-content\/uploads\/2026\/01\/aarumi_Professional_studio_photography_still_life_zenithal_po_99166635-b871-4ec0-b5e4-d0cd731a9742_3-1-150x150.png 150w, https:\/\/fferrer.com\/wp-content\/uploads\/2026\/01\/aarumi_Professional_studio_photography_still_life_zenithal_po_99166635-b871-4ec0-b5e4-d0cd731a9742_3-1-768x768.png 768w\" sizes=\"(max-width: 640px) 100vw, 640px\" \/><\/div>\n\t\t<\/a>\n\t\t\t\t<div class=\"elementor-post__text\">\n\t\t\t\t<h2 class=\"elementor-post__title\">\n\t\t\t<a href=\"https:\/\/fferrer.com\/fr\/2026\/01\/16\/%f0%9f%90%99-falouka-la-garantie-de-notre-marque\/\" >\n\t\t\t\t\ud83d\udc19 Falouka : la garantie de notre marque\t\t\t<\/a>\n\t\t<\/h2>\n\t\t\t\t<div class=\"elementor-post__excerpt\">\n\t\t\t<p>Nous nous approvisionnons directement aupr\u00e8s de la meilleure source et contr\u00f4lons l&rsquo;ensemble du processus : des saisons de p\u00eache \u00e0 la transformation et \u00e0 la<\/p>\n\t\t<\/div>\n\t\t\t\t\t<div class=\"elementor-post__read-more-wrapper\">\n\t\t\n\t\t<a class=\"elementor-post__read-more\" href=\"https:\/\/fferrer.com\/fr\/2026\/01\/16\/%f0%9f%90%99-falouka-la-garantie-de-notre-marque\/\" aria-label=\"En savoir plus sur \ud83d\udc19 Falouka : la garantie de notre marque\" tabindex=\"-1\" >\n\t\t\tLire la suite\t\t<\/a>\n\n\t\t\t\t\t<\/div>\n\t\t\t\t<\/div>\n\t\t\t\t<\/article>\n\t\t\t\t<article class=\"elementor-post elementor-grid-item post-7103 post type-post status-publish format-standard has-post-thumbnail hentry category-non-classifiee\" role=\"listitem\">\n\t\t\t\t<a class=\"elementor-post__thumbnail__link\" href=\"https:\/\/fferrer.com\/fr\/2025\/12\/16\/%f0%9f%a6%90-la-galere-le-crustace-le-plus-sous-estime-de-la-mediterranee\/\" tabindex=\"-1\" >\n\t\t\t<div class=\"elementor-post__thumbnail\"><img loading=\"lazy\" decoding=\"async\" width=\"640\" height=\"427\" src=\"https:\/\/fferrer.com\/wp-content\/uploads\/2025\/12\/MG_3259-1-1024x683.jpg\" class=\"attachment-large size-large wp-image-7108\" alt=\"\" srcset=\"https:\/\/fferrer.com\/wp-content\/uploads\/2025\/12\/MG_3259-1-1024x683.jpg 1024w, https:\/\/fferrer.com\/wp-content\/uploads\/2025\/12\/MG_3259-1-300x200.jpg 300w, https:\/\/fferrer.com\/wp-content\/uploads\/2025\/12\/MG_3259-1-768x512.jpg 768w, https:\/\/fferrer.com\/wp-content\/uploads\/2025\/12\/MG_3259-1-1536x1024.jpg 1536w, https:\/\/fferrer.com\/wp-content\/uploads\/2025\/12\/MG_3259-1-2048x1365.jpg 2048w\" sizes=\"(max-width: 640px) 100vw, 640px\" \/><\/div>\n\t\t<\/a>\n\t\t\t\t<div class=\"elementor-post__text\">\n\t\t\t\t<h2 class=\"elementor-post__title\">\n\t\t\t<a href=\"https:\/\/fferrer.com\/fr\/2025\/12\/16\/%f0%9f%a6%90-la-galere-le-crustace-le-plus-sous-estime-de-la-mediterranee\/\" >\n\t\t\t\t\ud83e\udd90 La gal\u00e8re : le crustac\u00e9 le plus sous-estim\u00e9 de la M\u00e9diterran\u00e9e\t\t\t<\/a>\n\t\t<\/h2>\n\t\t\t\t<div class=\"elementor-post__excerpt\">\n\t\t\t<p>La gal\u00e8re (Squilla mantis) est un crustac\u00e9 typique de la M\u00e9diterran\u00e9e. Bien qu\u2019elle contienne moins de chair que d\u2019autres fruits de mer, elle se distingue<\/p>\n\t\t<\/div>\n\t\t\t\t\t<div class=\"elementor-post__read-more-wrapper\">\n\t\t\n\t\t<a class=\"elementor-post__read-more\" href=\"https:\/\/fferrer.com\/fr\/2025\/12\/16\/%f0%9f%a6%90-la-galere-le-crustace-le-plus-sous-estime-de-la-mediterranee\/\" aria-label=\"En savoir plus sur \ud83e\udd90 La gal\u00e8re : le crustac\u00e9 le plus sous-estim\u00e9 de la M\u00e9diterran\u00e9e\" tabindex=\"-1\" >\n\t\t\tLire la suite\t\t<\/a>\n\n\t\t\t\t\t<\/div>\n\t\t\t\t<\/div>\n\t\t\t\t<\/article>\n\t\t\t\t<article class=\"elementor-post elementor-grid-item post-6984 post type-post status-publish format-standard has-post-thumbnail hentry category-non-classifiee\" role=\"listitem\">\n\t\t\t\t<a class=\"elementor-post__thumbnail__link\" href=\"https:\/\/fferrer.com\/fr\/2025\/11\/05\/frigorifics-ferrer-se-felicite-de-la-campagne-de-noel-2025\/\" tabindex=\"-1\" >\n\t\t\t<div class=\"elementor-post__thumbnail\"><img loading=\"lazy\" decoding=\"async\" width=\"640\" height=\"853\" src=\"https:\/\/fferrer.com\/wp-content\/uploads\/2025\/11\/1762212711526-768x1024.jpg\" class=\"attachment-large size-large wp-image-6968\" alt=\"\" srcset=\"https:\/\/fferrer.com\/wp-content\/uploads\/2025\/11\/1762212711526-768x1024.jpg 768w, https:\/\/fferrer.com\/wp-content\/uploads\/2025\/11\/1762212711526-225x300.jpg 225w, https:\/\/fferrer.com\/wp-content\/uploads\/2025\/11\/1762212711526-1152x1536.jpg 1152w, https:\/\/fferrer.com\/wp-content\/uploads\/2025\/11\/1762212711526.jpg 1280w\" sizes=\"(max-width: 640px) 100vw, 640px\" \/><\/div>\n\t\t<\/a>\n\t\t\t\t<div class=\"elementor-post__text\">\n\t\t\t\t<h2 class=\"elementor-post__title\">\n\t\t\t<a href=\"https:\/\/fferrer.com\/fr\/2025\/11\/05\/frigorifics-ferrer-se-felicite-de-la-campagne-de-noel-2025\/\" >\n\t\t\t\tFrigor\u00edfics Ferrer se f\u00e9licite de la campagne de No\u00ebl 2025\t\t\t<\/a>\n\t\t<\/h2>\n\t\t\t\t<div class=\"elementor-post__excerpt\">\n\t\t\t<p>Chez Frigor\u00edfics Ferrer S.A.U., nous entamons la campagne de No\u00ebl 2025 avec le m\u00eame enthousiasme, le m\u00eame engagement et le m\u00eame esprit d&rsquo;am\u00e9lioration qui nous<\/p>\n\t\t<\/div>\n\t\t\t\t\t<div class=\"elementor-post__read-more-wrapper\">\n\t\t\n\t\t<a class=\"elementor-post__read-more\" href=\"https:\/\/fferrer.com\/fr\/2025\/11\/05\/frigorifics-ferrer-se-felicite-de-la-campagne-de-noel-2025\/\" aria-label=\"En savoir plus sur Frigor\u00edfics Ferrer se f\u00e9licite de la campagne de No\u00ebl 2025\" tabindex=\"-1\" >\n\t\t\tLire la suite\t\t<\/a>\n\n\t\t\t\t\t<\/div>\n\t\t\t\t<\/div>\n\t\t\t\t<\/article>\n\t\t\t\t<article class=\"elementor-post elementor-grid-item post-6772 post type-post status-publish format-standard has-post-thumbnail hentry category-non-classifiee\" role=\"listitem\">\n\t\t\t\t<a class=\"elementor-post__thumbnail__link\" href=\"https:\/\/fferrer.com\/fr\/2025\/07\/29\/tortillitas-de-camarones-la-recette-legendaire-de-cadix\/\" tabindex=\"-1\" >\n\t\t\t<div class=\"elementor-post__thumbnail\"><img loading=\"lazy\" decoding=\"async\" width=\"640\" height=\"481\" src=\"https:\/\/fferrer.com\/wp-content\/uploads\/2025\/07\/45000716_tortillita_camaron-1024x769.jpg\" class=\"attachment-large size-large wp-image-6761\" alt=\"\" srcset=\"https:\/\/fferrer.com\/wp-content\/uploads\/2025\/07\/45000716_tortillita_camaron-1024x769.jpg 1024w, https:\/\/fferrer.com\/wp-content\/uploads\/2025\/07\/45000716_tortillita_camaron-300x225.jpg 300w, https:\/\/fferrer.com\/wp-content\/uploads\/2025\/07\/45000716_tortillita_camaron-768x576.jpg 768w, https:\/\/fferrer.com\/wp-content\/uploads\/2025\/07\/45000716_tortillita_camaron-1536x1153.jpg 1536w, https:\/\/fferrer.com\/wp-content\/uploads\/2025\/07\/45000716_tortillita_camaron-2048x1537.jpg 2048w\" sizes=\"(max-width: 640px) 100vw, 640px\" \/><\/div>\n\t\t<\/a>\n\t\t\t\t<div class=\"elementor-post__text\">\n\t\t\t\t<h2 class=\"elementor-post__title\">\n\t\t\t<a href=\"https:\/\/fferrer.com\/fr\/2025\/07\/29\/tortillitas-de-camarones-la-recette-legendaire-de-cadix\/\" >\n\t\t\t\tTortillitas de camarones, la recette l\u00e9gendaire de Cadix\t\t\t<\/a>\n\t\t<\/h2>\n\t\t\t\t<div class=\"elementor-post__excerpt\">\n\t\t\t<p>Nous vous expliquons en d\u00e9tail comment pr\u00e9parer des omelettes aux crevettes, typiques de Cadix, avec le produit Camar\u00f3n Cristal Ferrer. Les tortillitas de camarones (omelettes<\/p>\n\t\t<\/div>\n\t\t\t\t\t<div class=\"elementor-post__read-more-wrapper\">\n\t\t\n\t\t<a class=\"elementor-post__read-more\" href=\"https:\/\/fferrer.com\/fr\/2025\/07\/29\/tortillitas-de-camarones-la-recette-legendaire-de-cadix\/\" aria-label=\"En savoir plus sur Tortillitas de camarones, la recette l\u00e9gendaire de Cadix\" tabindex=\"-1\" >\n\t\t\tLire la suite\t\t<\/a>\n\n\t\t\t\t\t<\/div>\n\t\t\t\t<\/div>\n\t\t\t\t<\/article>\n\t\t\t\t<article class=\"elementor-post elementor-grid-item post-6334 post type-post status-publish format-standard has-post-thumbnail hentry category-non-classifiee\" role=\"listitem\">\n\t\t\t\t<a class=\"elementor-post__thumbnail__link\" href=\"https:\/\/fferrer.com\/fr\/2025\/01\/28\/decouvrez-la-pieuvre-caracteristiques-habitat-et-avantages-nutritionnels\/\" tabindex=\"-1\" >\n\t\t\t<div class=\"elementor-post__thumbnail\"><img loading=\"lazy\" decoding=\"async\" width=\"640\" height=\"640\" src=\"https:\/\/fferrer.com\/wp-content\/uploads\/2025\/01\/pulpo.jpg\" class=\"attachment-large size-large wp-image-6324\" alt=\"\" srcset=\"https:\/\/fferrer.com\/wp-content\/uploads\/2025\/01\/pulpo.jpg 1024w, https:\/\/fferrer.com\/wp-content\/uploads\/2025\/01\/pulpo-300x300.jpg 300w, https:\/\/fferrer.com\/wp-content\/uploads\/2025\/01\/pulpo-150x150.jpg 150w, https:\/\/fferrer.com\/wp-content\/uploads\/2025\/01\/pulpo-768x768.jpg 768w\" sizes=\"(max-width: 640px) 100vw, 640px\" \/><\/div>\n\t\t<\/a>\n\t\t\t\t<div class=\"elementor-post__text\">\n\t\t\t\t<h2 class=\"elementor-post__title\">\n\t\t\t<a href=\"https:\/\/fferrer.com\/fr\/2025\/01\/28\/decouvrez-la-pieuvre-caracteristiques-habitat-et-avantages-nutritionnels\/\" >\n\t\t\t\tD\u00e9couvrez la pieuvre : caract\u00e9ristiques, habitat et avantages nutritionnels\t\t\t<\/a>\n\t\t<\/h2>\n\t\t\t\t<div class=\"elementor-post__excerpt\">\n\t\t\t<p>Tout ce que vous devez savoir sur ce fascinant c\u00e9phalopode et comment l\u2019ajouter \u00e0 votre alimentation avec Frigor\u00edfics Ferrer Le poulpe commun(Octopus vulgaris) est l&rsquo;un<\/p>\n\t\t<\/div>\n\t\t\t\t\t<div class=\"elementor-post__read-more-wrapper\">\n\t\t\n\t\t<a class=\"elementor-post__read-more\" href=\"https:\/\/fferrer.com\/fr\/2025\/01\/28\/decouvrez-la-pieuvre-caracteristiques-habitat-et-avantages-nutritionnels\/\" aria-label=\"En savoir plus sur D\u00e9couvrez la pieuvre : caract\u00e9ristiques, habitat et avantages nutritionnels\" tabindex=\"-1\" >\n\t\t\tLire la suite\t\t<\/a>\n\n\t\t\t\t\t<\/div>\n\t\t\t\t<\/div>\n\t\t\t\t<\/article>\n\t\t\t\t<article class=\"elementor-post elementor-grid-item post-6309 post type-post status-publish format-standard has-post-thumbnail hentry category-non-classifiee\" role=\"listitem\">\n\t\t\t\t<a class=\"elementor-post__thumbnail__link\" href=\"https:\/\/fferrer.com\/fr\/2025\/01\/21\/decouvrez-les-bienfaits-de-la-dorade-un-tresor-de-la-mer\/\" tabindex=\"-1\" >\n\t\t\t<div class=\"elementor-post__thumbnail\"><img loading=\"lazy\" decoding=\"async\" width=\"640\" height=\"640\" src=\"https:\/\/fferrer.com\/wp-content\/uploads\/2025\/01\/BESUGO_web-1024x1024.jpg\" class=\"attachment-large size-large wp-image-6303\" alt=\"\" srcset=\"https:\/\/fferrer.com\/wp-content\/uploads\/2025\/01\/BESUGO_web-1024x1024.jpg 1024w, https:\/\/fferrer.com\/wp-content\/uploads\/2025\/01\/BESUGO_web-300x300.jpg 300w, https:\/\/fferrer.com\/wp-content\/uploads\/2025\/01\/BESUGO_web-150x150.jpg 150w, https:\/\/fferrer.com\/wp-content\/uploads\/2025\/01\/BESUGO_web-768x768.jpg 768w, https:\/\/fferrer.com\/wp-content\/uploads\/2025\/01\/BESUGO_web-1536x1536.jpg 1536w, https:\/\/fferrer.com\/wp-content\/uploads\/2025\/01\/BESUGO_web-2048x2048.jpg 2048w\" sizes=\"(max-width: 640px) 100vw, 640px\" \/><\/div>\n\t\t<\/a>\n\t\t\t\t<div class=\"elementor-post__text\">\n\t\t\t\t<h2 class=\"elementor-post__title\">\n\t\t\t<a href=\"https:\/\/fferrer.com\/fr\/2025\/01\/21\/decouvrez-les-bienfaits-de-la-dorade-un-tresor-de-la-mer\/\" >\n\t\t\t\tD\u00e9couvrez les bienfaits de la dorade : un tr\u00e9sor de la mer\t\t\t<\/a>\n\t\t<\/h2>\n\t\t\t\t<div class=\"elementor-post__excerpt\">\n\t\t\t<p>La Dorade Rose : Caract\u00e9ristiques et Habitat La dorade rouge(Pagellus bogaraveo) est un poisson blanc appartenant \u00e0 la famille des sparid\u00e9s. Elle se distingue par<\/p>\n\t\t<\/div>\n\t\t\t\t\t<div class=\"elementor-post__read-more-wrapper\">\n\t\t\n\t\t<a class=\"elementor-post__read-more\" href=\"https:\/\/fferrer.com\/fr\/2025\/01\/21\/decouvrez-les-bienfaits-de-la-dorade-un-tresor-de-la-mer\/\" aria-label=\"En savoir plus sur D\u00e9couvrez les bienfaits de la dorade : un tr\u00e9sor de la mer\" tabindex=\"-1\" >\n\t\t\tLire la suite\t\t<\/a>\n\n\t\t\t\t\t<\/div>\n\t\t\t\t<\/div>\n\t\t\t\t<\/article>\n\t\t\t\t<\/div>\n\t\t\t\t\t<span class=\"e-load-more-spinner\">\n\t\t\t\t<i aria-hidden=\"true\" class=\"fas fa-spinner\"><\/i>\t\t\t<\/span>\n\t\t\n\t\t\t\t<div class=\"e-load-more-anchor\" data-page=\"1\" data-max-page=\"6\" data-next-page=\"https:\/\/fferrer.com\/fr\/wp-json\/wp\/v2\/pages\/1107\/page\/2\/\"><\/div>\n\t\t\t\t<div class=\"elementor-button-wrapper\">\n\t\t\t<a class=\"elementor-button elementor-size-sm\" role=\"button\">\n\t\t\t\t\t\t<span class=\"elementor-button-content-wrapper\">\n\t\t\t\t\t\t\t\t\t<span class=\"elementor-button-text\">Voir plus<\/span>\n\t\t\t\t\t<\/span>\n\t\t\t\t\t<\/a>\n\t\t<\/div>\n\t\t\t\t<div class=\"e-load-more-message\"><\/div>\n\t\t\t\t\t\t<\/div>\n\t\t\t\t<\/div>\n\t\t\t\t\t<\/div>\n\t\t\t\t<\/div>\n\t\t<div class=\"elementor-element elementor-element-7476b76 e-flex e-con-boxed e-con e-parent\" data-id=\"7476b76\" data-element_type=\"container\" data-e-type=\"container\" id=\"nouvelles\">\n\t\t\t\t\t<div class=\"e-con-inner\">\n\t\t\t\t<div class=\"elementor-element elementor-element-4e5d744 elementor-widget__width-auto classeTitolh2 elementor-widget elementor-widget-heading\" data-id=\"4e5d744\" data-element_type=\"widget\" data-e-type=\"widget\" data-widget_type=\"heading.default\">\n\t\t\t\t<div class=\"elementor-widget-container\">\n\t\t\t\t\t<h2 class=\"elementor-heading-title elementor-size-default\">NOUVELLES<\/h2>\t\t\t\t<\/div>\n\t\t\t\t<\/div>\n\t\t\t\t\t<\/div>\n\t\t\t\t<\/div>\n\t\t<div class=\"elementor-element elementor-element-bb2d055 e-flex e-con-boxed e-con e-parent\" data-id=\"bb2d055\" data-element_type=\"container\" data-e-type=\"container\">\n\t\t\t\t\t<div class=\"e-con-inner\">\n\t\t\t\t<div class=\"elementor-element elementor-element-6a751e7 elementor-widget elementor-widget-html\" data-id=\"6a751e7\" data-element_type=\"widget\" data-e-type=\"widget\" data-widget_type=\"html.default\">\n\t\t\t\t<div class=\"elementor-widget-container\">\n\t\t\t\t\t<div class='sk-ww-linkedin-page-post' data-embed-id='25427849'><\/div><script src='https:\/\/widgets.sociablekit.com\/linkedin-page-posts\/widget.js' async defer><\/script>\t\t\t\t<\/div>\n\t\t\t\t<\/div>\n\t\t\t\t\t<\/div>\n\t\t\t\t<\/div>\n\t\t\t\t<\/div>\n\t\t","protected":false},"excerpt":{"rendered":"<p>Nous adorons donner du contenu \u00e0 nos clients ! LES ARTICLES NOUVELLES<\/p>\n","protected":false},"author":2,"featured_media":0,"parent":0,"menu_order":0,"comment_status":"closed","ping_status":"closed","template":"","meta":{"_monsterinsights_skip_tracking":false,"_monsterinsights_sitenote_active":false,"_monsterinsights_sitenote_note":"","_monsterinsights_sitenote_category":0,"footnotes":""},"class_list":["post-1107","page","type-page","status-publish","hentry"],"aioseo_notices":[],"_links":{"self":[{"href":"https:\/\/fferrer.com\/fr\/wp-json\/wp\/v2\/pages\/1107","targetHints":{"allow":["GET"]}}],"collection":[{"href":"https:\/\/fferrer.com\/fr\/wp-json\/wp\/v2\/pages"}],"about":[{"href":"https:\/\/fferrer.com\/fr\/wp-json\/wp\/v2\/types\/page"}],"author":[{"embeddable":true,"href":"https:\/\/fferrer.com\/fr\/wp-json\/wp\/v2\/users\/2"}],"replies":[{"embeddable":true,"href":"https:\/\/fferrer.com\/fr\/wp-json\/wp\/v2\/comments?post=1107"}],"version-history":[{"count":54,"href":"https:\/\/fferrer.com\/fr\/wp-json\/wp\/v2\/pages\/1107\/revisions"}],"predecessor-version":[{"id":5924,"href":"https:\/\/fferrer.com\/fr\/wp-json\/wp\/v2\/pages\/1107\/revisions\/5924"}],"wp:attachment":[{"href":"https:\/\/fferrer.com\/fr\/wp-json\/wp\/v2\/media?parent=1107"}],"curies":[{"name":"wp","href":"https:\/\/api.w.org\/{rel}","templated":true}]}}