{"id":33,"date":"2023-11-17T12:58:20","date_gmt":"2023-11-17T11:58:20","guid":{"rendered":"https:\/\/fferrer.com\/?page_id=33"},"modified":"2024-06-20T13:34:01","modified_gmt":"2024-06-20T11:34:01","slug":"noticies","status":"publish","type":"page","link":"https:\/\/fferrer.com\/ca\/noticies\/","title":{"rendered":"Noticies"},"content":{"rendered":"\t\t<div data-elementor-type=\"wp-page\" data-elementor-id=\"33\" class=\"elementor elementor-33\" data-elementor-post-type=\"page\">\n\t\t\t\t<div class=\"elementor-element elementor-element-0a78594 e-con-full header2 e-flex e-con e-parent\" data-id=\"0a78594\" data-element_type=\"container\" data-e-type=\"container\" data-settings=\"{&quot;background_background&quot;:&quot;slideshow&quot;,&quot;background_slideshow_gallery&quot;:[{&quot;id&quot;:1443,&quot;url&quot;:&quot;https:\\\/\\\/fferrer.com\\\/wp-content\\\/uploads\\\/2023\\\/12\\\/cloisses_bin-scaled.jpg&quot;}],&quot;background_slideshow_loop&quot;:&quot;yes&quot;,&quot;background_slideshow_slide_duration&quot;:5000,&quot;background_slideshow_slide_transition&quot;:&quot;fade&quot;,&quot;background_slideshow_transition_duration&quot;:500}\">\n\t\t\t\t<div class=\"elementor-element elementor-element-0c01179 elementor-widget__width-initial classeTitolh4 elementor-widget elementor-widget-heading\" data-id=\"0c01179\" data-element_type=\"widget\" data-e-type=\"widget\" data-widget_type=\"heading.default\">\n\t\t\t\t<div class=\"elementor-widget-container\">\n\t\t\t\t\t<h2 class=\"elementor-heading-title elementor-size-default\">\"Donar contingut als nostres clients ens encanta!\"<\/h2>\t\t\t\t<\/div>\n\t\t\t\t<\/div>\n\t\t\t\t<\/div>\n\t\t<div class=\"elementor-element elementor-element-1ffd72a e-flex e-con-boxed e-con e-parent\" data-id=\"1ffd72a\" data-element_type=\"container\" data-e-type=\"container\" id=\"articles\">\n\t\t\t\t\t<div class=\"e-con-inner\">\n\t\t\t\t<div class=\"elementor-element elementor-element-7689b13 elementor-widget__width-auto classeTitolh2 elementor-widget elementor-widget-heading\" data-id=\"7689b13\" data-element_type=\"widget\" data-e-type=\"widget\" data-widget_type=\"heading.default\">\n\t\t\t\t<div class=\"elementor-widget-container\">\n\t\t\t\t\t<h2 class=\"elementor-heading-title elementor-size-default\">ARTICLES<\/h2>\t\t\t\t<\/div>\n\t\t\t\t<\/div>\n\t\t\t\t\t<\/div>\n\t\t\t\t<\/div>\n\t\t<div class=\"elementor-element elementor-element-d20db5b e-flex e-con-boxed e-con e-parent\" data-id=\"d20db5b\" data-element_type=\"container\" data-e-type=\"container\">\n\t\t\t\t\t<div class=\"e-con-inner\">\n\t\t\t\t<div class=\"elementor-element elementor-element-087a5d5 elementor-grid-4 elementor-posts--align-left elementor-grid-tablet-2 elementor-grid-mobile-1 elementor-posts--thumbnail-top load-more-align-center elementor-widget elementor-widget-posts\" data-id=\"087a5d5\" data-element_type=\"widget\" data-e-type=\"widget\" data-settings=\"{&quot;classic_columns&quot;:&quot;4&quot;,&quot;classic_row_gap&quot;:{&quot;unit&quot;:&quot;px&quot;,&quot;size&quot;:78,&quot;sizes&quot;:[]},&quot;pagination_type&quot;:&quot;load_more_on_click&quot;,&quot;classic_columns_tablet&quot;:&quot;2&quot;,&quot;classic_columns_mobile&quot;:&quot;1&quot;,&quot;classic_row_gap_tablet&quot;:{&quot;unit&quot;:&quot;px&quot;,&quot;size&quot;:&quot;&quot;,&quot;sizes&quot;:[]},&quot;classic_row_gap_mobile&quot;:{&quot;unit&quot;:&quot;px&quot;,&quot;size&quot;:&quot;&quot;,&quot;sizes&quot;:[]},&quot;load_more_spinner&quot;:{&quot;value&quot;:&quot;fas fa-spinner&quot;,&quot;library&quot;:&quot;fa-solid&quot;}}\" data-widget_type=\"posts.classic\">\n\t\t\t\t<div class=\"elementor-widget-container\">\n\t\t\t\t\t\t\t<div class=\"elementor-posts-container elementor-posts elementor-posts--skin-classic elementor-grid\" role=\"list\">\n\t\t\t\t<article class=\"elementor-post elementor-grid-item post-7244 post type-post status-publish format-standard has-post-thumbnail hentry category-uncategorized-ca\" role=\"listitem\">\n\t\t\t\t<a class=\"elementor-post__thumbnail__link\" href=\"https:\/\/fferrer.com\/ca\/2026\/03\/09\/%f0%9f%a5%84nou-gos-de-can-castello\/\" tabindex=\"-1\" >\n\t\t\t<div class=\"elementor-post__thumbnail\"><img fetchpriority=\"high\" decoding=\"async\" width=\"640\" height=\"427\" src=\"https:\/\/fferrer.com\/wp-content\/uploads\/2026\/03\/xuixo-crema-foto-3-1024x683.jpg\" class=\"attachment-large size-large wp-image-7239\" alt=\"\" srcset=\"https:\/\/fferrer.com\/wp-content\/uploads\/2026\/03\/xuixo-crema-foto-3-1024x683.jpg 1024w, https:\/\/fferrer.com\/wp-content\/uploads\/2026\/03\/xuixo-crema-foto-3-300x200.jpg 300w, https:\/\/fferrer.com\/wp-content\/uploads\/2026\/03\/xuixo-crema-foto-3-768x512.jpg 768w, https:\/\/fferrer.com\/wp-content\/uploads\/2026\/03\/xuixo-crema-foto-3.jpg 1224w\" sizes=\"(max-width: 640px) 100vw, 640px\" \/><\/div>\n\t\t<\/a>\n\t\t\t\t<div class=\"elementor-post__text\">\n\t\t\t\t<h2 class=\"elementor-post__title\">\n\t\t\t<a href=\"https:\/\/fferrer.com\/ca\/2026\/03\/09\/%f0%9f%a5%84nou-gos-de-can-castello\/\" >\n\t\t\t\t\ud83e\udd44Nou xuixo de Can Castell\u00f3\t\t\t<\/a>\n\t\t<\/h2>\n\t\t\t\t<div class=\"elementor-post__excerpt\">\n\t\t\t<p>Farcit de crema, una del\u00edcia: Ideal per fer a la brasa, al forn, a la brasa&#8230; Presentaci\u00f3: Podeu servir els xuxos amb gelat, fruita fresca<\/p>\n\t\t<\/div>\n\t\t\t\t\t<div class=\"elementor-post__read-more-wrapper\">\n\t\t\n\t\t<a class=\"elementor-post__read-more\" href=\"https:\/\/fferrer.com\/ca\/2026\/03\/09\/%f0%9f%a5%84nou-gos-de-can-castello\/\" aria-label=\"Read more about \ud83e\udd44Nou xuixo de Can Castell\u00f3\" tabindex=\"-1\" >\n\t\t\tLlegir m\u00e9s\t\t<\/a>\n\n\t\t\t\t\t<\/div>\n\t\t\t\t<\/div>\n\t\t\t\t<\/article>\n\t\t\t\t<article class=\"elementor-post elementor-grid-item post-7177 post type-post status-publish format-standard has-post-thumbnail hentry category-uncategorized-ca\" role=\"listitem\">\n\t\t\t\t<a class=\"elementor-post__thumbnail__link\" href=\"https:\/\/fferrer.com\/ca\/2026\/01\/19\/%f0%9f%a5%93el-dijous-llarder-es-una-festa-tradicional-que-obre-els-dies-de-carnaval\/\" tabindex=\"-1\" >\n\t\t\t<div class=\"elementor-post__thumbnail\"><img decoding=\"async\" width=\"640\" height=\"640\" src=\"https:\/\/fferrer.com\/wp-content\/uploads\/2026\/01\/aarumi_Professional_studio_photography_still_life_zenithal_po_5386cc33-1000-46ec-b3b7-5f9652c0f084_3.png\" class=\"attachment-large size-large wp-image-7169\" alt=\"\" srcset=\"https:\/\/fferrer.com\/wp-content\/uploads\/2026\/01\/aarumi_Professional_studio_photography_still_life_zenithal_po_5386cc33-1000-46ec-b3b7-5f9652c0f084_3.png 1024w, https:\/\/fferrer.com\/wp-content\/uploads\/2026\/01\/aarumi_Professional_studio_photography_still_life_zenithal_po_5386cc33-1000-46ec-b3b7-5f9652c0f084_3-300x300.png 300w, https:\/\/fferrer.com\/wp-content\/uploads\/2026\/01\/aarumi_Professional_studio_photography_still_life_zenithal_po_5386cc33-1000-46ec-b3b7-5f9652c0f084_3-150x150.png 150w, https:\/\/fferrer.com\/wp-content\/uploads\/2026\/01\/aarumi_Professional_studio_photography_still_life_zenithal_po_5386cc33-1000-46ec-b3b7-5f9652c0f084_3-768x768.png 768w\" sizes=\"(max-width: 640px) 100vw, 640px\" \/><\/div>\n\t\t<\/a>\n\t\t\t\t<div class=\"elementor-post__text\">\n\t\t\t\t<h2 class=\"elementor-post__title\">\n\t\t\t<a href=\"https:\/\/fferrer.com\/ca\/2026\/01\/19\/%f0%9f%a5%93el-dijous-llarder-es-una-festa-tradicional-que-obre-els-dies-de-carnaval\/\" >\n\t\t\t\t\ud83e\udd53El &#8220;Dijous Llarder&#8221; \u00e9s una festa tradicional que obre els dies de Carnaval\t\t\t<\/a>\n\t\t<\/h2>\n\t\t\t\t<div class=\"elementor-post__excerpt\">\n\t\t\t<p>Aquest dia marca el final del per\u00edode d&#8217;abstin\u00e8ncia de menjar greix, abans de Quaresma. \u00c9s el moment de reunir la fam\u00edlia i els amics per<\/p>\n\t\t<\/div>\n\t\t\t\t\t<div class=\"elementor-post__read-more-wrapper\">\n\t\t\n\t\t<a class=\"elementor-post__read-more\" href=\"https:\/\/fferrer.com\/ca\/2026\/01\/19\/%f0%9f%a5%93el-dijous-llarder-es-una-festa-tradicional-que-obre-els-dies-de-carnaval\/\" aria-label=\"Read more about \ud83e\udd53El &#8220;Dijous Llarder&#8221; \u00e9s una festa tradicional que obre els dies de Carnaval\" tabindex=\"-1\" >\n\t\t\tLlegir m\u00e9s\t\t<\/a>\n\n\t\t\t\t\t<\/div>\n\t\t\t\t<\/div>\n\t\t\t\t<\/article>\n\t\t\t\t<article class=\"elementor-post elementor-grid-item post-7161 post type-post status-publish format-standard has-post-thumbnail hentry category-uncategorized-ca\" role=\"listitem\">\n\t\t\t\t<a class=\"elementor-post__thumbnail__link\" href=\"https:\/\/fferrer.com\/ca\/2026\/01\/16\/%f0%9f%90%99-falouka-la-nostra-marca-de-garantia\/\" tabindex=\"-1\" >\n\t\t\t<div class=\"elementor-post__thumbnail\"><img decoding=\"async\" width=\"640\" height=\"640\" src=\"https:\/\/fferrer.com\/wp-content\/uploads\/2026\/01\/aarumi_Professional_studio_photography_still_life_zenithal_po_99166635-b871-4ec0-b5e4-d0cd731a9742_3-1.png\" class=\"attachment-large size-large wp-image-7180\" alt=\"\" srcset=\"https:\/\/fferrer.com\/wp-content\/uploads\/2026\/01\/aarumi_Professional_studio_photography_still_life_zenithal_po_99166635-b871-4ec0-b5e4-d0cd731a9742_3-1.png 1024w, https:\/\/fferrer.com\/wp-content\/uploads\/2026\/01\/aarumi_Professional_studio_photography_still_life_zenithal_po_99166635-b871-4ec0-b5e4-d0cd731a9742_3-1-300x300.png 300w, https:\/\/fferrer.com\/wp-content\/uploads\/2026\/01\/aarumi_Professional_studio_photography_still_life_zenithal_po_99166635-b871-4ec0-b5e4-d0cd731a9742_3-1-150x150.png 150w, https:\/\/fferrer.com\/wp-content\/uploads\/2026\/01\/aarumi_Professional_studio_photography_still_life_zenithal_po_99166635-b871-4ec0-b5e4-d0cd731a9742_3-1-768x768.png 768w\" sizes=\"(max-width: 640px) 100vw, 640px\" \/><\/div>\n\t\t<\/a>\n\t\t\t\t<div class=\"elementor-post__text\">\n\t\t\t\t<h2 class=\"elementor-post__title\">\n\t\t\t<a href=\"https:\/\/fferrer.com\/ca\/2026\/01\/16\/%f0%9f%90%99-falouka-la-nostra-marca-de-garantia\/\" >\n\t\t\t\t\ud83d\udc19 Falouka: la nostra marca de garantia\t\t\t<\/a>\n\t\t<\/h2>\n\t\t\t\t<div class=\"elementor-post__excerpt\">\n\t\t\t<p>Comprem directament al millor origen i controlem tot el proc\u00e9s: des de les temporades de pesca fins a l&#8217;elaboraci\u00f3 i congelaci\u00f3, per oferir els cefal\u00f2podes<\/p>\n\t\t<\/div>\n\t\t\t\t\t<div class=\"elementor-post__read-more-wrapper\">\n\t\t\n\t\t<a class=\"elementor-post__read-more\" href=\"https:\/\/fferrer.com\/ca\/2026\/01\/16\/%f0%9f%90%99-falouka-la-nostra-marca-de-garantia\/\" aria-label=\"Read more about \ud83d\udc19 Falouka: la nostra marca de garantia\" tabindex=\"-1\" >\n\t\t\tLlegir m\u00e9s\t\t<\/a>\n\n\t\t\t\t\t<\/div>\n\t\t\t\t<\/div>\n\t\t\t\t<\/article>\n\t\t\t\t<article class=\"elementor-post elementor-grid-item post-7099 post type-post status-publish format-standard has-post-thumbnail hentry category-uncategorized-ca\" role=\"listitem\">\n\t\t\t\t<a class=\"elementor-post__thumbnail__link\" href=\"https:\/\/fferrer.com\/ca\/2025\/12\/16\/%f0%9f%a6%90-la-galera-el-marisc-mes-infravalorat-de-la-mediterrania\/\" tabindex=\"-1\" >\n\t\t\t<div class=\"elementor-post__thumbnail\"><img loading=\"lazy\" decoding=\"async\" width=\"640\" height=\"427\" src=\"https:\/\/fferrer.com\/wp-content\/uploads\/2025\/12\/MG_3259-1-1024x683.jpg\" class=\"attachment-large size-large wp-image-7106\" alt=\"\" srcset=\"https:\/\/fferrer.com\/wp-content\/uploads\/2025\/12\/MG_3259-1-1024x683.jpg 1024w, https:\/\/fferrer.com\/wp-content\/uploads\/2025\/12\/MG_3259-1-300x200.jpg 300w, https:\/\/fferrer.com\/wp-content\/uploads\/2025\/12\/MG_3259-1-768x512.jpg 768w, https:\/\/fferrer.com\/wp-content\/uploads\/2025\/12\/MG_3259-1-1536x1024.jpg 1536w, https:\/\/fferrer.com\/wp-content\/uploads\/2025\/12\/MG_3259-1-2048x1365.jpg 2048w\" sizes=\"(max-width: 640px) 100vw, 640px\" \/><\/div>\n\t\t<\/a>\n\t\t\t\t<div class=\"elementor-post__text\">\n\t\t\t\t<h2 class=\"elementor-post__title\">\n\t\t\t<a href=\"https:\/\/fferrer.com\/ca\/2025\/12\/16\/%f0%9f%a6%90-la-galera-el-marisc-mes-infravalorat-de-la-mediterrania\/\" >\n\t\t\t\t\ud83e\udd90 La galera: el marisc m\u00e9s infravalorat de la Mediterr\u00e0nia\t\t\t<\/a>\n\t\t<\/h2>\n\t\t\t\t<div class=\"elementor-post__excerpt\">\n\t\t\t<p>La galera ( Squilla mantis ) \u00e9s un crustaci t\u00edpic de la Mediterr\u00e0nia. Tot i que t\u00e9 menys carn que altres mariscs , destaca pel<\/p>\n\t\t<\/div>\n\t\t\t\t\t<div class=\"elementor-post__read-more-wrapper\">\n\t\t\n\t\t<a class=\"elementor-post__read-more\" href=\"https:\/\/fferrer.com\/ca\/2025\/12\/16\/%f0%9f%a6%90-la-galera-el-marisc-mes-infravalorat-de-la-mediterrania\/\" aria-label=\"Read more about \ud83e\udd90 La galera: el marisc m\u00e9s infravalorat de la Mediterr\u00e0nia\" tabindex=\"-1\" >\n\t\t\tLlegir m\u00e9s\t\t<\/a>\n\n\t\t\t\t\t<\/div>\n\t\t\t\t<\/div>\n\t\t\t\t<\/article>\n\t\t\t\t<article class=\"elementor-post elementor-grid-item post-6980 post type-post status-publish format-standard has-post-thumbnail hentry category-uncategorized-ca\" role=\"listitem\">\n\t\t\t\t<a class=\"elementor-post__thumbnail__link\" href=\"https:\/\/fferrer.com\/ca\/2025\/11\/05\/frigorifics-ferrer-dona-la-benvinguda-a-la-campanya-de-nadal-2025\/\" tabindex=\"-1\" >\n\t\t\t<div class=\"elementor-post__thumbnail\"><img loading=\"lazy\" decoding=\"async\" width=\"640\" height=\"853\" src=\"https:\/\/fferrer.com\/wp-content\/uploads\/2025\/11\/1762212711526-768x1024.jpg\" class=\"attachment-large size-large wp-image-6966\" alt=\"\" srcset=\"https:\/\/fferrer.com\/wp-content\/uploads\/2025\/11\/1762212711526-768x1024.jpg 768w, https:\/\/fferrer.com\/wp-content\/uploads\/2025\/11\/1762212711526-225x300.jpg 225w, https:\/\/fferrer.com\/wp-content\/uploads\/2025\/11\/1762212711526-1152x1536.jpg 1152w, https:\/\/fferrer.com\/wp-content\/uploads\/2025\/11\/1762212711526.jpg 1280w\" sizes=\"(max-width: 640px) 100vw, 640px\" \/><\/div>\n\t\t<\/a>\n\t\t\t\t<div class=\"elementor-post__text\">\n\t\t\t\t<h2 class=\"elementor-post__title\">\n\t\t\t<a href=\"https:\/\/fferrer.com\/ca\/2025\/11\/05\/frigorifics-ferrer-dona-la-benvinguda-a-la-campanya-de-nadal-2025\/\" >\n\t\t\t\tFrigor\u00edfics Ferrer d\u00f3na la benvinguda a la Campanya de Nadal 2025\t\t\t<\/a>\n\t\t<\/h2>\n\t\t\t\t<div class=\"elementor-post__excerpt\">\n\t\t\t<p>A Frigor\u00edfics Ferrer SAU iniciem la Campanya de Nadal 2025 amb la mateixa il\u00b7lusi\u00f3, comprom\u00eds i esperit de superaci\u00f3 que ens han acompanyat al llarg<\/p>\n\t\t<\/div>\n\t\t\t\t\t<div class=\"elementor-post__read-more-wrapper\">\n\t\t\n\t\t<a class=\"elementor-post__read-more\" href=\"https:\/\/fferrer.com\/ca\/2025\/11\/05\/frigorifics-ferrer-dona-la-benvinguda-a-la-campanya-de-nadal-2025\/\" aria-label=\"Read more about Frigor\u00edfics Ferrer d\u00f3na la benvinguda a la Campanya de Nadal 2025\" tabindex=\"-1\" >\n\t\t\tLlegir m\u00e9s\t\t<\/a>\n\n\t\t\t\t\t<\/div>\n\t\t\t\t<\/div>\n\t\t\t\t<\/article>\n\t\t\t\t<article class=\"elementor-post elementor-grid-item post-6768 post type-post status-publish format-standard has-post-thumbnail hentry category-uncategorized-ca\" role=\"listitem\">\n\t\t\t\t<a class=\"elementor-post__thumbnail__link\" href=\"https:\/\/fferrer.com\/ca\/2025\/07\/29\/tortetes-de-gambetes-la-mitica-recepta-gaditana\/\" tabindex=\"-1\" >\n\t\t\t<div class=\"elementor-post__thumbnail\"><img loading=\"lazy\" decoding=\"async\" width=\"640\" height=\"481\" src=\"https:\/\/fferrer.com\/wp-content\/uploads\/2025\/07\/45000716_tortillita_camaron-1024x769.jpg\" class=\"attachment-large size-large wp-image-6759\" alt=\"\" srcset=\"https:\/\/fferrer.com\/wp-content\/uploads\/2025\/07\/45000716_tortillita_camaron-1024x769.jpg 1024w, https:\/\/fferrer.com\/wp-content\/uploads\/2025\/07\/45000716_tortillita_camaron-300x225.jpg 300w, https:\/\/fferrer.com\/wp-content\/uploads\/2025\/07\/45000716_tortillita_camaron-768x576.jpg 768w, https:\/\/fferrer.com\/wp-content\/uploads\/2025\/07\/45000716_tortillita_camaron-1536x1153.jpg 1536w, https:\/\/fferrer.com\/wp-content\/uploads\/2025\/07\/45000716_tortillita_camaron-2048x1537.jpg 2048w\" sizes=\"(max-width: 640px) 100vw, 640px\" \/><\/div>\n\t\t<\/a>\n\t\t\t\t<div class=\"elementor-post__text\">\n\t\t\t\t<h2 class=\"elementor-post__title\">\n\t\t\t<a href=\"https:\/\/fferrer.com\/ca\/2025\/07\/29\/tortetes-de-gambetes-la-mitica-recepta-gaditana\/\" >\n\t\t\t\tTruitetes de gambetes, la m\u00edtica recepta gaditana\t\t\t<\/a>\n\t\t<\/h2>\n\t\t\t\t<div class=\"elementor-post__excerpt\">\n\t\t\t<p>T&#8217;expliquem en detall com fer les truitetes de gambetes, t\u00edpiques de Cadis, amb el producte Gambetes de Vidre Ferrer. Les truitetes de gambetes s\u00f3n un<\/p>\n\t\t<\/div>\n\t\t\t\t\t<div class=\"elementor-post__read-more-wrapper\">\n\t\t\n\t\t<a class=\"elementor-post__read-more\" href=\"https:\/\/fferrer.com\/ca\/2025\/07\/29\/tortetes-de-gambetes-la-mitica-recepta-gaditana\/\" aria-label=\"Read more about Truitetes de gambetes, la m\u00edtica recepta gaditana\" tabindex=\"-1\" >\n\t\t\tLlegir m\u00e9s\t\t<\/a>\n\n\t\t\t\t\t<\/div>\n\t\t\t\t<\/div>\n\t\t\t\t<\/article>\n\t\t\t\t<article class=\"elementor-post elementor-grid-item post-6330 post type-post status-publish format-standard has-post-thumbnail hentry category-uncategorized-ca\" role=\"listitem\">\n\t\t\t\t<a class=\"elementor-post__thumbnail__link\" href=\"https:\/\/fferrer.com\/ca\/2025\/01\/28\/descobreix-el-pop-caracteristiques-habitat-i-beneficis-nutricionals\/\" tabindex=\"-1\" >\n\t\t\t<div class=\"elementor-post__thumbnail\"><img loading=\"lazy\" decoding=\"async\" width=\"640\" height=\"640\" src=\"https:\/\/fferrer.com\/wp-content\/uploads\/2025\/01\/pulpo.jpg\" class=\"attachment-large size-large wp-image-6322\" alt=\"\" srcset=\"https:\/\/fferrer.com\/wp-content\/uploads\/2025\/01\/pulpo.jpg 1024w, https:\/\/fferrer.com\/wp-content\/uploads\/2025\/01\/pulpo-300x300.jpg 300w, https:\/\/fferrer.com\/wp-content\/uploads\/2025\/01\/pulpo-150x150.jpg 150w, https:\/\/fferrer.com\/wp-content\/uploads\/2025\/01\/pulpo-768x768.jpg 768w\" sizes=\"(max-width: 640px) 100vw, 640px\" \/><\/div>\n\t\t<\/a>\n\t\t\t\t<div class=\"elementor-post__text\">\n\t\t\t\t<h2 class=\"elementor-post__title\">\n\t\t\t<a href=\"https:\/\/fferrer.com\/ca\/2025\/01\/28\/descobreix-el-pop-caracteristiques-habitat-i-beneficis-nutricionals\/\" >\n\t\t\t\tDescobreix el Pop: Caracter\u00edstiques, H\u00e0bitat i Beneficis Nutricionals\t\t\t<\/a>\n\t\t<\/h2>\n\t\t\t\t<div class=\"elementor-post__excerpt\">\n\t\t\t<p>Tot el que cal saber sobre aquest fascinant cefal\u00f2pode i com incorporar-lo a la teva dieta amb Frigor\u00edfics Ferrer El pop com\u00fa ( Octopus vulgaris<\/p>\n\t\t<\/div>\n\t\t\t\t\t<div class=\"elementor-post__read-more-wrapper\">\n\t\t\n\t\t<a class=\"elementor-post__read-more\" href=\"https:\/\/fferrer.com\/ca\/2025\/01\/28\/descobreix-el-pop-caracteristiques-habitat-i-beneficis-nutricionals\/\" aria-label=\"Read more about Descobreix el Pop: Caracter\u00edstiques, H\u00e0bitat i Beneficis Nutricionals\" tabindex=\"-1\" >\n\t\t\tLlegir m\u00e9s\t\t<\/a>\n\n\t\t\t\t\t<\/div>\n\t\t\t\t<\/div>\n\t\t\t\t<\/article>\n\t\t\t\t<article class=\"elementor-post elementor-grid-item post-6152 post type-post status-publish format-standard has-post-thumbnail hentry category-uncategorized-ca\" role=\"listitem\">\n\t\t\t\t<a class=\"elementor-post__thumbnail__link\" href=\"https:\/\/fferrer.com\/ca\/2024\/10\/14\/besuc-sabor-i-qualitat-garantits-per-a-la-teva-taula\/\" tabindex=\"-1\" >\n\t\t\t<div class=\"elementor-post__thumbnail\"><img loading=\"lazy\" decoding=\"async\" width=\"640\" height=\"520\" src=\"https:\/\/fferrer.com\/wp-content\/uploads\/2024\/10\/besugo-1-1024x832.jpg\" class=\"attachment-large size-large wp-image-6160\" alt=\"\" srcset=\"https:\/\/fferrer.com\/wp-content\/uploads\/2024\/10\/besugo-1-1024x832.jpg 1024w, https:\/\/fferrer.com\/wp-content\/uploads\/2024\/10\/besugo-1-300x244.jpg 300w, https:\/\/fferrer.com\/wp-content\/uploads\/2024\/10\/besugo-1-768x624.jpg 768w, https:\/\/fferrer.com\/wp-content\/uploads\/2024\/10\/besugo-1.jpg 1245w\" sizes=\"(max-width: 640px) 100vw, 640px\" \/><\/div>\n\t\t<\/a>\n\t\t\t\t<div class=\"elementor-post__text\">\n\t\t\t\t<h2 class=\"elementor-post__title\">\n\t\t\t<a href=\"https:\/\/fferrer.com\/ca\/2024\/10\/14\/besuc-sabor-i-qualitat-garantits-per-a-la-teva-taula\/\" >\n\t\t\t\tBesuc: Sabor i Qualitat Garantits per a la teva Taula\t\t\t<\/a>\n\t\t<\/h2>\n\t\t\t\t<div class=\"elementor-post__excerpt\">\n\t\t\t<p>A Ferrer, Seleccionem amb Cura el Millor Cesc perqu\u00e8 Gaudeixis del seu Sabor \u00danic A Ferrer ens assegurem d&#8217;oferir besuc de qualitat superior, acuradament seleccionat<\/p>\n\t\t<\/div>\n\t\t\t\t\t<div class=\"elementor-post__read-more-wrapper\">\n\t\t\n\t\t<a class=\"elementor-post__read-more\" href=\"https:\/\/fferrer.com\/ca\/2024\/10\/14\/besuc-sabor-i-qualitat-garantits-per-a-la-teva-taula\/\" aria-label=\"Read more about Besuc: Sabor i Qualitat Garantits per a la teva Taula\" tabindex=\"-1\" >\n\t\t\tLlegir m\u00e9s\t\t<\/a>\n\n\t\t\t\t\t<\/div>\n\t\t\t\t<\/div>\n\t\t\t\t<\/article>\n\t\t\t\t<\/div>\n\t\t\t\t\t<span class=\"e-load-more-spinner\">\n\t\t\t\t<i aria-hidden=\"true\" class=\"fas fa-spinner\"><\/i>\t\t\t<\/span>\n\t\t\n\t\t\t\t<div class=\"e-load-more-anchor\" data-page=\"1\" data-max-page=\"7\" data-next-page=\"https:\/\/fferrer.com\/ca\/wp-json\/wp\/v2\/pages\/33\/page\/2\/\"><\/div>\n\t\t\t\t<div class=\"elementor-button-wrapper\">\n\t\t\t<a class=\"elementor-button elementor-size-sm\" role=\"button\" id=\"verMas\">\n\t\t\t\t\t\t<span class=\"elementor-button-content-wrapper\">\n\t\t\t\t\t\t\t\t\t<span class=\"elementor-button-text\">Veure m\u00e9s<\/span>\n\t\t\t\t\t<\/span>\n\t\t\t\t\t<\/a>\n\t\t<\/div>\n\t\t\t\t<div class=\"e-load-more-message\"><\/div>\n\t\t\t\t\t\t<\/div>\n\t\t\t\t<\/div>\n\t\t\t\t\t<\/div>\n\t\t\t\t<\/div>\n\t\t<div class=\"elementor-element elementor-element-7476b76 e-flex e-con-boxed e-con e-parent\" data-id=\"7476b76\" data-element_type=\"container\" data-e-type=\"container\" id=\"actualitat\">\n\t\t\t\t\t<div class=\"e-con-inner\">\n\t\t\t\t<div class=\"elementor-element elementor-element-4e5d744 elementor-widget__width-auto classeTitolh2 elementor-widget elementor-widget-heading\" data-id=\"4e5d744\" data-element_type=\"widget\" data-e-type=\"widget\" data-widget_type=\"heading.default\">\n\t\t\t\t<div class=\"elementor-widget-container\">\n\t\t\t\t\t<h2 class=\"elementor-heading-title elementor-size-default\">ACTUALITAT<\/h2>\t\t\t\t<\/div>\n\t\t\t\t<\/div>\n\t\t\t\t\t<\/div>\n\t\t\t\t<\/div>\n\t\t<div class=\"elementor-element elementor-element-bb2d055 e-flex e-con-boxed e-con e-parent\" data-id=\"bb2d055\" data-element_type=\"container\" data-e-type=\"container\">\n\t\t\t\t\t<div class=\"e-con-inner\">\n\t\t\t\t<div class=\"elementor-element elementor-element-6a751e7 elementor-widget elementor-widget-html\" data-id=\"6a751e7\" data-element_type=\"widget\" data-e-type=\"widget\" data-widget_type=\"html.default\">\n\t\t\t\t<div class=\"elementor-widget-container\">\n\t\t\t\t\t<div class='sk-ww-linkedin-page-post' data-embed-id='25427849'><\/div><script src='https:\/\/widgets.sociablekit.com\/linkedin-page-posts\/widget.js' async defer><\/script>\t\t\t\t<\/div>\n\t\t\t\t<\/div>\n\t\t\t\t\t<\/div>\n\t\t\t\t<\/div>\n\t\t\t\t<\/div>\n\t\t","protected":false},"excerpt":{"rendered":"<p>&#8220;Donar contingut als nostres clients ens encanta!&#8221; ARTICLES ACTUALITAT<\/p>\n","protected":false},"author":2,"featured_media":0,"parent":0,"menu_order":0,"comment_status":"closed","ping_status":"closed","template":"","meta":{"_monsterinsights_skip_tracking":false,"_monsterinsights_sitenote_active":false,"_monsterinsights_sitenote_note":"","_monsterinsights_sitenote_category":0,"footnotes":""},"class_list":["post-33","page","type-page","status-publish","hentry"],"aioseo_notices":[],"_links":{"self":[{"href":"https:\/\/fferrer.com\/ca\/wp-json\/wp\/v2\/pages\/33","targetHints":{"allow":["GET"]}}],"collection":[{"href":"https:\/\/fferrer.com\/ca\/wp-json\/wp\/v2\/pages"}],"about":[{"href":"https:\/\/fferrer.com\/ca\/wp-json\/wp\/v2\/types\/page"}],"author":[{"embeddable":true,"href":"https:\/\/fferrer.com\/ca\/wp-json\/wp\/v2\/users\/2"}],"replies":[{"embeddable":true,"href":"https:\/\/fferrer.com\/ca\/wp-json\/wp\/v2\/comments?post=33"}],"version-history":[{"count":211,"href":"https:\/\/fferrer.com\/ca\/wp-json\/wp\/v2\/pages\/33\/revisions"}],"predecessor-version":[{"id":5918,"href":"https:\/\/fferrer.com\/ca\/wp-json\/wp\/v2\/pages\/33\/revisions\/5918"}],"wp:attachment":[{"href":"https:\/\/fferrer.com\/ca\/wp-json\/wp\/v2\/media?parent=33"}],"curies":[{"name":"wp","href":"https:\/\/api.w.org\/{rel}","templated":true}]}}