{"id":27,"date":"2023-11-17T15:16:07","date_gmt":"2023-11-17T14:16:07","guid":{"rendered":"https:\/\/fferrer.com\/?page_id=27"},"modified":"2026-03-09T12:23:11","modified_gmt":"2026-03-09T11:23:11","slug":"contacte","status":"publish","type":"page","link":"https:\/\/fferrer.com\/ca\/contacte\/","title":{"rendered":"Contacte"},"content":{"rendered":"\t\t<div data-elementor-type=\"wp-page\" data-elementor-id=\"27\" class=\"elementor elementor-27\" data-elementor-post-type=\"page\">\n\t\t\t\t<div class=\"elementor-element elementor-element-70084ec e-con-full header2 e-flex e-con e-parent\" data-id=\"70084ec\" data-element_type=\"container\" data-e-type=\"container\" data-settings=\"{&quot;background_background&quot;:&quot;slideshow&quot;,&quot;background_slideshow_gallery&quot;:[{&quot;id&quot;:1434,&quot;url&quot;:&quot;https:\\\/\\\/fferrer.com\\\/wp-content\\\/uploads\\\/2023\\\/12\\\/pop_bin-scaled.jpg&quot;}],&quot;background_slideshow_loop&quot;:&quot;yes&quot;,&quot;background_slideshow_slide_duration&quot;:5000,&quot;background_slideshow_slide_transition&quot;:&quot;fade&quot;,&quot;background_slideshow_transition_duration&quot;:500}\">\n\t\t\t\t<div class=\"elementor-element elementor-element-fe8353c elementor-widget__width-initial classeTitolh4 elementor-widget elementor-widget-heading\" data-id=\"fe8353c\" data-element_type=\"widget\" data-e-type=\"widget\" data-widget_type=\"heading.default\">\n\t\t\t\t<div class=\"elementor-widget-container\">\n\t\t\t\t\t<h2 class=\"elementor-heading-title elementor-size-default\">\"Tenir seus per tot el territori ens permet arribar a tothom\"<\/h2>\t\t\t\t<\/div>\n\t\t\t\t<\/div>\n\t\t\t\t<\/div>\n\t\t<div class=\"elementor-element elementor-element-6461b78 e-flex e-con-boxed e-con e-parent\" data-id=\"6461b78\" data-element_type=\"container\" data-e-type=\"container\" id=\"treballa-amb-nosaltres\">\n\t\t\t\t\t<div class=\"e-con-inner\">\n\t\t\t\t<div class=\"elementor-element elementor-element-21d1063 elementor-widget__width-auto classeTitolh2 elementor-widget elementor-widget-heading\" data-id=\"21d1063\" data-element_type=\"widget\" data-e-type=\"widget\" data-widget_type=\"heading.default\">\n\t\t\t\t<div class=\"elementor-widget-container\">\n\t\t\t\t\t<h2 class=\"elementor-heading-title elementor-size-default\">TREBALLA AMB NOSALTRES<\/h2>\t\t\t\t<\/div>\n\t\t\t\t<\/div>\n\t\t\t\t<div class=\"elementor-element elementor-element-61561fa classeTitolh1 elementor-widget elementor-widget-heading\" data-id=\"61561fa\" data-element_type=\"widget\" data-e-type=\"widget\" data-widget_type=\"heading.default\">\n\t\t\t\t<div class=\"elementor-widget-container\">\n\t\t\t\t\t<h2 class=\"elementor-heading-title elementor-size-default\">T'estem buscant! Troba aqu\u00ed les ofertes de feina disponibles actualment per centres de treball, o inscriu-te al formulari perqu\u00e8 et poguem con\u00e8ixer<\/h2>\t\t\t\t<\/div>\n\t\t\t\t<\/div>\n\t\t<div class=\"elementor-element elementor-element-036501a e-flex e-con-boxed e-con e-child\" data-id=\"036501a\" data-element_type=\"container\" data-e-type=\"container\">\n\t\t\t\t\t<div class=\"e-con-inner\">\n\t\t<div class=\"elementor-element elementor-element-cbbb96a e-con-full e-flex e-con e-child\" data-id=\"cbbb96a\" data-element_type=\"container\" data-e-type=\"container\">\n\t\t\t\t<div class=\"elementor-element elementor-element-3f804dc classeTitolh3 elementor-widget elementor-widget-heading\" data-id=\"3f804dc\" data-element_type=\"widget\" data-e-type=\"widget\" data-widget_type=\"heading.default\">\n\t\t\t\t<div class=\"elementor-widget-container\">\n\t\t\t\t\t<h2 class=\"elementor-heading-title elementor-size-default\">Ofertes vigents<\/h2>\t\t\t\t<\/div>\n\t\t\t\t<\/div>\n\t\t\t\t<div class=\"elementor-element elementor-element-5c17495 elementor-widget elementor-widget-html\" data-id=\"5c17495\" data-element_type=\"widget\" data-e-type=\"widget\" data-widget_type=\"html.default\">\n\t\t\t\t<div class=\"elementor-widget-container\">\n\t\t\t\t\t<div class=\"ofertesFeina\">\r\n\t<!-- tab vic -->\r\n\t<div class=\"row\">\r\n\t\t<div class=\"col-12\">\r\n\t\t\t<button id=\"vic\" class=\"btn btnOfertesFeina w-100\">Vic\r\n\t\t\t\t<div class=\"logoOfertes\"><\/div>\r\n\t\t\t\t<div class=\"logoOfertes2\"><\/div>\r\n\t\t\t<\/button>\r\n\t\t<\/div>\r\n\t<\/div>\r\n\t<div class=\"row vic calaix\">\r\n\t\t<div class=\"ofertes-feina-list\"><div class=\"row\">\n                            <div class=\"col-12\">\n                                <button id=\"7299\" class=\"btn btnOfertaFeina w-100\">T\u00c8CNIC\/A RRHH\n                                    <div class=\"logoOferta\"><\/div>\n                                    <div class=\"logoOferta2\"><\/div>\n                                <\/button>\n                            <\/div>\n                        <\/div>\n                        <div class=\"row oferta 7299\">\n                        <p>Busquem a una persona que s&#8217;incorporar\u00e0 dintre del Departament de Recursos Humans a la nostra delegaci\u00f3 de Vic. Les seves funcions principals seran:<\/p>\n<ul>\n<li>Realitzar els processos de selecci\u00f3 per cobrir les diferents vacants de personal i gestionar la correcta incorporaci\u00f3 a l\u2019empresa.<\/li>\n<li>Col\u00b7laboraci\u00f3 en la gesti\u00f3 de documentaci\u00f3 de formaci\u00f3 interna i externa, aix\u00ed com en assegurar l&#8217;execuci\u00f3 del Pla de Formaci\u00f3.<\/li>\n<li>Coordinaci\u00f3 de pr\u00e0ctiques i de propostes de pr\u00e0ctiques amb els diversos centres.<\/li>\n<li>Gesti\u00f3 dels beneficis socials d&#8217;empresa.<\/li>\n<li>Control i actualitzaci\u00f3 d&#8217;organigrames i descripcions de lloc de treball.<\/li>\n<li>Col\u00b7laboraci\u00f3 en tasques relacionades amb l\u2019\u00e0mbit laboral (control horari, ETT, documentacions) com de desenvolupament o PRL sempre que sigui necessari.<\/li>\n<li>Treballar per la millora cont\u00ednua, fent propostes i treballant per assolir l\u2019excel\u00b7l\u00e8ncia i l\u2019efici\u00e8ncia en tots els processos i en totes les seves \u00e0rees de treball.<\/li>\n<\/ul>\n<p>Busquem a una persona amb inter\u00e8s per les persones, que s\u00e0piga treballar en equip, proactiva i amb capacitat de planificaci\u00f3, d&#8217;organitzaci\u00f3 i flexibilitat i capacitat d&#8217;adaptaci\u00f3 als canvis.<\/p>\n<p>Es valorar\u00e0 molt positivament tenir estudis universitaris en Psicologia, Relacions laborals, ADE o Economia, aix\u00ed com estar habituat a utilitzar les eines de Office 365.<\/p>\n<p>Imprescindible comptar amb experi\u00e8ncia en selecci\u00f3 de personal i tenir motivaci\u00f3 pel mon dels Recursos Humans i per aprendre i formar-se. Disponibilitat per despla\u00e7ar-se puntualment a les diferents delegacions de forma puntual si fos necessari.<\/p>\n<p>Incorporaci\u00f3: juny.<\/p>\n<p>Horari: 40h setmanals, de dilluns a dijous de 8h a 17h (flexibilitat en entrades i sortides) i els divendres de 8h a 15h. 1 dia a la setmana es fa gu\u00e0rdia fins les 18h.<br \/>\nTipus de contracte: Indefinit.<br \/>\nSalari: A partir de 23.000\u20ac bruts anuals, negociable segons v\u00e0lua.<\/p>\n\n                            <a onclick=\"dataLayer.push({ event: 'ClickOffer', eventCategory: 'offer', eventAction: 'ImInterestedIn', offerLocation: 'vic', offerId: 7299, offerName: 'T\u00c8CNIC\/A RRHH'})\" style=\"padding:25px 0px;\" href=\"\/ca\/contact-offer?oferta_id=7299\">\n                            <button class=\"btn botonsDefault col-auto\">M'interessa<\/button><\/a>\n                        <\/div><div class=\"row\">\n                            <div class=\"col-12\">\n                                <button id=\"5725\" class=\"btn btnOfertaFeina w-100\">MOSSO\/A DE MAGATZEM FRIGOR\u00cdFIC (MAT\u00cd)\n                                    <div class=\"logoOferta\"><\/div>\n                                    <div class=\"logoOferta2\"><\/div>\n                                <\/button>\n                            <\/div>\n                        <\/div>\n                        <div class=\"row oferta 5725\">\n                        <p>La persona seleccionada estar\u00e0 dins del Departament d&#8217;Operacions, a la Central de Vic i les seves principals funcions seran:<\/p>\n<ul>\n<li>Recepci\u00f3, ubicaci\u00f3 i reubicaci\u00f3 de g\u00e8nere.<\/li>\n<li>Abastir g\u00e8nere per a permetre la preparaci\u00f3 de les comandes.<\/li>\n<li>C\u00e0rrega i desc\u00e0rrega de camions.<\/li>\n<li>\u00das de carretons.<\/li>\n<li>Suport a tasques de magatzem si \u00e9s necessari.<\/li>\n<\/ul>\n<p>Busquem una persona din\u00e0mica i activa, amb capacitat de treball en equip, que disposi de carnet de toro i amb experi\u00e8ncia en magatzem, sense inconvenient per a treballar en fred a baixes temperatures.<\/p>\n<p>\u00c9s imprescindible\u00a0tenir experi\u00e8ncia portant toro i carnet de torero vigent.<\/p>\n<p>Horari: 40h setmanals, de dilluns a divendres, en torn intensiu de mat\u00ed de 05h a 13h.<br \/>\nTipus de contracte: Fixe-discontinu.<br \/>\nSalari: 22.600\u20ac bruts anuals.<\/p>\n\n                            <a onclick=\"dataLayer.push({ event: 'ClickOffer', eventCategory: 'offer', eventAction: 'ImInterestedIn', offerLocation: 'vic', offerId: 5725, offerName: 'MOSSO\/A DE MAGATZEM FRIGOR\u00cdFIC (MAT\u00cd)'})\" style=\"padding:25px 0px;\" href=\"\/ca\/contact-offer?oferta_id=5725\">\n                            <button class=\"btn botonsDefault col-auto\">M'interessa<\/button><\/a>\n                        <\/div><div class=\"row\">\n                            <div class=\"col-12\">\n                                <button id=\"5513\" class=\"btn btnOfertaFeina w-100\">DEPENDENT\/A PEIXATERIA\n                                    <div class=\"logoOferta\"><\/div>\n                                    <div class=\"logoOferta2\"><\/div>\n                                <\/button>\n                            <\/div>\n                        <\/div>\n                        <div class=\"row oferta 5513\">\n                        <p>Busquem a una persona que s&#8217;incorporar\u00e0 a la nostra botiga ubicada a la seu central de Vic. Les seves principals funcions seran:<\/p>\n<ul>\n<li>Atendre els clients de la botiga.<\/li>\n<li>Realitzar les comandes de peix fresc, la seva recepci\u00f3 i preparaci\u00f3 del producte per la venda.<\/li>\n<li>Aprovisionar els congeladors de la botiga.<\/li>\n<li>Fer el tancament de caixa diari.<\/li>\n<li>Facilitar mostres de producte.<\/li>\n<li>Suport creaci\u00f3 de documents de venda.<\/li>\n<li>Control d\u2019estocs del producte de la botiga (fresc i congelat)<\/li>\n<\/ul>\n<p>Busquem una persona din\u00e0mica i activa, organitzada, amb molt bona atenci\u00f3 al client i acostumada a realitzar tasques administratives amb l&#8217;ordinador. Una persona habituada a treballar en equip.<\/p>\n<p>Imprescindible con\u00e8ixer el sector del peix fresc, amb experi\u00e8ncia com a dependent\/a de peixateria i amb predisposici\u00f3 per aprendre.<\/p>\n<p>Horari: 40h setmanals, de dimarts a divendres de 07:30h fins les 14:00h, dues tardes entre setmana de 16:00h a 20:00h i dissabtes de 07:30h a 13:00h.<\/p>\n<p>Tipus de contracte: Indefinit.<\/p>\n<p>Salari: 22.900\u20ac bruts anuals.<\/p>\n<p>&nbsp;<\/p>\n\n                            <a onclick=\"dataLayer.push({ event: 'ClickOffer', eventCategory: 'offer', eventAction: 'ImInterestedIn', offerLocation: 'vic', offerId: 5513, offerName: 'DEPENDENT\/A PEIXATERIA'})\" style=\"padding:25px 0px;\" href=\"\/ca\/contact-offer?oferta_id=5513\">\n                            <button class=\"btn botonsDefault col-auto\">M'interessa<\/button><\/a>\n                        <\/div><div class=\"row\">\n                            <div class=\"col-12\">\n                                <button id=\"5271\" class=\"btn btnOfertaFeina w-100\">ADMINISTRATIU\/VA LOG\u00cdSTICA (MAT\u00cd)\n                                    <div class=\"logoOferta\"><\/div>\n                                    <div class=\"logoOferta2\"><\/div>\n                                <\/button>\n                            <\/div>\n                        <\/div>\n                        <div class=\"row oferta 5271\">\n                        <p>La persona seleccionada estar\u00e0 dintre de l&#8217;equip de log\u00edstica a la nostra central de Vic, i les seves principals funcions seran:<\/p>\n<ul>\n<li><strong>Gesti\u00f3 de comandes i documentaci\u00f3:<\/strong>\n<ul>\n<li>Introducci\u00f3, modificaci\u00f3 i gesti\u00f3 de comandes.<\/li>\n<li>Emissi\u00f3 i modificaci\u00f3 de factures i albarans.<\/li>\n<li>Control i expedici\u00f3 d\u2019albarans de congelat per rutes de fresc.<\/li>\n<li>Preparaci\u00f3 i gesti\u00f3 de dip\u00f2sits de clients.<\/li>\n<\/ul>\n<p><strong>Recepci\u00f3 i control de mercaderies:<\/strong><\/p>\n<ul>\n<li>Recepci\u00f3 i verificaci\u00f3 de mercaderies.<\/li>\n<li>Control d\u2019estoc de palets (EUR i\/o CHEP).<\/li>\n<li>Gesti\u00f3 de faltes d\u2019estoc i urg\u00e8ncies a delegacions.<\/li>\n<\/ul>\n<p><strong>Coordinaci\u00f3 log\u00edstica i transport:<\/strong><\/p>\n<ul>\n<li>Organitzaci\u00f3 i seguiment de rutes de distribuci\u00f3.<\/li>\n<\/ul>\n<p><strong>Atenci\u00f3 al client i resoluci\u00f3 d\u2019incid\u00e8ncies:<\/strong><\/p>\n<ul>\n<li>Atenci\u00f3 telef\u00f2nica a clients i delegacions.<\/li>\n<li>Resoluci\u00f3 de dubtes i incid\u00e8ncies relacionades amb el servei.<\/li>\n<\/ul>\n<p><strong>Gesti\u00f3 interna i suport administratiu:<\/strong><\/p>\n<ul>\n<li>Control i actualitzaci\u00f3 d\u2019ubicacions de magatzem i generaci\u00f3 d\u2019etiquetes.<\/li>\n<li>Suport administratiu per a la gesti\u00f3 de c\u00e0rregues.<\/li>\n<\/ul>\n<\/li>\n<\/ul>\n<p class=\"ij-BaseTypography ij-Text ij-Text-body1 ij-OfferDetailDescription-Paragarph\">Busquem una persona amb CFGM\/CFGS en administraci\u00f3 o en Transport i Log\u00edstica, i amb un m\u00ednim de 2 anys de experi\u00e8ncia en una posici\u00f3 similar.<\/p>\n<p class=\"ij-BaseTypography ij-Text ij-Text-body1 ij-OfferDetailDescription-Paragarph\">Es valorar\u00e0 un nivell alt de ofim\u00e0tica i Excel; valorable coneixements de SAP.<\/p>\n<p class=\"ij-BaseTypography ij-Text ij-Text-body1 ij-OfferDetailDescription-Paragarph\">Pensem en una persona responsable, organitzada, resolutiva i polivalent.<\/p>\n<p>Horari: 40h setmanals, de dilluns a divendres de 7h a 15h.<br \/>\nTipus de contracte: Indefinit<br \/>\nSalari: 24.000\u20ac bruts anuals.<\/p>\n\n                            <a onclick=\"dataLayer.push({ event: 'ClickOffer', eventCategory: 'offer', eventAction: 'ImInterestedIn', offerLocation: 'vic', offerId: 5271, offerName: 'ADMINISTRATIU\/VA LOG\u00cdSTICA (MAT\u00cd)'})\" style=\"padding:25px 0px;\" href=\"\/ca\/contact-offer?oferta_id=5271\">\n                            <button class=\"btn botonsDefault col-auto\">M'interessa<\/button><\/a>\n                        <\/div><\/div>\r\n\t<\/div>\r\n\t<!-- tab barcelona -->\r\n\t<div class=\"row\">\r\n\t\t<div class=\"col-12\">\r\n\t\t\t<button id=\"barcelona\" class=\"btn btnOfertesFeina w-100\">Barcelona\r\n\t\t\t\t<div class=\"logoOfertes\"><\/div>\r\n\t\t\t\t<div class=\"logoOfertes2\"><\/div>\r\n\t\t\t<\/button>\r\n\t\t<\/div>\r\n\t<\/div>\r\n\t<div class=\"row barcelona calaix\">\r\n\t\t<div class=\"ofertes-feina-list\"><p>En aquests moments no hi ha cap oferta activa.<\/p><\/div>\r\n\t<\/div>\r\n\t<!-- tab tarragona -->\r\n\t<div class=\"row\">\r\n    \t<div class=\"col-12\">\r\n    \t\t<button id=\"tarragona\" class=\"btn btnOfertesFeina w-100\">Tarragona\r\n    \t\t\t<div class=\"logoOfertes\"><\/div>\r\n    \t\t\t<div class=\"logoOfertes2\"><\/div>\r\n    \t\t<\/button>\r\n    \t<\/div>\r\n    <\/div>\r\n    <div class=\"row tarragona calaix\">\r\n    \t<div class=\"ofertes-feina-list\"><div class=\"row\">\n                            <div class=\"col-12\">\n                                <button id=\"5866\" class=\"btn btnOfertaFeina w-100\">REPARTIDOR\/A CARNET C (DIMARTS-DISSABTE)\n                                    <div class=\"logoOferta\"><\/div>\n                                    <div class=\"logoOferta2\"><\/div>\n                                <\/button>\n                            <\/div>\n                        <\/div>\n                        <div class=\"row oferta 5866\">\n                        <p>La persona seleccionada s\u2019incorporar\u00e0 al departament de Distribuci\u00f3, a la nostra delegaci\u00f3 de Lloren\u00e7 del Pened\u00e8s i s\u2019ocupar\u00e0 de fer les seg\u00fcents tasques:<\/p>\n<ul>\n<li>Realitzar la distribuci\u00f3 de productes als clients segons ruta assignada.<\/li>\n<li>Retornar els albarans degudament signats di\u00e0riament.<\/li>\n<li>Omplir les fulles d\u2019incid\u00e8ncies.<\/li>\n<li>Realitzar el cobrament d\u2019alguns clients al comptat i fer la liquidaci\u00f3 a l\u2019arribada.<\/li>\n<li>Mantenir el vehicle en condicions \u00f2ptimes de neteja.<\/li>\n<li>Vetllar pel compliment de les normes higi\u00e8nic-sanit\u00e0ries corresponents.<\/li>\n<\/ul>\n<p>Busquem a una persona responsable i amb ganes de treballar, activa i din\u00e0mica, amb disponibilitat per realitzar esfor\u00e7 f\u00edsic.<\/p>\n<p>Imprescindible Carnet C, el CAP i la targeta de tac\u00f2graf en vigor, aix\u00ed com poder acreditar els punts del carnet disponibles.<\/p>\n<p>Es valorar\u00e0 positivament tenir experi\u00e8ncia pr\u00e8via en la conducci\u00f3 i\/o distribuci\u00f3.<\/p>\n<p>Horari: 40h setmanals, de dimarts a dissabte en torn intensiu de mat\u00ed.<\/p>\n<p>Tipus de contracte: Fixe.<\/p>\n<p>Salari: 24.500\u20ac bruts anuals + 1.200\u20ac variables.<\/p>\n\n                            <a onclick=\"dataLayer.push({ event: 'ClickOffer', eventCategory: 'offer', eventAction: 'ImInterestedIn', offerLocation: 'tarragona', offerId: 5866, offerName: 'REPARTIDOR\/A CARNET C (DIMARTS-DISSABTE)'})\" style=\"padding:25px 0px;\" href=\"\/ca\/contact-offer?oferta_id=5866\">\n                            <button class=\"btn botonsDefault col-auto\">M'interessa<\/button><\/a>\n                        <\/div><\/div>\r\n    <\/div>\r\n\t<!-- tab figueres -->\r\n\t<div class=\"row\">\r\n\t\t<div class=\"col-12\">\r\n\t\t\t<button id=\"figueres\" class=\"btn btnOfertesFeina w-100\">Figueres\r\n\t\t\t\t<div class=\"logoOfertes\"><\/div>\r\n\t\t\t\t<div class=\"logoOfertes2\"><\/div>\r\n\t\t\t<\/button>\r\n\t\t<\/div>\r\n\t<\/div>\r\n\t<div class=\"row figueres calaix\">\r\n\t\t<div class=\"ofertes-feina-list\"><p>En aquests moments no hi ha cap oferta activa.<\/p><\/div>\r\n\t<\/div>\r\n\t<!-- tab lleida -->\r\n\t<div class=\"row\">\r\n\t\t<div class=\"col-12\">\r\n\t\t\t<button id=\"lleida\" class=\"btn btnOfertesFeina w-100\">Lleida\r\n\t\t\t\t<div class=\"logoOfertes\"><\/div>\r\n\t\t\t\t<div class=\"logoOfertes2\"><\/div>\r\n\t\t\t<\/button>\r\n\t\t<\/div>\r\n\t<\/div>\r\n\t<div class=\"row lleida calaix\">\r\n\t\t<div class=\"ofertes-feina-list\"><p>En aquests moments no hi ha cap oferta activa.<\/p><\/div>\r\n\t<\/div>\r\n\t<!-- tab centelles -->\r\n    <div class=\"row\">\r\n        <div class=\"col-12\">\r\n            <button id=\"centelles\" class=\"btn btnOfertesFeina w-100\">Centelles\r\n            <div class=\"logoOfertes\"><\/div>\r\n            <div class=\"logoOfertes2\"><\/div>\r\n            <\/button>\r\n        <\/div>\r\n    <\/div>\r\n    <div class=\"row centelles calaix\">\r\n        <div class=\"ofertes-feina-list\"><div class=\"row\">\n                            <div class=\"col-12\">\n                                <button id=\"4267\" class=\"btn btnOfertaFeina w-100\">MOSSO\/A MAGATZEM FRIGOR\u00cdFIC (TARDA &#8211; ESTIU)\n                                    <div class=\"logoOferta\"><\/div>\n                                    <div class=\"logoOferta2\"><\/div>\n                                <\/button>\n                            <\/div>\n                        <\/div>\n                        <div class=\"row oferta 4267\">\n                        <p>La persona seleccionada estar\u00e0 dins el Departament d\u2019Operacions, a la delegaci\u00f3 de Centelles i les seves principals funcions seran:<\/p>\n<ul>\n<li>Recepci\u00f3 de mercaderies.<\/li>\n<li>Col\u00b7locaci\u00f3 de la mercaderia a la cambra frigor\u00edfica.<\/li>\n<li>Preparaci\u00f3 i embalatge de palets.<\/li>\n<li>Fer els canvi d\u2019ubicacions necessaris.<\/li>\n<li>\u00das de transpalet el\u00e8ctric i apiladora.<\/li>\n<\/ul>\n<p>Busquem una persona din\u00e0mica i activa, amb capacitat de treball en equip, en disposici\u00f3 de carnet de toro i amb experi\u00e8ncia en magatzem, sense inconvenient per treballar en fred a baixes temperatures.<\/p>\n<p>Horari: 40h setmanals, de dilluns a dijous de 14h a 22h i el diumenge de 20h a 4h.<br \/>\nTipus de contracte: Fixe-discontinu per la campanya d&#8217;estiu.<br \/>\nSalari: 23.200\u20ac bruts anuals.<\/p>\n\n                            <a onclick=\"dataLayer.push({ event: 'ClickOffer', eventCategory: 'offer', eventAction: 'ImInterestedIn', offerLocation: 'centelles', offerId: 4267, offerName: 'MOSSO\/A MAGATZEM FRIGOR\u00cdFIC (TARDA &#8211; ESTIU)'})\" style=\"padding:25px 0px;\" href=\"\/ca\/contact-offer?oferta_id=4267\">\n                            <button class=\"btn botonsDefault col-auto\">M'interessa<\/button><\/a>\n                        <\/div><\/div>\r\n    <\/div>\r\n\t<!-- tab madrid -->\r\n\t<div class=\"row\">\r\n\t\t<div class=\"col-12\">\r\n\t\t\t<button id=\"madrid\" class=\"btn btnOfertesFeina w-100\">Madrid\r\n\t\t\t\t<div class=\"logoOfertes\"><\/div>\r\n\t\t\t\t<div class=\"logoOfertes2\"><\/div>\r\n\t\t\t<\/button>\r\n\t\t<\/div>\r\n\t<\/div>\r\n\t<div class=\"row madrid calaix\">\r\n\t\t<div class=\"ofertes-feina-list\"><p>En aquests moments no hi ha cap oferta activa.<\/p><\/div>\r\n\t<\/div>\r\n\t<!-- tab valencia -->\r\n\t<div class=\"row\">\r\n\t\t<div class=\"col-12\">\r\n\t\t\t<button id=\"valencia\" class=\"btn btnOfertesFeina w-100\">Val\u00e8ncia\r\n\t\t\t\t<div class=\"logoOfertes\"><\/div>\r\n\t\t\t\t<div class=\"logoOfertes2\"><\/div>\r\n\t\t\t<\/button>\r\n\t\t<\/div>\r\n\t<\/div>\r\n\t<div class=\"row valencia calaix\">\r\n\t\t<div class=\"ofertes-feina-list\"><p>En aquests moments no hi ha cap oferta activa.<\/p><\/div>\r\n\t<\/div>\r\n<\/div>\t\t\t\t<\/div>\n\t\t\t\t<\/div>\n\t\t\t\t<\/div>\n\t\t<div class=\"elementor-element elementor-element-66486f3 e-con-full e-flex e-con e-child\" data-id=\"66486f3\" data-element_type=\"container\" data-e-type=\"container\">\n\t\t\t\t<div class=\"elementor-element elementor-element-92f7eaa classeTitolh3 elementor-widget elementor-widget-heading\" data-id=\"92f7eaa\" data-element_type=\"widget\" data-e-type=\"widget\" data-widget_type=\"heading.default\">\n\t\t\t\t<div class=\"elementor-widget-container\">\n\t\t\t\t\t<h2 class=\"elementor-heading-title elementor-size-default\">No has trobat el que buscaves? Inscriu-te aqu\u00ed<\/h2>\t\t\t\t<\/div>\n\t\t\t\t<\/div>\n\t\t\t\t<div class=\"elementor-element elementor-element-8bfa52f elementor-widget__width-inherit elementor-widget elementor-widget-heading\" data-id=\"8bfa52f\" data-element_type=\"widget\" data-e-type=\"widget\" data-widget_type=\"heading.default\">\n\t\t\t\t<div class=\"elementor-widget-container\">\n\t\t\t\t\t<h2 class=\"elementor-heading-title elementor-size-default\">\n<div class=\"wpcf7 no-js\" id=\"wpcf7-f257-o1\" lang=\"ca\" dir=\"ltr\" data-wpcf7-id=\"257\">\n<div class=\"screen-reader-response\"><p role=\"status\" aria-live=\"polite\" aria-atomic=\"true\"><\/p> <ul><\/ul><\/div>\n<form action=\"\/ca\/wp-json\/wp\/v2\/pages\/27#wpcf7-f257-o1\" method=\"post\" class=\"wpcf7-form init\" aria-label=\"Formulari de contacte\" enctype=\"multipart\/form-data\" novalidate=\"novalidate\" data-status=\"init\">\n<fieldset class=\"hidden-fields-container\"><input type=\"hidden\" name=\"_wpcf7\" value=\"257\" \/><input type=\"hidden\" name=\"_wpcf7_version\" value=\"6.1.5\" \/><input type=\"hidden\" name=\"_wpcf7_locale\" value=\"ca\" \/><input type=\"hidden\" name=\"_wpcf7_unit_tag\" value=\"wpcf7-f257-o1\" \/><input type=\"hidden\" name=\"_wpcf7_container_post\" value=\"0\" \/><input type=\"hidden\" name=\"_wpcf7_posted_data_hash\" value=\"\" \/><input type=\"hidden\" name=\"_wpcf7_recaptcha_response\" value=\"\" \/>\n<\/fieldset>\n<div id=\"form1\">\n\t<p><label class=\"inputDefault\"> Nom i cognoms*<br \/>\n<span class=\"wpcf7-form-control-wrap\" data-name=\"your-name\"><input size=\"40\" maxlength=\"400\" class=\"wpcf7-form-control wpcf7-text wpcf7-validates-as-required inputDefault\" autocomplete=\"name\" aria-required=\"true\" aria-invalid=\"false\" value=\"\" type=\"text\" name=\"your-name\" \/><\/span> <\/label>\n\t<\/p>\n\t<p><label class=\"inputDefault\"> Correu electr\u00f2nic*<br \/>\n<span class=\"wpcf7-form-control-wrap\" data-name=\"your-email\"><input size=\"40\" maxlength=\"400\" class=\"wpcf7-form-control wpcf7-email wpcf7-validates-as-required wpcf7-text wpcf7-validates-as-email inputDefault\" autocomplete=\"email\" aria-required=\"true\" aria-invalid=\"false\" value=\"\" type=\"email\" name=\"your-email\" \/><\/span> <\/label>\n\t<\/p>\n\t<p><label class=\"inputDefault\"> Ubicaci\u00f3* <\/label><br \/>\n<span class=\"wpcf7-form-control-wrap\" data-name=\"ubicacio\"><select class=\"wpcf7-form-control wpcf7-select wpcf7-validates-as-required inputDefault\" id=\"selectUbicacio\" aria-required=\"true\" aria-invalid=\"false\" multiple=\"multiple\" name=\"ubicacio[]\"><option value=\"\">&#8212;Trieu una opci\u00f3&#8212;<\/option><option value=\"Vic\">Vic<\/option><option value=\"Barcelona\">Barcelona<\/option><option value=\"Figueres\">Figueres<\/option><option value=\"Lleida\">Lleida<\/option><option value=\"Val\u00e8ncia\">Val\u00e8ncia<\/option><option value=\"Madrid\">Madrid<\/option><\/select><\/span>\n\t<\/p>\n\t<div id='divCheckbox'>\n\t\t<p><label class=\"inputDefault\" id=\"labelCheckbox\"> \u00c0rees d'inter\u00e9s* <\/label><br \/>\n<span class=\"wpcf7-form-control-wrap\" data-name=\"reesdinters\"><span class=\"wpcf7-form-control wpcf7-checkbox wpcf7-validates-as-required inputDefault\" id=\"arees\"><span class=\"wpcf7-list-item first\"><label><input type=\"checkbox\" name=\"reesdinters[]\" value=\"Administraci\u00f3\" \/><span class=\"wpcf7-list-item-label\">Administraci\u00f3<\/span><\/label><\/span><span class=\"wpcf7-list-item\"><label><input type=\"checkbox\" name=\"reesdinters[]\" value=\"Producci\u00f3\" \/><span class=\"wpcf7-list-item-label\">Producci\u00f3<\/span><\/label><\/span><span class=\"wpcf7-list-item\"><label><input type=\"checkbox\" name=\"reesdinters[]\" value=\"Comercial\" \/><span class=\"wpcf7-list-item-label\">Comercial<\/span><\/label><\/span><span class=\"wpcf7-list-item\"><label><input type=\"checkbox\" name=\"reesdinters[]\" value=\"Qualitat\" \/><span class=\"wpcf7-list-item-label\">Qualitat<\/span><\/label><\/span><span class=\"wpcf7-list-item\"><label><input type=\"checkbox\" name=\"reesdinters[]\" value=\"Compres\" \/><span class=\"wpcf7-list-item-label\">Compres<\/span><\/label><\/span><span class=\"wpcf7-list-item\"><label><input type=\"checkbox\" name=\"reesdinters[]\" value=\"RRHH\" \/><span class=\"wpcf7-list-item-label\">RRHH<\/span><\/label><\/span><span class=\"wpcf7-list-item\"><label><input type=\"checkbox\" name=\"reesdinters[]\" value=\"Distribuci\u00f3\" \/><span class=\"wpcf7-list-item-label\">Distribuci\u00f3<\/span><\/label><\/span><span class=\"wpcf7-list-item\"><label><input type=\"checkbox\" name=\"reesdinters[]\" value=\"Sala elaboraci\u00f3\" \/><span class=\"wpcf7-list-item-label\">Sala elaboraci\u00f3<\/span><\/label><\/span><span class=\"wpcf7-list-item\"><label><input type=\"checkbox\" name=\"reesdinters[]\" value=\"Magatzem\" \/><span class=\"wpcf7-list-item-label\">Magatzem<\/span><\/label><\/span><span class=\"wpcf7-list-item\"><label><input type=\"checkbox\" name=\"reesdinters[]\" value=\"Televenda\" \/><span class=\"wpcf7-list-item-label\">Televenda<\/span><\/label><\/span><span class=\"wpcf7-list-item\"><label><input type=\"checkbox\" name=\"reesdinters[]\" value=\"Manteniment\" \/><span class=\"wpcf7-list-item-label\">Manteniment<\/span><\/label><\/span><span class=\"wpcf7-list-item\"><label><input type=\"checkbox\" name=\"reesdinters[]\" value=\"TIC\" \/><span class=\"wpcf7-list-item-label\">TIC<\/span><\/label><\/span><span class=\"wpcf7-list-item\"><label><input type=\"checkbox\" name=\"reesdinters[]\" value=\"M\u00e0rqueting\" \/><span class=\"wpcf7-list-item-label\">M\u00e0rqueting<\/span><\/label><\/span><span class=\"wpcf7-list-item\"><label><input type=\"checkbox\" name=\"reesdinters[]\" value=\"Altres\" \/><span class=\"wpcf7-list-item-label\">Altres<\/span><\/label><\/span><span class=\"wpcf7-list-item last\"><label><input type=\"checkbox\" name=\"reesdinters[]\" value=\"Peixateria\" \/><span class=\"wpcf7-list-item-label\">Peixateria<\/span><\/label><\/span><\/span><\/span>\n\t\t<\/p>\n\t<\/div>\n\t<p><label class=\"inputDefault\"> CV* <\/label><label for=\"cv\" class=\"botonsDefault\" style=\"padding:3px 10px!important;\"><img decoding=\"async\" src=\"\/wp-content\/themes\/fferrer\/img\/clip_paperl.svg\" alt=\"\" width=\"25px\" \/>Escull arxiu<\/label><span class=\"wpcf7-form-control-wrap\" data-name=\"CV\"><input size=\"40\" class=\"wpcf7-form-control wpcf7-file wpcf7-validates-as-required cv\" id=\"cv\" accept=\".doc,.pdf,.docx\" aria-required=\"true\" aria-invalid=\"false\" type=\"file\" name=\"CV\" \/><\/span>\n\t<\/p>\n\t<p>Adjunta el teu curriculum vitae (mida m\u00e0xima 10Mb)\n\t<\/p>\n\t<p>L\u2019informem que FRIGOR\u00cdFICS FERRER, S.A.U. tractar\u00e0 les seves dades personals com a responsable del tractament per valorar la seva candidatura a aquest proc\u00e9s de selecci\u00f3, legitimada per la seva petici\u00f3 de mesures precontractuals i la seva intenci\u00f3 de concloure un contracte. No es comunicaran dades a tercers, llevat d\u2019obligaci\u00f3 legal. Per accedir, rectificar i suprimir les seves dades, exercir altres drets i obtenir informaci\u00f3 addicional i detallada sobre protecci\u00f3 de dades, consulti la <a class=\"aceptacio\" href=\"\/ca\/politica-de-privacitat\" target=\"_blank\">pol\u00edtica de privacitat.<\/a>\n\t<\/p>\n\t<p><span class=\"wpcf7-form-control-wrap\" data-name=\"acceptance-200\"><span class=\"wpcf7-form-control wpcf7-acceptance\"><span class=\"wpcf7-list-item\"><label><input type=\"checkbox\" name=\"acceptance-200\" value=\"1\" aria-invalid=\"false\" \/><span class=\"wpcf7-list-item-label\">A l'enviar aquest formulari manifesta que ha llegit i accepta la <a class=\"aceptacio\" href=\"\/ca\/politica-de-privacitat\" target=\"_blank\"><b>pol\u00edtica de protecci\u00f3 de dades.<\/b><\/a><\/span><\/label><\/span><\/span><\/span>\n\t<\/p>\n\t<p><input class=\"wpcf7-form-control wpcf7-submit has-spinner botonsDefault\" type=\"submit\" value=\"Enviar\" \/>\n\t<\/p>\n<\/div><p style=\"display: none !important;\" class=\"akismet-fields-container\" data-prefix=\"_wpcf7_ak_\"><label>&#916;<textarea name=\"_wpcf7_ak_hp_textarea\" cols=\"45\" rows=\"8\" maxlength=\"100\"><\/textarea><\/label><input type=\"hidden\" id=\"ak_js_1\" name=\"_wpcf7_ak_js\" value=\"75\"\/><script>document.getElementById( \"ak_js_1\" ).setAttribute( \"value\", ( new Date() ).getTime() );<\/script><\/p><div class=\"wpcf7-response-output\" aria-hidden=\"true\"><\/div>\n<\/form>\n<\/div>\n<\/h2>\t\t\t\t<\/div>\n\t\t\t\t<\/div>\n\t\t\t\t<\/div>\n\t\t\t\t\t<\/div>\n\t\t\t\t<\/div>\n\t\t\t\t\t<\/div>\n\t\t\t\t<\/div>\n\t\t<div class=\"elementor-element elementor-element-a9004ab e-con-full e-flex e-con e-parent\" data-id=\"a9004ab\" data-element_type=\"container\" data-e-type=\"container\" id=\"t-escoltem\">\n\t\t<div class=\"elementor-element elementor-element-5871b3f e-con-full e-flex e-con e-child\" data-id=\"5871b3f\" data-element_type=\"container\" data-e-type=\"container\">\n\t\t\t\t<div class=\"elementor-element elementor-element-cfdfaa0 elementor-widget__width-auto classeTitolh2 elementor-widget elementor-widget-heading\" data-id=\"cfdfaa0\" data-element_type=\"widget\" data-e-type=\"widget\" data-widget_type=\"heading.default\">\n\t\t\t\t<div class=\"elementor-widget-container\">\n\t\t\t\t\t<h2 class=\"elementor-heading-title elementor-size-default\">T'ESCOLTEM<\/h2>\t\t\t\t<\/div>\n\t\t\t\t<\/div>\n\t\t\t\t<div class=\"elementor-element elementor-element-ef24117 classeTitolh1 elementor-widget elementor-widget-heading\" data-id=\"ef24117\" data-element_type=\"widget\" data-e-type=\"widget\" data-widget_type=\"heading.default\">\n\t\t\t\t<div class=\"elementor-widget-container\">\n\t\t\t\t\t<h2 class=\"elementor-heading-title elementor-size-default\">A Ferrer l'opini\u00f3 dels nostres clients o futurs clients\/prove\u00efdors \u00e9s molt important, t'escoltem!<br>Indica aqu\u00ed la teva consulta i ens posarem en contacte amb tu el m\u00e9s aviat possible<\/h2>\t\t\t\t<\/div>\n\t\t\t\t<\/div>\n\t\t\t\t<\/div>\n\t\t\t\t<\/div>\n\t\t<div class=\"elementor-element elementor-element-eb52d35 e-con-full e-flex e-con e-parent\" data-id=\"eb52d35\" data-element_type=\"container\" data-e-type=\"container\">\n\t\t<div class=\"elementor-element elementor-element-6267a39 e-con-full e-flex e-con e-child\" data-id=\"6267a39\" data-element_type=\"container\" data-e-type=\"container\">\n\t\t<div class=\"elementor-element elementor-element-4104fe0 e-con-full e-flex e-con e-child\" data-id=\"4104fe0\" data-element_type=\"container\" data-e-type=\"container\">\n\t\t\t\t<div class=\"elementor-element elementor-element-22be15b elementor-align-left buttonIcon elementor-widget elementor-widget-button\" data-id=\"22be15b\" data-element_type=\"widget\" data-e-type=\"widget\" id=\"buttonIcon1\" data-widget_type=\"button.default\">\n\t\t\t\t<div class=\"elementor-widget-container\">\n\t\t\t\t\t\t\t\t\t<div class=\"elementor-button-wrapper\">\n\t\t\t\t\t<a class=\"elementor-button elementor-size-sm\" role=\"button\">\n\t\t\t\t\t\t<span class=\"elementor-button-content-wrapper\">\n\t\t\t\t\t\t<span class=\"elementor-button-icon\">\n\t\t\t\t<svg xmlns=\"http:\/\/www.w3.org\/2000\/svg\" width=\"33\" height=\"42\" viewBox=\"0 0 33 42\" fill=\"none\"><path d=\"M33 21L-1.9576e-06 41.7846L-1.40549e-07 0.21539L33 21Z\" fill=\"#F54C42\"><\/path><\/svg>\t\t\t<\/span>\n\t\t\t\t\t\t\t\t\t<span class=\"elementor-button-text\">Vull ser client<\/span>\n\t\t\t\t\t<\/span>\n\t\t\t\t\t<\/a>\n\t\t\t\t<\/div>\n\t\t\t\t\t\t\t\t<\/div>\n\t\t\t\t<\/div>\n\t\t\t\t<div class=\"elementor-element elementor-element-a59f215 elementor-align-left buttonIcon elementor-widget elementor-widget-button\" data-id=\"a59f215\" data-element_type=\"widget\" data-e-type=\"widget\" id=\"buttonIcon2\" data-widget_type=\"button.default\">\n\t\t\t\t<div class=\"elementor-widget-container\">\n\t\t\t\t\t\t\t\t\t<div class=\"elementor-button-wrapper\">\n\t\t\t\t\t<a class=\"elementor-button elementor-size-sm\" role=\"button\">\n\t\t\t\t\t\t<span class=\"elementor-button-content-wrapper\">\n\t\t\t\t\t\t<span class=\"elementor-button-icon\">\n\t\t\t\t<svg xmlns=\"http:\/\/www.w3.org\/2000\/svg\" width=\"33\" height=\"42\" viewBox=\"0 0 33 42\" fill=\"none\"><path d=\"M33 21L-1.9576e-06 41.7846L-1.40549e-07 0.21539L33 21Z\" fill=\"#F54C42\"><\/path><\/svg>\t\t\t<\/span>\n\t\t\t\t\t\t\t\t\t<span class=\"elementor-button-text\">Vull ser prove\u00efdor<\/span>\n\t\t\t\t\t<\/span>\n\t\t\t\t\t<\/a>\n\t\t\t\t<\/div>\n\t\t\t\t\t\t\t\t<\/div>\n\t\t\t\t<\/div>\n\t\t\t\t<div class=\"elementor-element elementor-element-d31cbef elementor-align-left buttonIcon elementor-widget elementor-widget-button\" data-id=\"d31cbef\" data-element_type=\"widget\" data-e-type=\"widget\" id=\"buttonIcon3\" data-widget_type=\"button.default\">\n\t\t\t\t<div class=\"elementor-widget-container\">\n\t\t\t\t\t\t\t\t\t<div class=\"elementor-button-wrapper\">\n\t\t\t\t\t<a class=\"elementor-button elementor-size-sm\" role=\"button\">\n\t\t\t\t\t\t<span class=\"elementor-button-content-wrapper\">\n\t\t\t\t\t\t<span class=\"elementor-button-icon\">\n\t\t\t\t<svg xmlns=\"http:\/\/www.w3.org\/2000\/svg\" width=\"33\" height=\"42\" viewBox=\"0 0 33 42\" fill=\"none\"><path d=\"M33 21L-1.9576e-06 41.7846L-1.40549e-07 0.21539L33 21Z\" fill=\"#F54C42\"><\/path><\/svg>\t\t\t<\/span>\n\t\t\t\t\t\t\t\t\t<span class=\"elementor-button-text\">Vull fer una consulta<\/span>\n\t\t\t\t\t<\/span>\n\t\t\t\t\t<\/a>\n\t\t\t\t<\/div>\n\t\t\t\t\t\t\t\t<\/div>\n\t\t\t\t<\/div>\n\t\t\t\t<div class=\"elementor-element elementor-element-9e94723 elementor-button-info elementor-align-left buttonIcon elementor-widget elementor-widget-button\" data-id=\"9e94723\" data-element_type=\"widget\" data-e-type=\"widget\" id=\"buttonIcon4\" data-widget_type=\"button.default\">\n\t\t\t\t<div class=\"elementor-widget-container\">\n\t\t\t\t\t\t\t\t\t<div class=\"elementor-button-wrapper\">\n\t\t\t\t\t<a class=\"elementor-button elementor-size-sm\" role=\"button\">\n\t\t\t\t\t\t<span class=\"elementor-button-content-wrapper\">\n\t\t\t\t\t\t<span class=\"elementor-button-icon\">\n\t\t\t\t<svg xmlns=\"http:\/\/www.w3.org\/2000\/svg\" width=\"33\" height=\"42\" viewBox=\"0 0 33 42\" fill=\"none\"><path d=\"M33 21L-1.9576e-06 41.7846L-1.40549e-07 0.21539L33 21Z\" fill=\"#F54C42\"><\/path><\/svg>\t\t\t<\/span>\n\t\t\t\t\t\t\t\t\t<span class=\"elementor-button-text\">Vull fer una reclamaci\u00f3<\/span>\n\t\t\t\t\t<\/span>\n\t\t\t\t\t<\/a>\n\t\t\t\t<\/div>\n\t\t\t\t\t\t\t\t<\/div>\n\t\t\t\t<\/div>\n\t\t\t\t<\/div>\n\t\t<div class=\"elementor-element elementor-element-3b1135f e-con-full e-flex e-con e-child\" data-id=\"3b1135f\" data-element_type=\"container\" data-e-type=\"container\">\n\t\t\t\t<div class=\"elementor-element elementor-element-567c03a elementor-widget__width-inherit elementor-widget elementor-widget-heading\" data-id=\"567c03a\" data-element_type=\"widget\" data-e-type=\"widget\" id=\"formContact1\" data-widget_type=\"heading.default\">\n\t\t\t\t<div class=\"elementor-widget-container\">\n\t\t\t\t\t<h2 class=\"elementor-heading-title elementor-size-default\">\n<div class=\"wpcf7 no-js\" id=\"wpcf7-f854-o2\" lang=\"ca\" dir=\"ltr\" data-wpcf7-id=\"854\">\n<div class=\"screen-reader-response\"><p role=\"status\" aria-live=\"polite\" aria-atomic=\"true\"><\/p> <ul><\/ul><\/div>\n<form action=\"\/ca\/wp-json\/wp\/v2\/pages\/27#wpcf7-f854-o2\" method=\"post\" class=\"wpcf7-form init\" aria-label=\"Formulari de contacte\" novalidate=\"novalidate\" data-status=\"init\">\n<fieldset class=\"hidden-fields-container\"><input type=\"hidden\" name=\"_wpcf7\" value=\"854\" \/><input type=\"hidden\" name=\"_wpcf7_version\" value=\"6.1.5\" \/><input type=\"hidden\" name=\"_wpcf7_locale\" value=\"ca\" \/><input type=\"hidden\" name=\"_wpcf7_unit_tag\" value=\"wpcf7-f854-o2\" \/><input type=\"hidden\" name=\"_wpcf7_container_post\" value=\"0\" \/><input type=\"hidden\" name=\"_wpcf7_posted_data_hash\" value=\"\" \/><input type=\"hidden\" name=\"_wpcf7_recaptcha_response\" value=\"\" \/>\n<\/fieldset>\n<div id=\"form4\">\n\t<p><label class=\"inputDefault\"> Nom i cognoms*<br \/>\n<span class=\"wpcf7-form-control-wrap\" data-name=\"nom\"><input size=\"40\" maxlength=\"400\" class=\"wpcf7-form-control wpcf7-text wpcf7-validates-as-required inputDefault\" autocomplete=\"name\" aria-required=\"true\" aria-invalid=\"false\" value=\"\" type=\"text\" name=\"nom\" \/><\/span> <\/label>\n\t<\/p>\n\t<p><label class=\"inputDefault\"> Email*<br \/>\n<span class=\"wpcf7-form-control-wrap\" data-name=\"email\"><input size=\"40\" maxlength=\"400\" class=\"wpcf7-form-control wpcf7-email wpcf7-validates-as-required wpcf7-text wpcf7-validates-as-email inputDefault\" autocomplete=\"email\" aria-required=\"true\" aria-invalid=\"false\" value=\"\" type=\"email\" name=\"email\" \/><\/span> <\/label>\n\t<\/p>\n\t<p><label class=\"inputDefault\"> Tel\u00e8fon*<br \/>\n<span class=\"wpcf7-form-control-wrap\" data-name=\"telefon\"><input size=\"40\" maxlength=\"400\" class=\"wpcf7-form-control wpcf7-tel wpcf7-validates-as-required wpcf7-text wpcf7-validates-as-tel inputDefault\" aria-required=\"true\" aria-invalid=\"false\" value=\"\" type=\"tel\" name=\"telefon\" \/><\/span> <\/label>\n\t<\/p>\n\t<p><label class=\"inputDefault\"> Localitat*<br \/>\n<span class=\"wpcf7-form-control-wrap\" data-name=\"localitat\"><input size=\"40\" maxlength=\"400\" class=\"wpcf7-form-control wpcf7-text wpcf7-validates-as-required inputDefault\" aria-required=\"true\" aria-invalid=\"false\" value=\"\" type=\"text\" name=\"localitat\" \/><\/span> <\/label>\n\t<\/p>\n\t<p><label class=\"inputDefault\"> Establiment<br \/>\n<span class=\"wpcf7-form-control-wrap\" data-name=\"establiment\"><input size=\"40\" maxlength=\"400\" class=\"wpcf7-form-control wpcf7-text inputDefault\" aria-invalid=\"false\" value=\"\" type=\"text\" name=\"establiment\" \/><\/span> <\/label>\n\t<\/p>\n<\/div>\n<p><label class=\"inputDefault\"> Comentari<br \/>\n<span class=\"wpcf7-form-control-wrap\" data-name=\"comentari\"><textarea cols=\"40\" rows=\"10\" maxlength=\"2000\" class=\"wpcf7-form-control wpcf7-textarea inputDefault\" aria-invalid=\"false\" name=\"comentari\"><\/textarea><\/span> <\/label>\n<\/p>\n<p>Frigor\u00edfics Ferrer, S.A.U. tractar\u00e0 les seves dades personals per atendre el seu missatge. Per obtenir m\u00e9s informaci\u00f3 i sol\u00b7licitar els seus drets d\u2019acc\u00e9s, rectificaci\u00f3, supressi\u00f3, limitaci\u00f3, oposici\u00f3 o portabilitat de les seves dades, consulti la <a class=\"aceptacio\" href=\"\/ca\/politica-de-privacitat\" target=\"_blank\"><b>pol\u00edtica de privacitat.<\/b><\/a>\n<\/p>\n<p><span class=\"wpcf7-form-control-wrap\" data-name=\"acceptance-200\"><span class=\"wpcf7-form-control wpcf7-acceptance\"><span class=\"wpcf7-list-item\"><label><input type=\"checkbox\" name=\"acceptance-200\" value=\"1\" aria-invalid=\"false\" \/><span class=\"wpcf7-list-item-label\">A l'enviar aquest formulari manifesta que ha llegit i accepta la <a class=\"aceptacio\" href=\"\/ca\/politica-de-privacitat\" target=\"_blank\"><b>pol\u00edtica de protecci\u00f3 de dades.<\/b><\/a><\/span><\/label><\/span><\/span><\/span>\n<\/p>\n<p><input class=\"wpcf7-form-control wpcf7-submit has-spinner botonsDefault\" type=\"submit\" value=\"Enviar\" \/>\n<\/p><p style=\"display: none !important;\" class=\"akismet-fields-container\" data-prefix=\"_wpcf7_ak_\"><label>&#916;<textarea name=\"_wpcf7_ak_hp_textarea\" cols=\"45\" rows=\"8\" maxlength=\"100\"><\/textarea><\/label><input type=\"hidden\" id=\"ak_js_2\" name=\"_wpcf7_ak_js\" value=\"98\"\/><script>document.getElementById( \"ak_js_2\" ).setAttribute( \"value\", ( new Date() ).getTime() );<\/script><\/p><div class=\"wpcf7-response-output\" aria-hidden=\"true\"><\/div>\n<\/form>\n<\/div>\n<\/h2>\t\t\t\t<\/div>\n\t\t\t\t<\/div>\n\t\t\t\t<div class=\"elementor-element elementor-element-340dc51 elementor-widget__width-inherit elementor-widget elementor-widget-heading\" data-id=\"340dc51\" data-element_type=\"widget\" data-e-type=\"widget\" id=\"formContact2\" data-widget_type=\"heading.default\">\n\t\t\t\t<div class=\"elementor-widget-container\">\n\t\t\t\t\t<h2 class=\"elementor-heading-title elementor-size-default\">\n<div class=\"wpcf7 no-js\" id=\"wpcf7-f855-o3\" lang=\"ca\" dir=\"ltr\" data-wpcf7-id=\"855\">\n<div class=\"screen-reader-response\"><p role=\"status\" aria-live=\"polite\" aria-atomic=\"true\"><\/p> <ul><\/ul><\/div>\n<form action=\"\/ca\/wp-json\/wp\/v2\/pages\/27#wpcf7-f855-o3\" method=\"post\" class=\"wpcf7-form init\" aria-label=\"Formulari de contacte\" novalidate=\"novalidate\" data-status=\"init\">\n<fieldset class=\"hidden-fields-container\"><input type=\"hidden\" name=\"_wpcf7\" value=\"855\" \/><input type=\"hidden\" name=\"_wpcf7_version\" value=\"6.1.5\" \/><input type=\"hidden\" name=\"_wpcf7_locale\" value=\"ca\" \/><input type=\"hidden\" name=\"_wpcf7_unit_tag\" value=\"wpcf7-f855-o3\" \/><input type=\"hidden\" name=\"_wpcf7_container_post\" value=\"0\" \/><input type=\"hidden\" name=\"_wpcf7_posted_data_hash\" value=\"\" \/><input type=\"hidden\" name=\"_wpcf7_recaptcha_response\" value=\"\" \/>\n<\/fieldset>\n<div id=\"form5\">\n\t<p><label class=\"inputDefault\"> Nom i cognoms*<br \/>\n<span class=\"wpcf7-form-control-wrap\" data-name=\"nom\"><input size=\"40\" maxlength=\"400\" class=\"wpcf7-form-control wpcf7-text wpcf7-validates-as-required inputDefault\" autocomplete=\"name\" aria-required=\"true\" aria-invalid=\"false\" value=\"\" type=\"text\" name=\"nom\" \/><\/span> <\/label>\n\t<\/p>\n\t<p><label class=\"inputDefault\"> Email*<br \/>\n<span class=\"wpcf7-form-control-wrap\" data-name=\"email\"><input size=\"40\" maxlength=\"400\" class=\"wpcf7-form-control wpcf7-email wpcf7-validates-as-required wpcf7-text wpcf7-validates-as-email inputDefault\" autocomplete=\"email\" aria-required=\"true\" aria-invalid=\"false\" value=\"\" type=\"email\" name=\"email\" \/><\/span> <\/label>\n\t<\/p>\n\t<p><label class=\"inputDefault\"> Tel\u00e8fon*<br \/>\n<span class=\"wpcf7-form-control-wrap\" data-name=\"telefon\"><input size=\"40\" maxlength=\"400\" class=\"wpcf7-form-control wpcf7-tel wpcf7-validates-as-required wpcf7-text wpcf7-validates-as-tel inputDefault\" aria-required=\"true\" aria-invalid=\"false\" value=\"\" type=\"tel\" name=\"telefon\" \/><\/span> <\/label>\n\t<\/p>\n\t<p><label class=\"inputDefault\"> Localitat*<br \/>\n<span class=\"wpcf7-form-control-wrap\" data-name=\"localitat\"><input size=\"40\" maxlength=\"400\" class=\"wpcf7-form-control wpcf7-text wpcf7-validates-as-required inputDefault\" aria-required=\"true\" aria-invalid=\"false\" value=\"\" type=\"text\" name=\"localitat\" \/><\/span> <\/label>\n\t<\/p>\n\t<p><label class=\"inputDefault\"> Establiment<br \/>\n<span class=\"wpcf7-form-control-wrap\" data-name=\"establiment\"><input size=\"40\" maxlength=\"400\" class=\"wpcf7-form-control wpcf7-text inputDefault\" aria-invalid=\"false\" value=\"\" type=\"text\" name=\"establiment\" \/><\/span> <\/label>\n\t<\/p>\n<\/div>\n<p><label class=\"inputDefault\"> Comentari<br \/>\n<span class=\"wpcf7-form-control-wrap\" data-name=\"comentari\"><textarea cols=\"40\" rows=\"10\" maxlength=\"2000\" class=\"wpcf7-form-control wpcf7-textarea inputDefault\" aria-invalid=\"false\" name=\"comentari\"><\/textarea><\/span> <\/label>\n<\/p>\n<p>Frigor\u00edfics Ferrer, S.A.U. tractar\u00e0 les seves dades personals per atendre el seu missatge. Per obtenir m\u00e9s informaci\u00f3 i sol\u00b7licitar els seus drets d\u2019acc\u00e9s, rectificaci\u00f3, supressi\u00f3, limitaci\u00f3, oposici\u00f3 o portabilitat de les seves dades, consulti la <a class=\"aceptacio\" href=\"\/ca\/politica-de-privacitat\" target=\"_blank\"><b>pol\u00edtica de privacitat.<\/b><\/a>\n<\/p>\n<p><span class=\"wpcf7-form-control-wrap\" data-name=\"acceptance-200\"><span class=\"wpcf7-form-control wpcf7-acceptance\"><span class=\"wpcf7-list-item\"><label><input type=\"checkbox\" name=\"acceptance-200\" value=\"1\" aria-invalid=\"false\" \/><span class=\"wpcf7-list-item-label\">A l'enviar aquest formulari manifesta que ha llegit i accepta la <a class=\"aceptacio\" href=\"\/ca\/politica-de-privacitat\" target=\"_blank\"><b>pol\u00edtica de protecci\u00f3 de dades.<\/b><\/a><\/span><\/label><\/span><\/span><\/span>\n<\/p>\n<p><input class=\"wpcf7-form-control wpcf7-submit has-spinner botonsDefault\" type=\"submit\" value=\"Enviar\" \/>\n<\/p><p style=\"display: none !important;\" class=\"akismet-fields-container\" data-prefix=\"_wpcf7_ak_\"><label>&#916;<textarea name=\"_wpcf7_ak_hp_textarea\" cols=\"45\" rows=\"8\" maxlength=\"100\"><\/textarea><\/label><input type=\"hidden\" id=\"ak_js_3\" name=\"_wpcf7_ak_js\" value=\"76\"\/><script>document.getElementById( \"ak_js_3\" ).setAttribute( \"value\", ( new Date() ).getTime() );<\/script><\/p><div class=\"wpcf7-response-output\" aria-hidden=\"true\"><\/div>\n<\/form>\n<\/div>\n<\/h2>\t\t\t\t<\/div>\n\t\t\t\t<\/div>\n\t\t\t\t<div class=\"elementor-element elementor-element-98abf90 elementor-widget__width-inherit elementor-widget elementor-widget-heading\" data-id=\"98abf90\" data-element_type=\"widget\" data-e-type=\"widget\" id=\"formContact3\" data-widget_type=\"heading.default\">\n\t\t\t\t<div class=\"elementor-widget-container\">\n\t\t\t\t\t<h2 class=\"elementor-heading-title elementor-size-default\">\n<div class=\"wpcf7 no-js\" id=\"wpcf7-f856-o4\" lang=\"ca\" dir=\"ltr\" data-wpcf7-id=\"856\">\n<div class=\"screen-reader-response\"><p role=\"status\" aria-live=\"polite\" aria-atomic=\"true\"><\/p> <ul><\/ul><\/div>\n<form action=\"\/ca\/wp-json\/wp\/v2\/pages\/27#wpcf7-f856-o4\" method=\"post\" class=\"wpcf7-form init\" aria-label=\"Formulari de contacte\" novalidate=\"novalidate\" data-status=\"init\">\n<fieldset class=\"hidden-fields-container\"><input type=\"hidden\" name=\"_wpcf7\" value=\"856\" \/><input type=\"hidden\" name=\"_wpcf7_version\" value=\"6.1.5\" \/><input type=\"hidden\" name=\"_wpcf7_locale\" value=\"ca\" \/><input type=\"hidden\" name=\"_wpcf7_unit_tag\" value=\"wpcf7-f856-o4\" \/><input type=\"hidden\" name=\"_wpcf7_container_post\" value=\"0\" \/><input type=\"hidden\" name=\"_wpcf7_posted_data_hash\" value=\"\" \/><input type=\"hidden\" name=\"_wpcf7_recaptcha_response\" value=\"\" \/>\n<\/fieldset>\n<div id=\"form6\">\n\t<p><label class=\"inputDefault\"> Nom i cognoms*<br \/>\n<span class=\"wpcf7-form-control-wrap\" data-name=\"nom\"><input size=\"40\" maxlength=\"400\" class=\"wpcf7-form-control wpcf7-text wpcf7-validates-as-required inputDefault\" autocomplete=\"name\" aria-required=\"true\" aria-invalid=\"false\" value=\"\" type=\"text\" name=\"nom\" \/><\/span> <\/label>\n\t<\/p>\n\t<p><label class=\"inputDefault\"> Email*<br \/>\n<span class=\"wpcf7-form-control-wrap\" data-name=\"email\"><input size=\"40\" maxlength=\"400\" class=\"wpcf7-form-control wpcf7-email wpcf7-validates-as-required wpcf7-text wpcf7-validates-as-email inputDefault\" autocomplete=\"email\" aria-required=\"true\" aria-invalid=\"false\" value=\"\" type=\"email\" name=\"email\" \/><\/span> <\/label>\n\t<\/p>\n\t<p><label class=\"inputDefault\"> Tel\u00e8fon*<br \/>\n<span class=\"wpcf7-form-control-wrap\" data-name=\"telefon\"><input size=\"40\" maxlength=\"400\" class=\"wpcf7-form-control wpcf7-tel wpcf7-validates-as-required wpcf7-text wpcf7-validates-as-tel inputDefault\" aria-required=\"true\" aria-invalid=\"false\" value=\"\" type=\"tel\" name=\"telefon\" \/><\/span> <\/label>\n\t<\/p>\n\t<p><label class=\"inputDefault\"> Localitat*<br \/>\n<span class=\"wpcf7-form-control-wrap\" data-name=\"localitat\"><input size=\"40\" maxlength=\"400\" class=\"wpcf7-form-control wpcf7-text wpcf7-validates-as-required inputDefault\" aria-required=\"true\" aria-invalid=\"false\" value=\"\" type=\"text\" name=\"localitat\" \/><\/span> <\/label>\n\t<\/p>\n\t<p><label class=\"inputDefault\"> Establiment<br \/>\n<span class=\"wpcf7-form-control-wrap\" data-name=\"establiment\"><input size=\"40\" maxlength=\"400\" class=\"wpcf7-form-control wpcf7-text inputDefault\" aria-invalid=\"false\" value=\"\" type=\"text\" name=\"establiment\" \/><\/span> <\/label>\n\t<\/p>\n<\/div>\n<p><label class=\"inputDefault\"> Comentari<br \/>\n<span class=\"wpcf7-form-control-wrap\" data-name=\"comentari\"><textarea cols=\"40\" rows=\"10\" maxlength=\"2000\" class=\"wpcf7-form-control wpcf7-textarea inputDefault\" aria-invalid=\"false\" name=\"comentari\"><\/textarea><\/span> <\/label>\n<\/p>\n<p>Frigor\u00edfics Ferrer, S.A.U. tractar\u00e0 les seves dades personals per atendre el seu missatge. Per obtenir m\u00e9s informaci\u00f3 i sol\u00b7licitar els seus drets d\u2019acc\u00e9s, rectificaci\u00f3, supressi\u00f3, limitaci\u00f3, oposici\u00f3 o portabilitat de les seves dades, consulti la <a class=\"aceptacio\" href=\"\/ca\/politica-de-privacitat\" target=\"_blank\"><b>pol\u00edtica de privacitat.<\/b><\/a>\n<\/p>\n<p><span class=\"wpcf7-form-control-wrap\" data-name=\"acceptance-200\"><span class=\"wpcf7-form-control wpcf7-acceptance\"><span class=\"wpcf7-list-item\"><label><input type=\"checkbox\" name=\"acceptance-200\" value=\"1\" aria-invalid=\"false\" \/><span class=\"wpcf7-list-item-label\">A l'enviar aquest formulari manifesta que ha llegit i accepta la <a class=\"aceptacio\" href=\"\/ca\/politica-de-privacitat\" target=\"_blank\"><b>pol\u00edtica de protecci\u00f3 de dades.<\/b><\/a><\/span><\/label><\/span><\/span><\/span>\n<\/p>\n<p><input class=\"wpcf7-form-control wpcf7-submit has-spinner botonsDefault\" type=\"submit\" value=\"Enviar\" \/>\n<\/p><p style=\"display: none !important;\" class=\"akismet-fields-container\" data-prefix=\"_wpcf7_ak_\"><label>&#916;<textarea name=\"_wpcf7_ak_hp_textarea\" cols=\"45\" rows=\"8\" maxlength=\"100\"><\/textarea><\/label><input type=\"hidden\" id=\"ak_js_4\" name=\"_wpcf7_ak_js\" value=\"48\"\/><script>document.getElementById( \"ak_js_4\" ).setAttribute( \"value\", ( new Date() ).getTime() );<\/script><\/p><div class=\"wpcf7-response-output\" aria-hidden=\"true\"><\/div>\n<\/form>\n<\/div>\n<\/h2>\t\t\t\t<\/div>\n\t\t\t\t<\/div>\n\t\t\t\t<div class=\"elementor-element elementor-element-1f5e0bb elementor-widget__width-inherit elementor-widget elementor-widget-heading\" data-id=\"1f5e0bb\" data-element_type=\"widget\" data-e-type=\"widget\" id=\"formContact4\" data-widget_type=\"heading.default\">\n\t\t\t\t<div class=\"elementor-widget-container\">\n\t\t\t\t\t<h2 class=\"elementor-heading-title elementor-size-default\">\n<div class=\"wpcf7 no-js\" id=\"wpcf7-f303-o5\" lang=\"ca\" dir=\"ltr\" data-wpcf7-id=\"303\">\n<div class=\"screen-reader-response\"><p role=\"status\" aria-live=\"polite\" aria-atomic=\"true\"><\/p> <ul><\/ul><\/div>\n<form action=\"\/ca\/wp-json\/wp\/v2\/pages\/27#wpcf7-f303-o5\" method=\"post\" class=\"wpcf7-form init\" aria-label=\"Formulari de contacte\" novalidate=\"novalidate\" data-status=\"init\">\n<fieldset class=\"hidden-fields-container\"><input type=\"hidden\" name=\"_wpcf7\" value=\"303\" \/><input type=\"hidden\" name=\"_wpcf7_version\" value=\"6.1.5\" \/><input type=\"hidden\" name=\"_wpcf7_locale\" value=\"ca\" \/><input type=\"hidden\" name=\"_wpcf7_unit_tag\" value=\"wpcf7-f303-o5\" \/><input type=\"hidden\" name=\"_wpcf7_container_post\" value=\"0\" \/><input type=\"hidden\" name=\"_wpcf7_posted_data_hash\" value=\"\" \/><input type=\"hidden\" name=\"_wpcf7_recaptcha_response\" value=\"\" \/>\n<\/fieldset>\n<div id=\"form2\">\n\t<p><label class=\"inputDefault\"> Nom i cognoms*<br \/>\n<span class=\"wpcf7-form-control-wrap\" data-name=\"nom\"><input size=\"40\" maxlength=\"400\" class=\"wpcf7-form-control wpcf7-text wpcf7-validates-as-required inputDefault\" autocomplete=\"name\" aria-required=\"true\" aria-invalid=\"false\" value=\"\" type=\"text\" name=\"nom\" \/><\/span> <\/label>\n\t<\/p>\n\t<p><label class=\"inputDefault\"> Email*<br \/>\n<span class=\"wpcf7-form-control-wrap\" data-name=\"email\"><input size=\"40\" maxlength=\"400\" class=\"wpcf7-form-control wpcf7-email wpcf7-validates-as-required wpcf7-text wpcf7-validates-as-email inputDefault\" autocomplete=\"email\" aria-required=\"true\" aria-invalid=\"false\" value=\"\" type=\"email\" name=\"email\" \/><\/span> <\/label>\n\t<\/p>\n\t<p><label class=\"inputDefault\"> Tel\u00e8fon*<br \/>\n<span class=\"wpcf7-form-control-wrap\" data-name=\"telefon\"><input size=\"40\" maxlength=\"400\" class=\"wpcf7-form-control wpcf7-tel wpcf7-validates-as-required wpcf7-text wpcf7-validates-as-tel inputDefault\" aria-required=\"true\" aria-invalid=\"false\" value=\"\" type=\"tel\" name=\"telefon\" \/><\/span> <\/label>\n\t<\/p>\n\t<p><label class=\"inputDefault\" style=\"position:relative;top:20px;\"> Tipus de reclamaci\u00f3* <\/label><img decoding=\"async\" src=\"\/wp-content\/themes\/fferrer\/img\/vectorOferta.svg\" alt=\"\" width=\"15px\" style=\"position:relative;top:18px;\" \/><br \/>\n<span class=\"wpcf7-form-control-wrap\" data-name=\"tipusReclamacio\"><select class=\"wpcf7-form-control wpcf7-select inputDefault\" id=\"selectReclamacio\" aria-invalid=\"false\" name=\"tipusReclamacio\"><option value=\"\">&#8212;Trieu una opci\u00f3&#8212;<\/option><option value=\"Producte\">Producte<\/option><option value=\"Env\u00e0s\/Etiquetatge\">Env\u00e0s\/Etiquetatge<\/option><option value=\"Servei\/Enviament\">Servei\/Enviament<\/option><option value=\"Atenci\u00f3 comercial\">Atenci\u00f3 comercial<\/option><option value=\"Atenci\u00f3 telef\u00f2nica\">Atenci\u00f3 telef\u00f2nica<\/option><option value=\"Administraci\u00f3\/Facturaci\u00f3\">Administraci\u00f3\/Facturaci\u00f3<\/option><option value=\"Altres\">Altres<\/option><\/select><\/span>\n\t<\/p>\n\t<p><label class=\"inputDefault\"> Localitat*<br \/>\n<span class=\"wpcf7-form-control-wrap\" data-name=\"localitat\"><input size=\"40\" maxlength=\"400\" class=\"wpcf7-form-control wpcf7-text wpcf7-validates-as-required inputDefault\" aria-required=\"true\" aria-invalid=\"false\" value=\"\" type=\"text\" name=\"localitat\" \/><\/span> <\/label>\n\t<\/p>\n\t<p><label class=\"inputDefault\"> Establiment<br \/>\n<span class=\"wpcf7-form-control-wrap\" data-name=\"establiment\"><input size=\"40\" maxlength=\"400\" class=\"wpcf7-form-control wpcf7-text inputDefault\" aria-invalid=\"false\" value=\"\" type=\"text\" name=\"establiment\" \/><\/span> <\/label>\n\t<\/p>\n<\/div>\n<p><label class=\"inputDefault\"> Comentari<br \/>\n<span class=\"wpcf7-form-control-wrap\" data-name=\"comentari\"><textarea cols=\"40\" rows=\"10\" maxlength=\"2000\" class=\"wpcf7-form-control wpcf7-textarea inputDefault\" aria-invalid=\"false\" name=\"comentari\"><\/textarea><\/span> <\/label>\n<\/p>\n<p>Frigor\u00edfics Ferrer, S.A.U. tractar\u00e0 les seves dades personals per atendre el seu missatge. Per obtenir m\u00e9s informaci\u00f3 i sol\u00b7licitar els seus drets d\u2019acc\u00e9s, rectificaci\u00f3, supressi\u00f3, limitaci\u00f3, oposici\u00f3 o portabilitat de les seves dades, consulti la <a class=\"aceptacio\" href=\"\/ca\/politica-de-privacitat\" target=\"_blank\"><b>pol\u00edtica de privacitat.<\/b><\/a>\n<\/p>\n<p><span class=\"wpcf7-form-control-wrap\" data-name=\"acceptance-200\"><span class=\"wpcf7-form-control wpcf7-acceptance\"><span class=\"wpcf7-list-item\"><label><input type=\"checkbox\" name=\"acceptance-200\" value=\"1\" aria-invalid=\"false\" \/><span class=\"wpcf7-list-item-label\">A l'enviar aquest formulari manifesta que ha llegit i accepta la <a class=\"aceptacio\" href=\"\/ca\/politica-de-privacitat\" target=\"_blank\"><b>pol\u00edtica de protecci\u00f3 de dades.<\/b><\/a><\/span><\/label><\/span><\/span><\/span>\n<\/p>\n<p><input class=\"wpcf7-form-control wpcf7-submit has-spinner botonsDefault\" type=\"submit\" value=\"Enviar\" \/>\n<\/p><p style=\"display: none !important;\" class=\"akismet-fields-container\" data-prefix=\"_wpcf7_ak_\"><label>&#916;<textarea name=\"_wpcf7_ak_hp_textarea\" cols=\"45\" rows=\"8\" maxlength=\"100\"><\/textarea><\/label><input type=\"hidden\" id=\"ak_js_5\" name=\"_wpcf7_ak_js\" value=\"136\"\/><script>document.getElementById( \"ak_js_5\" ).setAttribute( \"value\", ( new Date() ).getTime() );<\/script><\/p><div class=\"wpcf7-response-output\" aria-hidden=\"true\"><\/div>\n<\/form>\n<\/div>\n<\/h2>\t\t\t\t<\/div>\n\t\t\t\t<\/div>\n\t\t\t\t<\/div>\n\t\t\t\t<\/div>\n\t\t\t\t<\/div>\n\t\t<div class=\"elementor-element elementor-element-b0a0d5b elementor-hidden-tablet elementor-hidden-mobile e-flex e-con-boxed e-con e-parent\" data-id=\"b0a0d5b\" data-element_type=\"container\" data-e-type=\"container\" id=\"les-nostres-delegacions\">\n\t\t\t\t\t<div class=\"e-con-inner\">\n\t\t<div class=\"elementor-element elementor-element-30a1fbb e-con-full e-flex e-con e-child\" data-id=\"30a1fbb\" data-element_type=\"container\" data-e-type=\"container\">\n\t\t\t\t<div class=\"elementor-element elementor-element-2150214 elementor-widget__width-auto classeTitolh2 elementor-widget elementor-widget-heading\" data-id=\"2150214\" data-element_type=\"widget\" data-e-type=\"widget\" data-widget_type=\"heading.default\">\n\t\t\t\t<div class=\"elementor-widget-container\">\n\t\t\t\t\t<h2 class=\"elementor-heading-title elementor-size-default\">LES NOSTRES DELEGACIONS<\/h2>\t\t\t\t<\/div>\n\t\t\t\t<\/div>\n\t\t\t\t<\/div>\n\t\t\t\t\t<\/div>\n\t\t\t\t<\/div>\n\t\t<div class=\"elementor-element elementor-element-6068d8d e-con-full elementor-hidden-tablet elementor-hidden-mobile e-flex e-con e-parent\" data-id=\"6068d8d\" data-element_type=\"container\" data-e-type=\"container\">\n\t\t\t\t<div class=\"elementor-element elementor-element-9792577 elementor-widget__width-initial elementor-widget elementor-widget-image\" data-id=\"9792577\" data-element_type=\"widget\" data-e-type=\"widget\" data-widget_type=\"image.default\">\n\t\t\t\t<div class=\"elementor-widget-container\">\n\t\t\t\t\t\t\t\t\t\t\t\t\t\t\t<img decoding=\"async\" src=\"https:\/\/fferrer.com\/wp-content\/uploads\/2024\/07\/mapa_web-scaled.jpg\" title=\"mapa_web\" alt=\"mapa_web\" loading=\"lazy\" \/>\t\t\t\t\t\t\t\t\t\t\t\t\t\t\t<\/div>\n\t\t\t\t<\/div>\n\t\t\t\t<\/div>\n\t\t<div class=\"elementor-element elementor-element-5e8ba38 e-con-full elementor-hidden-desktop e-flex e-con e-parent\" data-id=\"5e8ba38\" data-element_type=\"container\" data-e-type=\"container\">\n\t\t\t\t<div class=\"elementor-element elementor-element-4f011e7 elementor-widget__width-initial elementor-widget elementor-widget-image\" data-id=\"4f011e7\" data-element_type=\"widget\" data-e-type=\"widget\" data-widget_type=\"image.default\">\n\t\t\t\t<div class=\"elementor-widget-container\">\n\t\t\t\t\t\t\t\t\t\t\t\t\t\t\t<img decoding=\"async\" src=\"https:\/\/fferrer.com\/wp-content\/uploads\/2023\/11\/Group-3-e1703055447403.png\" title=\"Group 3\" alt=\"Group 3\" loading=\"lazy\" \/>\t\t\t\t\t\t\t\t\t\t\t\t\t\t\t<\/div>\n\t\t\t\t<\/div>\n\t\t\t\t<\/div>\n\t\t<div class=\"elementor-element elementor-element-f1817e7 e-flex e-con-boxed e-con e-parent\" data-id=\"f1817e7\" data-element_type=\"container\" data-e-type=\"container\">\n\t\t\t\t\t<div class=\"e-con-inner\">\n\t\t<div class=\"elementor-element elementor-element-cda77b1 e-con-full e-flex e-con e-child\" data-id=\"cda77b1\" data-element_type=\"container\" data-e-type=\"container\">\n\t\t<div class=\"elementor-element elementor-element-645342a e-con-full e-flex e-con e-child\" data-id=\"645342a\" data-element_type=\"container\" data-e-type=\"container\" data-settings=\"{&quot;background_background&quot;:&quot;classic&quot;}\">\n\t\t\t\t<div class=\"elementor-element elementor-element-f07da8b classeTitolh1 elementor-widget elementor-widget-heading\" data-id=\"f07da8b\" data-element_type=\"widget\" data-e-type=\"widget\" data-widget_type=\"heading.default\">\n\t\t\t\t<div class=\"elementor-widget-container\">\n\t\t\t\t\t<h2 class=\"elementor-heading-title elementor-size-default\">Vic<\/h2>\t\t\t\t<\/div>\n\t\t\t\t<\/div>\n\t\t\t\t<div class=\"elementor-element elementor-element-83a3422 classeTitolCos elementor-widget elementor-widget-heading\" data-id=\"83a3422\" data-element_type=\"widget\" data-e-type=\"widget\" data-widget_type=\"heading.default\">\n\t\t\t\t<div class=\"elementor-widget-container\">\n\t\t\t\t\t<h2 class=\"elementor-heading-title elementor-size-default\">Central de Ferrer on t\u00e9 origen l\u2019empresa i on hi tenim les m\u00e9s grans instal\u00b7lacions tant per a despatxos (administraci\u00f3, facturaci\u00f3, recursos humans, comercial, log\u00edstica, etc.) com per a espai de cambres frigor\u00edfiques, i on s\u2019hi troba la sala d\u2019elaboraci\u00f3 del congelat i la botiga de Ferrer.<\/h2>\t\t\t\t<\/div>\n\t\t\t\t<\/div>\n\t\t\t\t<div class=\"elementor-element elementor-element-026f93a elementor-widget elementor-widget-image\" data-id=\"026f93a\" data-element_type=\"widget\" data-e-type=\"widget\" data-widget_type=\"image.default\">\n\t\t\t\t<div class=\"elementor-widget-container\">\n\t\t\t\t\t\t\t\t\t\t\t\t\t\t\t<img decoding=\"async\" src=\"https:\/\/fferrer.com\/wp-content\/uploads\/elementor\/thumbs\/logo_frigo-qhv73pomlsm7fhcgv2hjuuuy90oedwanipimp887n0.png\" title=\"logo_frigo\" alt=\"logo_frigo\" loading=\"lazy\" \/>\t\t\t\t\t\t\t\t\t\t\t\t\t\t\t<\/div>\n\t\t\t\t<\/div>\n\t\t\t\t<div class=\"elementor-element elementor-element-772f880 classeTitolCos elementor-widget elementor-widget-heading\" data-id=\"772f880\" data-element_type=\"widget\" data-e-type=\"widget\" data-widget_type=\"heading.default\">\n\t\t\t\t<div class=\"elementor-widget-container\">\n\t\t\t\t\t<h2 class=\"elementor-heading-title elementor-size-default\">\n<a target=\"_blank\" href=\"https:\/\/maps.app.goo.gl\/Kn38HJLQMRGJBkYe8\">\nMas de Bigas, 2 <br>\n08500 Vic<br><\/a>\n\n<a href=\"tel:+34 93 886 25 00\">T +34 93 886 25 00<\/a><\/h2>\t\t\t\t<\/div>\n\t\t\t\t<\/div>\n\t\t\t\t<\/div>\n\t\t<div class=\"elementor-element elementor-element-7accb14 e-con-full e-flex e-con e-child\" data-id=\"7accb14\" data-element_type=\"container\" data-e-type=\"container\" data-settings=\"{&quot;background_background&quot;:&quot;classic&quot;}\">\n\t\t\t\t<div class=\"elementor-element elementor-element-4999201 classeTitolh1 elementor-widget elementor-widget-heading\" data-id=\"4999201\" data-element_type=\"widget\" data-e-type=\"widget\" data-widget_type=\"heading.default\">\n\t\t\t\t<div class=\"elementor-widget-container\">\n\t\t\t\t\t<h2 class=\"elementor-heading-title elementor-size-default\">Figueres<\/h2>\t\t\t\t<\/div>\n\t\t\t\t<\/div>\n\t\t\t\t<div class=\"elementor-element elementor-element-c6b925e classeTitolCos elementor-widget elementor-widget-heading\" data-id=\"c6b925e\" data-element_type=\"widget\" data-e-type=\"widget\" data-widget_type=\"heading.default\">\n\t\t\t\t<div class=\"elementor-widget-container\">\n\t\t\t\t\t<h2 class=\"elementor-heading-title elementor-size-default\">Delegaci\u00f3 que gestiona la venda de congelats i fresc a m\u00e9s de la comercialitzaci\u00f3 de Frigo a la zona de Girona i Costa Brava. Des d\u2019all\u00e0 tamb\u00e9 venem al Sud de Fran\u00e7a.<br><br><br><\/h2>\t\t\t\t<\/div>\n\t\t\t\t<\/div>\n\t\t\t\t<div class=\"elementor-element elementor-element-c6caae7 elementor-widget elementor-widget-image\" data-id=\"c6caae7\" data-element_type=\"widget\" data-e-type=\"widget\" data-widget_type=\"image.default\">\n\t\t\t\t<div class=\"elementor-widget-container\">\n\t\t\t\t\t\t\t\t\t\t\t\t\t\t\t<img decoding=\"async\" src=\"https:\/\/fferrer.com\/wp-content\/uploads\/elementor\/thumbs\/logo_frigo-qhv73pomlsm7fhcgv2hjuuuy90oedwanipimp887n0.png\" title=\"logo_frigo\" alt=\"logo_frigo\" loading=\"lazy\" \/>\t\t\t\t\t\t\t\t\t\t\t\t\t\t\t<\/div>\n\t\t\t\t<\/div>\n\t\t\t\t<div class=\"elementor-element elementor-element-9e584e2 classeTitolCos elementor-widget elementor-widget-heading\" data-id=\"9e584e2\" data-element_type=\"widget\" data-e-type=\"widget\" data-widget_type=\"heading.default\">\n\t\t\t\t<div class=\"elementor-widget-container\">\n\t\t\t\t\t<h2 class=\"elementor-heading-title elementor-size-default\">\n\n<a target=\"_blank\" href=\"https:\/\/maps.app.goo.gl\/zkE87YXQhTiQQxzH7\">\nAvinguda Europa, 8<br>17469 Vilamalla<br><\/a>\n\n<a href=\"tel:+34 97 252 55 62\">T +34 97 252 55 62<\/a><\/h2>\t\t\t\t<\/div>\n\t\t\t\t<\/div>\n\t\t\t\t<\/div>\n\t\t\t\t<\/div>\n\t\t<div class=\"elementor-element elementor-element-3c60e2d e-con-full e-flex e-con e-child\" data-id=\"3c60e2d\" data-element_type=\"container\" data-e-type=\"container\">\n\t\t<div class=\"elementor-element elementor-element-4585676 e-con-full e-flex e-con e-child\" data-id=\"4585676\" data-element_type=\"container\" data-e-type=\"container\" data-settings=\"{&quot;background_background&quot;:&quot;classic&quot;}\">\n\t\t\t\t<div class=\"elementor-element elementor-element-8c9ddd7 classeTitolh1 elementor-widget elementor-widget-heading\" data-id=\"8c9ddd7\" data-element_type=\"widget\" data-e-type=\"widget\" data-widget_type=\"heading.default\">\n\t\t\t\t<div class=\"elementor-widget-container\">\n\t\t\t\t\t<h2 class=\"elementor-heading-title elementor-size-default\">Mercabarna<\/h2>\t\t\t\t<\/div>\n\t\t\t\t<\/div>\n\t\t\t\t<div class=\"elementor-element elementor-element-4680351 classeTitolCos elementor-widget elementor-widget-heading\" data-id=\"4680351\" data-element_type=\"widget\" data-e-type=\"widget\" data-widget_type=\"heading.default\">\n\t\t\t\t<div class=\"elementor-widget-container\">\n\t\t\t\t\t<h2 class=\"elementor-heading-title elementor-size-default\">Des del 2010, disposem d\u2019aquestes instal\u00b7lacions al bell mig del Mercat del Peix que ens permeten rapidesa, gesti\u00f3, compra, preparaci\u00f3 i distribuci\u00f3 del peix fresc i marisc que es compra a diari a les llotges. D\u2019aqu\u00ed se n\u2019abasteixen a diari la resta de delegacions.<br><\/h2>\t\t\t\t<\/div>\n\t\t\t\t<\/div>\n\t\t\t\t<div class=\"elementor-element elementor-element-dc14d42 classeTitolCos elementor-widget elementor-widget-heading\" data-id=\"dc14d42\" data-element_type=\"widget\" data-e-type=\"widget\" data-widget_type=\"heading.default\">\n\t\t\t\t<div class=\"elementor-widget-container\">\n\t\t\t\t\t<h2 class=\"elementor-heading-title elementor-size-default\">\n<a target=\"_blank\" href=\"https:\/\/maps.app.goo.gl\/s2Yk8mPxjituhzX76\">\nLongitudinal 6, 60<br>\n08040 Barcelona<br><\/a>\n\n<a href=\"tel:+34 93 475 19 30\">T +34 93 475 19 30<\/a><\/h2>\t\t\t\t<\/div>\n\t\t\t\t<\/div>\n\t\t\t\t<\/div>\n\t\t<div class=\"elementor-element elementor-element-3935bec e-con-full e-flex e-con e-child\" data-id=\"3935bec\" data-element_type=\"container\" data-e-type=\"container\" data-settings=\"{&quot;background_background&quot;:&quot;classic&quot;}\">\n\t\t\t\t<div class=\"elementor-element elementor-element-e775228 classeTitolh1 elementor-widget elementor-widget-heading\" data-id=\"e775228\" data-element_type=\"widget\" data-e-type=\"widget\" data-widget_type=\"heading.default\">\n\t\t\t\t<div class=\"elementor-widget-container\">\n\t\t\t\t\t<h2 class=\"elementor-heading-title elementor-size-default\">Val\u00e8ncia<\/h2>\t\t\t\t<\/div>\n\t\t\t\t<\/div>\n\t\t\t\t<div class=\"elementor-element elementor-element-ea67aa6 classeTitolCos elementor-widget elementor-widget-heading\" data-id=\"ea67aa6\" data-element_type=\"widget\" data-e-type=\"widget\" data-widget_type=\"heading.default\">\n\t\t\t\t<div class=\"elementor-widget-container\">\n\t\t\t\t\t<h2 class=\"elementor-heading-title elementor-size-default\">Primera delegaci\u00f3 de l\u2019empresa a fora de Catalunya. Situada a Paterna, esdev\u00e9 un punt privilegiat per al servei tant de Val\u00e8ncia ciutat com de tota la Costa Blanca.<\/h2>\t\t\t\t<\/div>\n\t\t\t\t<\/div>\n\t\t\t\t<div class=\"elementor-element elementor-element-b0390d7 classeTitolCos elementor-widget elementor-widget-heading\" data-id=\"b0390d7\" data-element_type=\"widget\" data-e-type=\"widget\" data-widget_type=\"heading.default\">\n\t\t\t\t<div class=\"elementor-widget-container\">\n\t\t\t\t\t<h2 class=\"elementor-heading-title elementor-size-default\">\n\n<br>\n<a target=\"_blank\" href=\"https:\/\/maps.app.goo.gl\/EpWJNbeHW2V5k7df8\">\nCiudad de Lliria, 120<br>\nPol\u00edgono Industrial Fuente del Jarro<br>\n46988 Paterna (Valencia)<br><\/a>\n\n<a href=\"tel:+34 96 134 54 30\">T +34 96 134 54 30<\/a><\/h2>\t\t\t\t<\/div>\n\t\t\t\t<\/div>\n\t\t\t\t<\/div>\n\t\t\t\t<\/div>\n\t\t<div class=\"elementor-element elementor-element-9dea764 e-con-full e-flex e-con e-child\" data-id=\"9dea764\" data-element_type=\"container\" data-e-type=\"container\">\n\t\t<div class=\"elementor-element elementor-element-a2bff5f e-con-full e-flex e-con e-child\" data-id=\"a2bff5f\" data-element_type=\"container\" data-e-type=\"container\" data-settings=\"{&quot;background_background&quot;:&quot;classic&quot;}\">\n\t\t\t\t<div class=\"elementor-element elementor-element-d6e40b8 classeTitolh1 elementor-widget elementor-widget-heading\" data-id=\"d6e40b8\" data-element_type=\"widget\" data-e-type=\"widget\" data-widget_type=\"heading.default\">\n\t\t\t\t<div class=\"elementor-widget-container\">\n\t\t\t\t\t<h2 class=\"elementor-heading-title elementor-size-default\">Mercamadrid<\/h2>\t\t\t\t<\/div>\n\t\t\t\t<\/div>\n\t\t\t\t<div class=\"elementor-element elementor-element-13f518c classeTitolCos elementor-widget elementor-widget-heading\" data-id=\"13f518c\" data-element_type=\"widget\" data-e-type=\"widget\" data-widget_type=\"heading.default\">\n\t\t\t\t<div class=\"elementor-widget-container\">\n\t\t\t\t\t<h2 class=\"elementor-heading-title elementor-size-default\">Delegaci\u00f3 de Ferrer situada a Mercamadrid, permet disposar d\u2019una posici\u00f3 privilegiada al mercat del peix de la capital.<\/h2>\t\t\t\t<\/div>\n\t\t\t\t<\/div>\n\t\t\t\t<div class=\"elementor-element elementor-element-f33e72f elementor-widget elementor-widget-spacer\" data-id=\"f33e72f\" data-element_type=\"widget\" data-e-type=\"widget\" data-widget_type=\"spacer.default\">\n\t\t\t\t<div class=\"elementor-widget-container\">\n\t\t\t\t\t\t\t<div class=\"elementor-spacer\">\n\t\t\t<div class=\"elementor-spacer-inner\"><\/div>\n\t\t<\/div>\n\t\t\t\t\t\t<\/div>\n\t\t\t\t<\/div>\n\t\t\t\t<div class=\"elementor-element elementor-element-6c67343 elementor-widget__width-initial classeTitolCos elementor-widget elementor-widget-heading\" data-id=\"6c67343\" data-element_type=\"widget\" data-e-type=\"widget\" data-widget_type=\"heading.default\">\n\t\t\t\t<div class=\"elementor-widget-container\">\n\t\t\t\t\t<h2 class=\"elementor-heading-title elementor-size-default\">\n\n<a target=\"_blank\" href=\"https:\/\/maps.app.goo.gl\/jng3rVqMvwEv4DPe8\">\nPuesto 110 <br>\n28053 Madrid <br><\/a>\n\n\n<a href=\"tel:+34 91 786 00 28\">T +34 91 786 00 28<\/a><\/h2>\t\t\t\t<\/div>\n\t\t\t\t<\/div>\n\t\t\t\t<\/div>\n\t\t<div class=\"elementor-element elementor-element-0a3588a e-con-full e-flex e-con e-child\" data-id=\"0a3588a\" data-element_type=\"container\" data-e-type=\"container\" data-settings=\"{&quot;background_background&quot;:&quot;classic&quot;}\">\n\t\t\t\t<div class=\"elementor-element elementor-element-8355122 classeTitolh1 elementor-widget elementor-widget-heading\" data-id=\"8355122\" data-element_type=\"widget\" data-e-type=\"widget\" data-widget_type=\"heading.default\">\n\t\t\t\t<div class=\"elementor-widget-container\">\n\t\t\t\t\t<h2 class=\"elementor-heading-title elementor-size-default\">Lleida<\/h2>\t\t\t\t<\/div>\n\t\t\t\t<\/div>\n\t\t\t\t<div class=\"elementor-element elementor-element-1900ab2 classeTitolCos elementor-widget elementor-widget-heading\" data-id=\"1900ab2\" data-element_type=\"widget\" data-e-type=\"widget\" data-widget_type=\"heading.default\">\n\t\t\t\t<div class=\"elementor-widget-container\">\n\t\t\t\t\t<h2 class=\"elementor-heading-title elementor-size-default\">Delegaci\u00f3 de les terres de ponent que serveix i cobreix gran extensi\u00f3 de territori: des de Lleida ciutat fins a la Vall d\u2019Aran o la zona d\u2019Osca i Saragossa (Arag\u00f3).<\/h2>\t\t\t\t<\/div>\n\t\t\t\t<\/div>\n\t\t\t\t<div class=\"elementor-element elementor-element-e6e449a elementor-widget elementor-widget-image\" data-id=\"e6e449a\" data-element_type=\"widget\" data-e-type=\"widget\" data-widget_type=\"image.default\">\n\t\t\t\t<div class=\"elementor-widget-container\">\n\t\t\t\t\t\t\t\t\t\t\t\t\t\t\t<img decoding=\"async\" src=\"https:\/\/fferrer.com\/wp-content\/uploads\/elementor\/thumbs\/logo_frigo-qhv73pomlsm7fhcgv2hjuuuy90oedwanipimp887n0.png\" title=\"logo_frigo\" alt=\"logo_frigo\" loading=\"lazy\" \/>\t\t\t\t\t\t\t\t\t\t\t\t\t\t\t<\/div>\n\t\t\t\t<\/div>\n\t\t\t\t<div class=\"elementor-element elementor-element-ab41426 classeTitolCos elementor-widget elementor-widget-heading\" data-id=\"ab41426\" data-element_type=\"widget\" data-e-type=\"widget\" data-widget_type=\"heading.default\">\n\t\t\t\t<div class=\"elementor-widget-container\">\n\t\t\t\t\t<h2 class=\"elementor-heading-title elementor-size-default\">\n\n\n<a target=\"_blank\" href=\"https:\/\/maps.app.goo.gl\/bqpa6Ld2irAdwNzq8\">\nFrancesc Par, 54<br>\n25190 Lleida<br><\/a>\n\n<a href=\"tel:+34 97 323 70 35\">T  +34 97 323 70 35<\/a><\/h2>\t\t\t\t<\/div>\n\t\t\t\t<\/div>\n\t\t\t\t<\/div>\n\t\t\t\t<\/div>\n\t\t<div class=\"elementor-element elementor-element-75feeb4 e-con-full e-flex e-con e-child\" data-id=\"75feeb4\" data-element_type=\"container\" data-e-type=\"container\">\n\t\t<div class=\"elementor-element elementor-element-0d08a32 e-con-full e-flex e-con e-child\" data-id=\"0d08a32\" data-element_type=\"container\" data-e-type=\"container\" data-settings=\"{&quot;background_background&quot;:&quot;classic&quot;}\">\n\t\t\t\t<div class=\"elementor-element elementor-element-71a8b2a classeTitolh1 elementor-widget elementor-widget-heading\" data-id=\"71a8b2a\" data-element_type=\"widget\" data-e-type=\"widget\" data-widget_type=\"heading.default\">\n\t\t\t\t<div class=\"elementor-widget-container\">\n\t\t\t\t\t<h2 class=\"elementor-heading-title elementor-size-default\">Madrid<\/h2>\t\t\t\t<\/div>\n\t\t\t\t<\/div>\n\t\t\t\t<div class=\"elementor-element elementor-element-cccfdf6 classeTitolCos elementor-widget elementor-widget-heading\" data-id=\"cccfdf6\" data-element_type=\"widget\" data-e-type=\"widget\" data-widget_type=\"heading.default\">\n\t\t\t\t<div class=\"elementor-widget-container\">\n\t\t\t\t\t<h2 class=\"elementor-heading-title elementor-size-default\">Delegaci\u00f3 central del congelat a la capital de Madrid, amb unes \u00e0mplies c\u00e0meres tant per congelat, refrigerat o ambient ens permeten una ubicaci\u00f3 privilegiada per al servei comercial i log\u00edstic a tota la comunitat. Addicionalment, disposem de concessi\u00f3 per a la comercialitzaci\u00f3 de Frigo a la meitat sur de la zona<\/h2>\t\t\t\t<\/div>\n\t\t\t\t<\/div>\n\t\t\t\t<div class=\"elementor-element elementor-element-c549053 elementor-widget elementor-widget-image\" data-id=\"c549053\" data-element_type=\"widget\" data-e-type=\"widget\" data-widget_type=\"image.default\">\n\t\t\t\t<div class=\"elementor-widget-container\">\n\t\t\t\t\t\t\t\t\t\t\t\t\t\t\t<img decoding=\"async\" src=\"https:\/\/fferrer.com\/wp-content\/uploads\/elementor\/thumbs\/logo_frigo-qhv73pomlsm7fhcgv2hjuuuy90oedwanipimp887n0.png\" title=\"logo_frigo\" alt=\"logo_frigo\" loading=\"lazy\" \/>\t\t\t\t\t\t\t\t\t\t\t\t\t\t\t<\/div>\n\t\t\t\t<\/div>\n\t\t\t\t<div class=\"elementor-element elementor-element-b5bdb41 elementor-widget__width-initial classeTitolCos elementor-widget elementor-widget-heading\" data-id=\"b5bdb41\" data-element_type=\"widget\" data-e-type=\"widget\" data-widget_type=\"heading.default\">\n\t\t\t\t<div class=\"elementor-widget-container\">\n\t\t\t\t\t<h2 class=\"elementor-heading-title elementor-size-default\">\n\n\n<a target=\"_blank\" href=\"https:\/\/maps.app.goo.gl\/jupzSRRKcMvsLTPs9\">\nC. de Julio Palacios, 16 <br>\n28914 Legan\u00e9s (Madrid) <br><\/a>\n\n<a href=\"tel:+34 91 816 90 40\">T +34 91 816 90 40<\/a><\/h2>\t\t\t\t<\/div>\n\t\t\t\t<\/div>\n\t\t\t\t<\/div>\n\t\t\t\t<\/div>\n\t\t\t\t\t<\/div>\n\t\t\t\t<\/div>\n\t\t\t\t<\/div>\n\t\t","protected":false},"excerpt":{"rendered":"<p>&#8220;Tenir seus per tot el territori ens permet arribar a tothom&#8221; TREBALLA AMB NOSALTRES T&#8217;estem buscant! Troba aqu\u00ed les ofertes de feina disponibles actualment per centres de treball, o inscriu-te al formulari perqu\u00e8 et poguem con\u00e8ixer Ofertes vigents Vic Barcelona Tarragona Figueres Lleida Centelles Madrid Val\u00e8ncia No has trobat el que buscaves? Inscriu-te aqu\u00ed T&#8217;ESCOLTEM [&hellip;]<\/p>\n","protected":false},"author":2,"featured_media":0,"parent":0,"menu_order":0,"comment_status":"closed","ping_status":"closed","template":"","meta":{"_monsterinsights_skip_tracking":false,"_monsterinsights_sitenote_active":false,"_monsterinsights_sitenote_note":"","_monsterinsights_sitenote_category":0,"footnotes":""},"class_list":["post-27","page","type-page","status-publish","hentry"],"aioseo_notices":[],"_links":{"self":[{"href":"https:\/\/fferrer.com\/ca\/wp-json\/wp\/v2\/pages\/27","targetHints":{"allow":["GET"]}}],"collection":[{"href":"https:\/\/fferrer.com\/ca\/wp-json\/wp\/v2\/pages"}],"about":[{"href":"https:\/\/fferrer.com\/ca\/wp-json\/wp\/v2\/types\/page"}],"author":[{"embeddable":true,"href":"https:\/\/fferrer.com\/ca\/wp-json\/wp\/v2\/users\/2"}],"replies":[{"embeddable":true,"href":"https:\/\/fferrer.com\/ca\/wp-json\/wp\/v2\/comments?post=27"}],"version-history":[{"count":535,"href":"https:\/\/fferrer.com\/ca\/wp-json\/wp\/v2\/pages\/27\/revisions"}],"predecessor-version":[{"id":7232,"href":"https:\/\/fferrer.com\/ca\/wp-json\/wp\/v2\/pages\/27\/revisions\/7232"}],"wp:attachment":[{"href":"https:\/\/fferrer.com\/ca\/wp-json\/wp\/v2\/media?parent=27"}],"curies":[{"name":"wp","href":"https:\/\/api.w.org\/{rel}","templated":true}]}}